{"id":12318,"date":"2022-08-26T11:24:39","date_gmt":"2022-08-26T09:24:39","guid":{"rendered":"http:\/\/www.leonardogaltarossa.it\/cortecanella\/?page_id=12318"},"modified":"2025-11-13T14:16:36","modified_gmt":"2025-11-13T12:16:36","slug":"confezione-regalo-vino","status":"publish","type":"page","link":"https:\/\/www.cortecanella.it\/en\/confezione-regalo-vino\/","title":{"rendered":"Wine gift box"},"content":{"rendered":"\t\t<div data-elementor-type=\"wp-page\" data-elementor-id=\"12318\" class=\"elementor elementor-12318\">\n\t\t\t\t\t\t<section class=\"elementor-section elementor-top-section elementor-element elementor-element-de0e0fc elementor-section-height-full elementor-section-items-stretch elementor-hidden-desktop elementor-hidden-laptop elementor-hidden-tablet elementor-section-boxed elementor-section-height-default\" data-id=\"de0e0fc\" data-element_type=\"section\" data-e-type=\"section\">\n\t\t\t\t\t\t\t<div class=\"elementor-background-overlay\"><\/div>\n\t\t\t\t\t\t\t<div class=\"elementor-container elementor-column-gap-default\">\n\t\t\t\t\t<div class=\"elementor-column elementor-col-50 elementor-top-column elementor-element elementor-element-f9ff378\" data-id=\"f9ff378\" data-element_type=\"column\" data-e-type=\"column\">\n\t\t\t<div class=\"elementor-widget-wrap elementor-element-populated\">\n\t\t\t\t\t\t<div class=\"elementor-element elementor-element-2840c7d elementor-widget elementor-widget-heading\" data-id=\"2840c7d\" data-element_type=\"widget\" data-e-type=\"widget\" data-widget_type=\"heading.default\">\n\t\t\t\t<div class=\"elementor-widget-container\">\n\t\t\t\t\t<h1 class=\"elementor-heading-title elementor-size-default\">Confezione regalo vini<\/h1>\t\t\t\t<\/div>\n\t\t\t\t<\/div>\n\t\t\t\t<div class=\"elementor-element elementor-element-01d18ac elementor-widget elementor-widget-heading\" data-id=\"01d18ac\" data-element_type=\"widget\" data-e-type=\"widget\" data-widget_type=\"heading.default\">\n\t\t\t\t<div class=\"elementor-widget-container\">\n\t\t\t\t\t<h2 class=\"elementor-heading-title elementor-size-default\">\"Perch\u00e9 il desiderio di ognuno di noi resta quello di non essere uno qualunque\"<\/h2>\t\t\t\t<\/div>\n\t\t\t\t<\/div>\n\t\t\t\t<div class=\"elementor-element elementor-element-548b89d elementor-widget elementor-widget-spacer\" data-id=\"548b89d\" data-element_type=\"widget\" data-e-type=\"widget\" data-widget_type=\"spacer.default\">\n\t\t\t\t<div class=\"elementor-widget-container\">\n\t\t\t\t\t\t\t<div class=\"elementor-spacer\">\n\t\t\t<div class=\"elementor-spacer-inner\"><\/div>\n\t\t<\/div>\n\t\t\t\t\t\t<\/div>\n\t\t\t\t<\/div>\n\t\t\t\t<div class=\"elementor-element elementor-element-40f3365 elementor-widget elementor-widget-heading\" data-id=\"40f3365\" data-element_type=\"widget\" data-e-type=\"widget\" data-widget_type=\"heading.default\">\n\t\t\t\t<div class=\"elementor-widget-container\">\n\t\t\t\t\t<h3 class=\"elementor-heading-title elementor-size-default\">Crediamo fortemente che un regalo personalizzato sia molto pi\u00f9 di un regalo. Chi riceve un dono fatto apposta per s\u00e8, riceve anche l\u2019amore di chi lo prepara.<\/h3>\t\t\t\t<\/div>\n\t\t\t\t<\/div>\n\t\t\t\t<div class=\"elementor-element elementor-element-b793955 elementor-widget elementor-widget-text-editor\" data-id=\"b793955\" data-element_type=\"widget\" data-e-type=\"widget\" data-widget_type=\"text-editor.default\">\n\t\t\t\t<div class=\"elementor-widget-container\">\n\t\t\t\t\t\t\t\t\t<p><span style=\"font-weight: 400;\">Una data, una dedica o addirittura un logo sono solo alcune delle tante idee che possiamo incidere sui nostri packaging in legno e sui nostri calici. Vi accompagneremo nella scelta e nel confezionamento dei vostri regali.\u00a0<\/span><\/p><p><span style=\"font-weight: 400;\">Idea regalo unica per ricorrenze, compleanni, matrimoni, anniversari e molto altro ancora.<\/span><\/p>\t\t\t\t\t\t\t\t<\/div>\n\t\t\t\t<\/div>\n\t\t\t\t\t<\/div>\n\t\t<\/div>\n\t\t\t\t<div class=\"elementor-column elementor-col-50 elementor-top-column elementor-element elementor-element-cc92882\" data-id=\"cc92882\" data-element_type=\"column\" data-e-type=\"column\" data-settings=\"{&quot;background_background&quot;:&quot;classic&quot;}\">\n\t\t\t<div class=\"elementor-widget-wrap elementor-element-populated\">\n\t\t\t\t\t\t<div class=\"elementor-element elementor-element-0f4f017 elementor-hidden-desktop elementor-hidden-laptop elementor-hidden-tablet elementor-widget elementor-widget-image\" data-id=\"0f4f017\" data-element_type=\"widget\" data-e-type=\"widget\" data-widget_type=\"image.default\">\n\t\t\t\t<div class=\"elementor-widget-container\">\n\t\t\t\t\t\t\t\t\t\t\t\t\t\t\t<img fetchpriority=\"high\" decoding=\"async\" width=\"580\" height=\"387\" src=\"https:\/\/www.cortecanella.it\/wp-content\/uploads\/2022\/09\/cassetta-regalo-vini-1024x683.jpg\" class=\"attachment-large size-large wp-image-13017\" alt=\"cassetta regalo vini\" srcset=\"https:\/\/www.cortecanella.it\/wp-content\/uploads\/2022\/09\/cassetta-regalo-vini-1024x683.jpg 1024w, https:\/\/www.cortecanella.it\/wp-content\/uploads\/2022\/09\/cassetta-regalo-vini-600x400.jpg 600w, https:\/\/www.cortecanella.it\/wp-content\/uploads\/2022\/09\/cassetta-regalo-vini-300x200.jpg 300w, https:\/\/www.cortecanella.it\/wp-content\/uploads\/2022\/09\/cassetta-regalo-vini-768x512.jpg 768w, https:\/\/www.cortecanella.it\/wp-content\/uploads\/2022\/09\/cassetta-regalo-vini-1536x1024.jpg 1536w, https:\/\/www.cortecanella.it\/wp-content\/uploads\/2022\/09\/cassetta-regalo-vini.jpg 1920w\" sizes=\"(max-width: 580px) 100vw, 580px\" \/>\t\t\t\t\t\t\t\t\t\t\t\t\t\t\t<\/div>\n\t\t\t\t<\/div>\n\t\t\t\t\t<\/div>\n\t\t<\/div>\n\t\t\t\t\t<\/div>\n\t\t<\/section>\n\t\t\t\t<section class=\"elementor-section elementor-top-section elementor-element elementor-element-746bc41 elementor-section-height-full elementor-section-items-stretch elementor-hidden-mobile_extra elementor-hidden-mobile elementor-section-boxed elementor-section-height-default\" data-id=\"746bc41\" data-element_type=\"section\" data-e-type=\"section\" data-settings=\"{&quot;background_background&quot;:&quot;classic&quot;}\">\n\t\t\t\t\t\t\t<div class=\"elementor-background-overlay\"><\/div>\n\t\t\t\t\t\t\t<div class=\"elementor-container elementor-column-gap-default\">\n\t\t\t\t\t<div class=\"elementor-column elementor-col-50 elementor-top-column elementor-element elementor-element-f485bf6\" data-id=\"f485bf6\" data-element_type=\"column\" data-e-type=\"column\">\n\t\t\t<div class=\"elementor-widget-wrap elementor-element-populated\">\n\t\t\t\t\t\t<div class=\"elementor-element elementor-element-4099e38 elementor-widget elementor-widget-heading\" data-id=\"4099e38\" data-element_type=\"widget\" data-e-type=\"widget\" data-widget_type=\"heading.default\">\n\t\t\t\t<div class=\"elementor-widget-container\">\n\t\t\t\t\t<h1 class=\"elementor-heading-title elementor-size-default\">Confezione regalo vini<\/h1>\t\t\t\t<\/div>\n\t\t\t\t<\/div>\n\t\t\t\t<div class=\"elementor-element elementor-element-938c124 elementor-widget elementor-widget-heading\" data-id=\"938c124\" data-element_type=\"widget\" data-e-type=\"widget\" data-widget_type=\"heading.default\">\n\t\t\t\t<div class=\"elementor-widget-container\">\n\t\t\t\t\t<h2 class=\"elementor-heading-title elementor-size-default\">\"Perch\u00e9 il desiderio di ognuno di noi resta quello di non essere uno qualunque\"<\/h2>\t\t\t\t<\/div>\n\t\t\t\t<\/div>\n\t\t\t\t<div class=\"elementor-element elementor-element-fd418e5 elementor-widget elementor-widget-spacer\" data-id=\"fd418e5\" data-element_type=\"widget\" data-e-type=\"widget\" data-widget_type=\"spacer.default\">\n\t\t\t\t<div class=\"elementor-widget-container\">\n\t\t\t\t\t\t\t<div class=\"elementor-spacer\">\n\t\t\t<div class=\"elementor-spacer-inner\"><\/div>\n\t\t<\/div>\n\t\t\t\t\t\t<\/div>\n\t\t\t\t<\/div>\n\t\t\t\t<div class=\"elementor-element elementor-element-2cfe4a8 elementor-widget elementor-widget-heading\" data-id=\"2cfe4a8\" data-element_type=\"widget\" data-e-type=\"widget\" data-widget_type=\"heading.default\">\n\t\t\t\t<div class=\"elementor-widget-container\">\n\t\t\t\t\t<h3 class=\"elementor-heading-title elementor-size-default\">Crediamo fortemente che un regalo personalizzato sia molto pi\u00f9 di un regalo. Chi riceve un dono fatto apposta per s\u00e8, riceve anche l\u2019amore di chi lo prepara.<\/h3>\t\t\t\t<\/div>\n\t\t\t\t<\/div>\n\t\t\t\t<div class=\"elementor-element elementor-element-02b4d1a elementor-widget elementor-widget-text-editor\" data-id=\"02b4d1a\" data-element_type=\"widget\" data-e-type=\"widget\" data-widget_type=\"text-editor.default\">\n\t\t\t\t<div class=\"elementor-widget-container\">\n\t\t\t\t\t\t\t\t\t<p><span style=\"font-weight: 400;\">Una data, una dedica o addirittura un logo sono solo alcune delle tante idee che possiamo incidere sui nostri packaging in legno e sui nostri calici. Vi accompagneremo nella scelta e nel confezionamento dei vostri regali.\u00a0<\/span><\/p><p><span style=\"font-weight: 400;\">Idea regalo unica per ricorrenze, compleanni, matrimoni, anniversari e molto altro ancora.<\/span><\/p>\t\t\t\t\t\t\t\t<\/div>\n\t\t\t\t<\/div>\n\t\t\t\t<div class=\"elementor-element elementor-element-f68a4bb elementor-widget elementor-widget-spacer\" data-id=\"f68a4bb\" data-element_type=\"widget\" data-e-type=\"widget\" data-widget_type=\"spacer.default\">\n\t\t\t\t<div class=\"elementor-widget-container\">\n\t\t\t\t\t\t\t<div class=\"elementor-spacer\">\n\t\t\t<div class=\"elementor-spacer-inner\"><\/div>\n\t\t<\/div>\n\t\t\t\t\t\t<\/div>\n\t\t\t\t<\/div>\n\t\t\t\t\t<\/div>\n\t\t<\/div>\n\t\t\t\t<div class=\"elementor-column elementor-col-50 elementor-top-column elementor-element elementor-element-f32e1e0\" data-id=\"f32e1e0\" data-element_type=\"column\" data-e-type=\"column\" data-settings=\"{&quot;background_background&quot;:&quot;classic&quot;}\">\n\t\t\t<div class=\"elementor-widget-wrap elementor-element-populated\">\n\t\t\t\t\t\t<div class=\"elementor-element elementor-element-a352394 elementor-hidden-desktop elementor-hidden-laptop elementor-hidden-tablet elementor-widget elementor-widget-image\" data-id=\"a352394\" data-element_type=\"widget\" data-e-type=\"widget\" data-widget_type=\"image.default\">\n\t\t\t\t<div class=\"elementor-widget-container\">\n\t\t\t\t\t\t\t\t\t\t\t\t\t\t\t<img fetchpriority=\"high\" decoding=\"async\" width=\"580\" height=\"387\" src=\"https:\/\/www.cortecanella.it\/wp-content\/uploads\/2022\/09\/cassetta-regalo-vini-1024x683.jpg\" class=\"attachment-large size-large wp-image-13017\" alt=\"cassetta regalo vini\" srcset=\"https:\/\/www.cortecanella.it\/wp-content\/uploads\/2022\/09\/cassetta-regalo-vini-1024x683.jpg 1024w, https:\/\/www.cortecanella.it\/wp-content\/uploads\/2022\/09\/cassetta-regalo-vini-600x400.jpg 600w, https:\/\/www.cortecanella.it\/wp-content\/uploads\/2022\/09\/cassetta-regalo-vini-300x200.jpg 300w, https:\/\/www.cortecanella.it\/wp-content\/uploads\/2022\/09\/cassetta-regalo-vini-768x512.jpg 768w, https:\/\/www.cortecanella.it\/wp-content\/uploads\/2022\/09\/cassetta-regalo-vini-1536x1024.jpg 1536w, https:\/\/www.cortecanella.it\/wp-content\/uploads\/2022\/09\/cassetta-regalo-vini.jpg 1920w\" sizes=\"(max-width: 580px) 100vw, 580px\" \/>\t\t\t\t\t\t\t\t\t\t\t\t\t\t\t<\/div>\n\t\t\t\t<\/div>\n\t\t\t\t\t<\/div>\n\t\t<\/div>\n\t\t\t\t\t<\/div>\n\t\t<\/section>\n\t\t\t\t<section class=\"elementor-section elementor-top-section elementor-element elementor-element-3f9d8cd elementor-hidden-mobile_extra elementor-hidden-mobile elementor-section-boxed elementor-section-height-default elementor-section-height-default\" data-id=\"3f9d8cd\" data-element_type=\"section\" data-e-type=\"section\">\n\t\t\t\t\t\t<div class=\"elementor-container elementor-column-gap-default\">\n\t\t\t\t\t<div class=\"elementor-column elementor-col-33 elementor-top-column elementor-element elementor-element-94e89d9\" data-id=\"94e89d9\" data-element_type=\"column\" data-e-type=\"column\">\n\t\t\t<div class=\"elementor-widget-wrap elementor-element-populated\">\n\t\t\t\t\t\t<div class=\"elementor-element elementor-element-796514e elementor-absolute elementor-widget elementor-widget-heading\" data-id=\"796514e\" data-element_type=\"widget\" data-e-type=\"widget\" data-settings=\"{&quot;_position&quot;:&quot;absolute&quot;}\" data-widget_type=\"heading.default\">\n\t\t\t\t<div class=\"elementor-widget-container\">\n\t\t\t\t\t<p class=\"elementor-heading-title elementor-size-default\">01<\/p>\t\t\t\t<\/div>\n\t\t\t\t<\/div>\n\t\t\t\t<div class=\"elementor-element elementor-element-8c43ac0 elementor-widget elementor-widget-heading\" data-id=\"8c43ac0\" data-element_type=\"widget\" data-e-type=\"widget\" data-widget_type=\"heading.default\">\n\t\t\t\t<div class=\"elementor-widget-container\">\n\t\t\t\t\t<h2 class=\"elementor-heading-title elementor-size-default\">Cosa<\/h2>\t\t\t\t<\/div>\n\t\t\t\t<\/div>\n\t\t\t\t<div class=\"elementor-element elementor-element-d4d8530 elementor-widget elementor-widget-text-editor\" data-id=\"d4d8530\" data-element_type=\"widget\" data-e-type=\"widget\" data-widget_type=\"text-editor.default\">\n\t\t\t\t<div class=\"elementor-widget-container\">\n\t\t\t\t\t\t\t\t\t<p>Corte Canella offre la possibilit\u00e0 di personalizzare i propri packaging e i propri calici.<\/p>\t\t\t\t\t\t\t\t<\/div>\n\t\t\t\t<\/div>\n\t\t\t\t\t<\/div>\n\t\t<\/div>\n\t\t\t\t<div class=\"elementor-column elementor-col-33 elementor-top-column elementor-element elementor-element-dcc2ddf\" data-id=\"dcc2ddf\" data-element_type=\"column\" data-e-type=\"column\">\n\t\t\t<div class=\"elementor-widget-wrap elementor-element-populated\">\n\t\t\t\t\t\t<div class=\"elementor-element elementor-element-b25ff9f elementor-absolute elementor-widget elementor-widget-heading\" data-id=\"b25ff9f\" data-element_type=\"widget\" data-e-type=\"widget\" data-settings=\"{&quot;_position&quot;:&quot;absolute&quot;}\" data-widget_type=\"heading.default\">\n\t\t\t\t<div class=\"elementor-widget-container\">\n\t\t\t\t\t<p class=\"elementor-heading-title elementor-size-default\">02<\/p>\t\t\t\t<\/div>\n\t\t\t\t<\/div>\n\t\t\t\t<div class=\"elementor-element elementor-element-789ad42 elementor-widget elementor-widget-heading\" data-id=\"789ad42\" data-element_type=\"widget\" data-e-type=\"widget\" data-widget_type=\"heading.default\">\n\t\t\t\t<div class=\"elementor-widget-container\">\n\t\t\t\t\t<h2 class=\"elementor-heading-title elementor-size-default\">Come<\/h2>\t\t\t\t<\/div>\n\t\t\t\t<\/div>\n\t\t\t\t<div class=\"elementor-element elementor-element-6158a95 elementor-widget elementor-widget-text-editor\" data-id=\"6158a95\" data-element_type=\"widget\" data-e-type=\"widget\" data-widget_type=\"text-editor.default\">\n\t\t\t\t<div class=\"elementor-widget-container\">\n\t\t\t\t\t\t\t\t\t<p>Possiamo personalizzare la confezione con una frase, un disegno o il logo della vostra azienda.<\/p>\t\t\t\t\t\t\t\t<\/div>\n\t\t\t\t<\/div>\n\t\t\t\t\t<\/div>\n\t\t<\/div>\n\t\t\t\t<div class=\"elementor-column elementor-col-33 elementor-top-column elementor-element elementor-element-8b66ab5\" data-id=\"8b66ab5\" data-element_type=\"column\" data-e-type=\"column\">\n\t\t\t<div class=\"elementor-widget-wrap elementor-element-populated\">\n\t\t\t\t\t\t<div class=\"elementor-element elementor-element-45ca135 elementor-absolute elementor-widget elementor-widget-heading\" data-id=\"45ca135\" data-element_type=\"widget\" data-e-type=\"widget\" data-settings=\"{&quot;_position&quot;:&quot;absolute&quot;}\" data-widget_type=\"heading.default\">\n\t\t\t\t<div class=\"elementor-widget-container\">\n\t\t\t\t\t<p class=\"elementor-heading-title elementor-size-default\">03<\/p>\t\t\t\t<\/div>\n\t\t\t\t<\/div>\n\t\t\t\t<div class=\"elementor-element elementor-element-ce3abc0 elementor-widget elementor-widget-heading\" data-id=\"ce3abc0\" data-element_type=\"widget\" data-e-type=\"widget\" data-widget_type=\"heading.default\">\n\t\t\t\t<div class=\"elementor-widget-container\">\n\t\t\t\t\t<h2 class=\"elementor-heading-title elementor-size-default\">Quando<\/h2>\t\t\t\t<\/div>\n\t\t\t\t<\/div>\n\t\t\t\t<div class=\"elementor-element elementor-element-85b9de1 elementor-widget elementor-widget-text-editor\" data-id=\"85b9de1\" data-element_type=\"widget\" data-e-type=\"widget\" data-widget_type=\"text-editor.default\">\n\t\t\t\t<div class=\"elementor-widget-container\">\n\t\t\t\t\t\t\t\t\t<p>\u00c8 sempre il momento per fare un regalo<\/p>\t\t\t\t\t\t\t\t<\/div>\n\t\t\t\t<\/div>\n\t\t\t\t\t<\/div>\n\t\t<\/div>\n\t\t\t\t\t<\/div>\n\t\t<\/section>\n\t\t\t\t<section class=\"elementor-section elementor-top-section elementor-element elementor-element-9a38693 elementor-hidden-desktop elementor-hidden-laptop elementor-hidden-tablet elementor-section-boxed elementor-section-height-default elementor-section-height-default\" data-id=\"9a38693\" data-element_type=\"section\" data-e-type=\"section\">\n\t\t\t\t\t\t<div class=\"elementor-container elementor-column-gap-default\">\n\t\t\t\t\t<div class=\"elementor-column elementor-col-33 elementor-top-column elementor-element elementor-element-55d777a\" data-id=\"55d777a\" data-element_type=\"column\" data-e-type=\"column\">\n\t\t\t<div class=\"elementor-widget-wrap elementor-element-populated\">\n\t\t\t\t\t\t<div class=\"elementor-element elementor-element-fa8bb06 elementor-widget elementor-widget-heading\" data-id=\"fa8bb06\" data-element_type=\"widget\" data-e-type=\"widget\" data-widget_type=\"heading.default\">\n\t\t\t\t<div class=\"elementor-widget-container\">\n\t\t\t\t\t<p class=\"elementor-heading-title elementor-size-default\">01<\/p>\t\t\t\t<\/div>\n\t\t\t\t<\/div>\n\t\t\t\t<div class=\"elementor-element elementor-element-ff3ad0a elementor-widget elementor-widget-heading\" data-id=\"ff3ad0a\" data-element_type=\"widget\" data-e-type=\"widget\" data-widget_type=\"heading.default\">\n\t\t\t\t<div class=\"elementor-widget-container\">\n\t\t\t\t\t<h2 class=\"elementor-heading-title elementor-size-default\">Cosa<\/h2>\t\t\t\t<\/div>\n\t\t\t\t<\/div>\n\t\t\t\t<div class=\"elementor-element elementor-element-46e17a8 elementor-widget elementor-widget-text-editor\" data-id=\"46e17a8\" data-element_type=\"widget\" data-e-type=\"widget\" data-widget_type=\"text-editor.default\">\n\t\t\t\t<div class=\"elementor-widget-container\">\n\t\t\t\t\t\t\t\t\t<p>Corte Canella offre la possibilit\u00e0 di personalizzare i propri packaging e i propri calici.<\/p>\t\t\t\t\t\t\t\t<\/div>\n\t\t\t\t<\/div>\n\t\t\t\t\t<\/div>\n\t\t<\/div>\n\t\t\t\t<div class=\"elementor-column elementor-col-33 elementor-top-column elementor-element elementor-element-15fff75\" data-id=\"15fff75\" data-element_type=\"column\" data-e-type=\"column\">\n\t\t\t<div class=\"elementor-widget-wrap elementor-element-populated\">\n\t\t\t\t\t\t<div class=\"elementor-element elementor-element-c291b0c elementor-widget elementor-widget-heading\" data-id=\"c291b0c\" data-element_type=\"widget\" data-e-type=\"widget\" data-widget_type=\"heading.default\">\n\t\t\t\t<div class=\"elementor-widget-container\">\n\t\t\t\t\t<p class=\"elementor-heading-title elementor-size-default\">02<\/p>\t\t\t\t<\/div>\n\t\t\t\t<\/div>\n\t\t\t\t<div class=\"elementor-element elementor-element-df47919 elementor-widget elementor-widget-heading\" data-id=\"df47919\" data-element_type=\"widget\" data-e-type=\"widget\" data-widget_type=\"heading.default\">\n\t\t\t\t<div class=\"elementor-widget-container\">\n\t\t\t\t\t<h2 class=\"elementor-heading-title elementor-size-default\">Come<\/h2>\t\t\t\t<\/div>\n\t\t\t\t<\/div>\n\t\t\t\t<div class=\"elementor-element elementor-element-e7a0a87 elementor-widget elementor-widget-text-editor\" data-id=\"e7a0a87\" data-element_type=\"widget\" data-e-type=\"widget\" data-widget_type=\"text-editor.default\">\n\t\t\t\t<div class=\"elementor-widget-container\">\n\t\t\t\t\t\t\t\t\t<p>Possiamo personalizzare la confezione con una frase, un disegno o il logo della vostra azienda.<\/p>\t\t\t\t\t\t\t\t<\/div>\n\t\t\t\t<\/div>\n\t\t\t\t\t<\/div>\n\t\t<\/div>\n\t\t\t\t<div class=\"elementor-column elementor-col-33 elementor-top-column elementor-element elementor-element-91b9215\" data-id=\"91b9215\" data-element_type=\"column\" data-e-type=\"column\">\n\t\t\t<div class=\"elementor-widget-wrap elementor-element-populated\">\n\t\t\t\t\t\t<div class=\"elementor-element elementor-element-2feb0ef elementor-widget elementor-widget-heading\" data-id=\"2feb0ef\" data-element_type=\"widget\" data-e-type=\"widget\" data-widget_type=\"heading.default\">\n\t\t\t\t<div class=\"elementor-widget-container\">\n\t\t\t\t\t<p class=\"elementor-heading-title elementor-size-default\">03<\/p>\t\t\t\t<\/div>\n\t\t\t\t<\/div>\n\t\t\t\t<div class=\"elementor-element elementor-element-462645b elementor-widget elementor-widget-heading\" data-id=\"462645b\" data-element_type=\"widget\" data-e-type=\"widget\" data-widget_type=\"heading.default\">\n\t\t\t\t<div class=\"elementor-widget-container\">\n\t\t\t\t\t<h2 class=\"elementor-heading-title elementor-size-default\">Quando<\/h2>\t\t\t\t<\/div>\n\t\t\t\t<\/div>\n\t\t\t\t<div class=\"elementor-element elementor-element-6e45d04 elementor-widget elementor-widget-text-editor\" data-id=\"6e45d04\" data-element_type=\"widget\" data-e-type=\"widget\" data-widget_type=\"text-editor.default\">\n\t\t\t\t<div class=\"elementor-widget-container\">\n\t\t\t\t\t\t\t\t\t<p>\u00c8 sempre il momento per fare un regalo<\/p>\t\t\t\t\t\t\t\t<\/div>\n\t\t\t\t<\/div>\n\t\t\t\t\t<\/div>\n\t\t<\/div>\n\t\t\t\t\t<\/div>\n\t\t<\/section>\n\t\t\t\t<section class=\"elementor-section elementor-top-section elementor-element elementor-element-5a1729e elementor-section-content-middle elementor-section-boxed elementor-section-height-default elementor-section-height-default\" data-id=\"5a1729e\" data-element_type=\"section\" data-e-type=\"section\">\n\t\t\t\t\t\t<div class=\"elementor-container elementor-column-gap-default\">\n\t\t\t\t\t<div class=\"elementor-column elementor-col-50 elementor-top-column elementor-element elementor-element-51c5456\" data-id=\"51c5456\" data-element_type=\"column\" data-e-type=\"column\">\n\t\t\t<div class=\"elementor-widget-wrap elementor-element-populated\">\n\t\t\t\t\t\t<div class=\"elementor-element elementor-element-86a87e5 elementor-widget elementor-widget-heading\" data-id=\"86a87e5\" data-element_type=\"widget\" data-e-type=\"widget\" data-widget_type=\"heading.default\">\n\t\t\t\t<div class=\"elementor-widget-container\">\n\t\t\t\t\t<h2 class=\"elementor-heading-title elementor-size-default\">Confezione regalo<\/h2>\t\t\t\t<\/div>\n\t\t\t\t<\/div>\n\t\t\t\t<div class=\"elementor-element elementor-element-44eb129 elementor-widget elementor-widget-text-editor\" data-id=\"44eb129\" data-element_type=\"widget\" data-e-type=\"widget\" data-widget_type=\"text-editor.default\">\n\t\t\t\t<div class=\"elementor-widget-container\">\n\t\t\t\t\t\t\t\t\t<p>Puoi scegliere di personalizzare il tuo regalo con la confezione in legno o in cartone da 1 a 3 bottiglie da 0.75 litri.<\/p>\t\t\t\t\t\t\t\t<\/div>\n\t\t\t\t<\/div>\n\t\t\t\t\t<\/div>\n\t\t<\/div>\n\t\t\t\t<div class=\"elementor-column elementor-col-50 elementor-top-column elementor-element elementor-element-b024b9f\" data-id=\"b024b9f\" data-element_type=\"column\" data-e-type=\"column\">\n\t\t\t<div class=\"elementor-widget-wrap elementor-element-populated\">\n\t\t\t\t\t\t<div class=\"elementor-element elementor-element-13b7e2a elementor-arrows-position-inside elementor-pagination-position-outside elementor-widget elementor-widget-image-carousel\" data-id=\"13b7e2a\" data-element_type=\"widget\" data-e-type=\"widget\" data-settings=\"{&quot;slides_to_show&quot;:&quot;1&quot;,&quot;navigation&quot;:&quot;both&quot;,&quot;autoplay&quot;:&quot;yes&quot;,&quot;pause_on_hover&quot;:&quot;yes&quot;,&quot;pause_on_interaction&quot;:&quot;yes&quot;,&quot;autoplay_speed&quot;:5000,&quot;infinite&quot;:&quot;yes&quot;,&quot;effect&quot;:&quot;slide&quot;,&quot;speed&quot;:500}\" data-widget_type=\"image-carousel.default\">\n\t\t\t\t<div class=\"elementor-widget-container\">\n\t\t\t\t\t\t\t<div class=\"elementor-image-carousel-wrapper swiper\" role=\"region\" aria-roledescription=\"carousel\" aria-label=\"Carosello d&#039;immagini\" dir=\"ltr\">\n\t\t\t<div class=\"elementor-image-carousel swiper-wrapper\" aria-live=\"off\">\n\t\t\t\t\t\t\t\t<div class=\"swiper-slide\" role=\"group\" aria-roledescription=\"slide\" aria-label=\"1 of 3\"><figure class=\"swiper-slide-inner\"><img decoding=\"async\" class=\"swiper-slide-image\" src=\"https:\/\/www.cortecanella.it\/wp-content\/uploads\/2025\/11\/1-1024x790.png\" alt=\"1\" \/><\/figure><\/div><div class=\"swiper-slide\" role=\"group\" aria-roledescription=\"slide\" aria-label=\"2 of 3\"><figure class=\"swiper-slide-inner\"><img decoding=\"async\" class=\"swiper-slide-image\" src=\"https:\/\/www.cortecanella.it\/wp-content\/uploads\/2025\/11\/2-1024x790.png\" alt=\"2\" \/><\/figure><\/div><div class=\"swiper-slide\" role=\"group\" aria-roledescription=\"slide\" aria-label=\"3 of 3\"><figure class=\"swiper-slide-inner\"><img decoding=\"async\" class=\"swiper-slide-image\" src=\"https:\/\/www.cortecanella.it\/wp-content\/uploads\/2025\/11\/3-1024x790.png\" alt=\"3\" \/><\/figure><\/div>\t\t\t<\/div>\n\t\t\t\t\t\t\t\t\t\t\t\t<div class=\"elementor-swiper-button elementor-swiper-button-prev\" role=\"button\" tabindex=\"0\">\n\t\t\t\t\t\t<i aria-hidden=\"true\" class=\"eicon-chevron-left\"><\/i>\t\t\t\t\t<\/div>\n\t\t\t\t\t<div class=\"elementor-swiper-button elementor-swiper-button-next\" role=\"button\" tabindex=\"0\">\n\t\t\t\t\t\t<i aria-hidden=\"true\" class=\"eicon-chevron-right\"><\/i>\t\t\t\t\t<\/div>\n\t\t\t\t\n\t\t\t\t\t\t\t\t\t<div class=\"swiper-pagination\"><\/div>\n\t\t\t\t\t\t\t\t\t<\/div>\n\t\t\t\t\t\t<\/div>\n\t\t\t\t<\/div>\n\t\t\t\t\t<\/div>\n\t\t<\/div>\n\t\t\t\t\t<\/div>\n\t\t<\/section>\n\t\t\t\t<section class=\"elementor-section elementor-top-section elementor-element elementor-element-b41ed2a elementor-section-content-middle elementor-reverse-mobile elementor-section-boxed elementor-section-height-default elementor-section-height-default\" data-id=\"b41ed2a\" data-element_type=\"section\" data-e-type=\"section\">\n\t\t\t\t\t\t<div class=\"elementor-container elementor-column-gap-default\">\n\t\t\t\t\t<div class=\"elementor-column elementor-col-50 elementor-top-column elementor-element elementor-element-d86de17\" data-id=\"d86de17\" data-element_type=\"column\" data-e-type=\"column\">\n\t\t\t<div class=\"elementor-widget-wrap elementor-element-populated\">\n\t\t\t\t\t\t<div class=\"elementor-element elementor-element-49a4915 elementor-arrows-position-inside elementor-pagination-position-outside elementor-widget elementor-widget-image-carousel\" data-id=\"49a4915\" data-element_type=\"widget\" data-e-type=\"widget\" data-settings=\"{&quot;slides_to_show&quot;:&quot;1&quot;,&quot;navigation&quot;:&quot;both&quot;,&quot;autoplay&quot;:&quot;yes&quot;,&quot;pause_on_hover&quot;:&quot;yes&quot;,&quot;pause_on_interaction&quot;:&quot;yes&quot;,&quot;autoplay_speed&quot;:5000,&quot;infinite&quot;:&quot;yes&quot;,&quot;effect&quot;:&quot;slide&quot;,&quot;speed&quot;:500}\" data-widget_type=\"image-carousel.default\">\n\t\t\t\t<div class=\"elementor-widget-container\">\n\t\t\t\t\t\t\t<div class=\"elementor-image-carousel-wrapper swiper\" role=\"region\" aria-roledescription=\"carousel\" aria-label=\"Carosello d&#039;immagini\" dir=\"ltr\">\n\t\t\t<div class=\"elementor-image-carousel swiper-wrapper\" aria-live=\"off\">\n\t\t\t\t\t\t\t\t<div class=\"swiper-slide\" role=\"group\" aria-roledescription=\"slide\" aria-label=\"1 of 4\"><figure class=\"swiper-slide-inner\"><img decoding=\"async\" class=\"swiper-slide-image\" src=\"https:\/\/www.cortecanella.it\/wp-content\/uploads\/2022\/09\/confezione-regalo-2.jpg\" alt=\"confezione-regalo-2\" \/><\/figure><\/div><div class=\"swiper-slide\" role=\"group\" aria-roledescription=\"slide\" aria-label=\"2 of 4\"><figure class=\"swiper-slide-inner\"><img decoding=\"async\" class=\"swiper-slide-image\" src=\"https:\/\/www.cortecanella.it\/wp-content\/uploads\/2022\/09\/confezione-regalo-incisione.jpg\" alt=\"confezione-regalo-incisione\" \/><\/figure><\/div><div class=\"swiper-slide\" role=\"group\" aria-roledescription=\"slide\" aria-label=\"3 of 4\"><figure class=\"swiper-slide-inner\"><img decoding=\"async\" class=\"swiper-slide-image\" src=\"https:\/\/www.cortecanella.it\/wp-content\/uploads\/2022\/09\/confezione-regalo-3.jpg\" alt=\"confezione-regalo-3\" \/><\/figure><\/div><div class=\"swiper-slide\" role=\"group\" aria-roledescription=\"slide\" aria-label=\"4 of 4\"><figure class=\"swiper-slide-inner\"><img decoding=\"async\" class=\"swiper-slide-image\" src=\"https:\/\/www.cortecanella.it\/wp-content\/uploads\/2022\/09\/confezione-regalo.jpg\" alt=\"confezione-regalo\" \/><\/figure><\/div>\t\t\t<\/div>\n\t\t\t\t\t\t\t\t\t\t\t\t<div class=\"elementor-swiper-button elementor-swiper-button-prev\" role=\"button\" tabindex=\"0\">\n\t\t\t\t\t\t<i aria-hidden=\"true\" class=\"eicon-chevron-left\"><\/i>\t\t\t\t\t<\/div>\n\t\t\t\t\t<div class=\"elementor-swiper-button elementor-swiper-button-next\" role=\"button\" tabindex=\"0\">\n\t\t\t\t\t\t<i aria-hidden=\"true\" class=\"eicon-chevron-right\"><\/i>\t\t\t\t\t<\/div>\n\t\t\t\t\n\t\t\t\t\t\t\t\t\t<div class=\"swiper-pagination\"><\/div>\n\t\t\t\t\t\t\t\t\t<\/div>\n\t\t\t\t\t\t<\/div>\n\t\t\t\t<\/div>\n\t\t\t\t\t<\/div>\n\t\t<\/div>\n\t\t\t\t<div class=\"elementor-column elementor-col-50 elementor-top-column elementor-element elementor-element-cf687c9\" data-id=\"cf687c9\" data-element_type=\"column\" data-e-type=\"column\">\n\t\t\t<div class=\"elementor-widget-wrap elementor-element-populated\">\n\t\t\t\t\t\t<div class=\"elementor-element elementor-element-aa0a238 elementor-widget elementor-widget-heading\" data-id=\"aa0a238\" data-element_type=\"widget\" data-e-type=\"widget\" data-widget_type=\"heading.default\">\n\t\t\t\t<div class=\"elementor-widget-container\">\n\t\t\t\t\t<h2 class=\"elementor-heading-title elementor-size-default\">Cassetta personalizzabile<\/h2>\t\t\t\t<\/div>\n\t\t\t\t<\/div>\n\t\t\t\t<div class=\"elementor-element elementor-element-2d4736b elementor-widget elementor-widget-text-editor\" data-id=\"2d4736b\" data-element_type=\"widget\" data-e-type=\"widget\" data-widget_type=\"text-editor.default\">\n\t\t\t\t<div class=\"elementor-widget-container\">\n\t\t\t\t\t\t\t\t\t<p>Nella cassetta in legno puoi incidere frasi, disegni o i loghi aziendali.<\/p>\t\t\t\t\t\t\t\t<\/div>\n\t\t\t\t<\/div>\n\t\t\t\t\t<\/div>\n\t\t<\/div>\n\t\t\t\t\t<\/div>\n\t\t<\/section>\n\t\t\t\t<section class=\"elementor-section elementor-top-section elementor-element elementor-element-5778644 elementor-section-content-middle elementor-section-boxed elementor-section-height-default elementor-section-height-default\" data-id=\"5778644\" data-element_type=\"section\" data-e-type=\"section\">\n\t\t\t\t\t\t<div class=\"elementor-container elementor-column-gap-default\">\n\t\t\t\t\t<div class=\"elementor-column elementor-col-50 elementor-top-column elementor-element elementor-element-603fe30\" data-id=\"603fe30\" data-element_type=\"column\" data-e-type=\"column\">\n\t\t\t<div class=\"elementor-widget-wrap elementor-element-populated\">\n\t\t\t\t\t\t<div class=\"elementor-element elementor-element-02c8bb4 elementor-widget elementor-widget-heading\" data-id=\"02c8bb4\" data-element_type=\"widget\" data-e-type=\"widget\" data-widget_type=\"heading.default\">\n\t\t\t\t<div class=\"elementor-widget-container\">\n\t\t\t\t\t<h2 class=\"elementor-heading-title elementor-size-default\">Calici personalizzabili<\/h2>\t\t\t\t<\/div>\n\t\t\t\t<\/div>\n\t\t\t\t<div class=\"elementor-element elementor-element-42cc3a4 elementor-widget elementor-widget-text-editor\" data-id=\"42cc3a4\" data-element_type=\"widget\" data-e-type=\"widget\" data-widget_type=\"text-editor.default\">\n\t\t\t\t<div class=\"elementor-widget-container\">\n\t\t\t\t\t\t\t\t\t<p>Incidi il logo della tua azienda o il nome della persona, cos\u00ec da creare un prodotto personalizzato e unico. I nostri esperti artigiani sono in grado di incidere qualsiasi disegno sui vostri bicchieri.<\/p>\t\t\t\t\t\t\t\t<\/div>\n\t\t\t\t<\/div>\n\t\t\t\t\t<\/div>\n\t\t<\/div>\n\t\t\t\t<div class=\"elementor-column elementor-col-50 elementor-top-column elementor-element elementor-element-87c0d32\" data-id=\"87c0d32\" data-element_type=\"column\" data-e-type=\"column\">\n\t\t\t<div class=\"elementor-widget-wrap elementor-element-populated\">\n\t\t\t\t\t\t<div class=\"elementor-element elementor-element-c319660 elementor-widget elementor-widget-image\" data-id=\"c319660\" data-element_type=\"widget\" data-e-type=\"widget\" data-widget_type=\"image.default\">\n\t\t\t\t<div class=\"elementor-widget-container\">\n\t\t\t\t\t\t\t\t\t\t\t\t\t\t\t<img decoding=\"async\" width=\"580\" height=\"594\" src=\"https:\/\/www.cortecanella.it\/wp-content\/uploads\/2022\/09\/calici-personalizzabili.jpg\" class=\"attachment-medium_large size-medium_large wp-image-13131\" alt=\"\" srcset=\"https:\/\/www.cortecanella.it\/wp-content\/uploads\/2022\/09\/calici-personalizzabili.jpg 600w, https:\/\/www.cortecanella.it\/wp-content\/uploads\/2022\/09\/calici-personalizzabili-293x300.jpg 293w\" sizes=\"(max-width: 580px) 100vw, 580px\" \/>\t\t\t\t\t\t\t\t\t\t\t\t\t\t\t<\/div>\n\t\t\t\t<\/div>\n\t\t\t\t\t<\/div>\n\t\t<\/div>\n\t\t\t\t\t<\/div>\n\t\t<\/section>\n\t\t\t\t<section class=\"elementor-section elementor-top-section elementor-element elementor-element-18a868b elementor-section-boxed elementor-section-height-default elementor-section-height-default\" data-id=\"18a868b\" data-element_type=\"section\" data-e-type=\"section\">\n\t\t\t\t\t\t<div class=\"elementor-container elementor-column-gap-default\">\n\t\t\t\t\t<div class=\"elementor-column elementor-col-100 elementor-top-column elementor-element elementor-element-a3c2893\" data-id=\"a3c2893\" data-element_type=\"column\" data-e-type=\"column\">\n\t\t\t<div class=\"elementor-widget-wrap elementor-element-populated\">\n\t\t\t\t\t\t<div class=\"elementor-element elementor-element-b149069 elementor-widget elementor-widget-heading\" data-id=\"b149069\" data-element_type=\"widget\" data-e-type=\"widget\" data-widget_type=\"heading.default\">\n\t\t\t\t<div class=\"elementor-widget-container\">\n\t\t\t\t\t<h2 class=\"elementor-heading-title elementor-size-default\">Il pensiero perfetto <br \/>per le persone a cui tieni di pi\u00f9!<\/h2>\t\t\t\t<\/div>\n\t\t\t\t<\/div>\n\t\t\t\t<div class=\"elementor-element elementor-element-77a01f0 elementor-widget elementor-widget-heading\" data-id=\"77a01f0\" data-element_type=\"widget\" data-e-type=\"widget\" data-widget_type=\"heading.default\">\n\t\t\t\t<div class=\"elementor-widget-container\">\n\t\t\t\t\t<h3 class=\"elementor-heading-title elementor-size-default\">CHIAMACI ORA PER PRENOTARE IL TUO REGALO PERSONALIZZATO<\/h3>\t\t\t\t<\/div>\n\t\t\t\t<\/div>\n\t\t\t\t<div class=\"elementor-element elementor-element-f313a19 elementor-align-center elementor-widget elementor-widget-button\" data-id=\"f313a19\" data-element_type=\"widget\" data-e-type=\"widget\" data-widget_type=\"button.default\">\n\t\t\t\t<div class=\"elementor-widget-container\">\n\t\t\t\t\t\t\t\t\t<div class=\"elementor-button-wrapper\">\n\t\t\t\t\t<a class=\"elementor-button elementor-button-link elementor-size-sm\" href=\"https:\/\/api.whatsapp.com\/send?phone=393479445573&#038;text=Ciao%20Corte%20Canella,%20vorrei%20maggiori%20informazioni%20sulla%20regalistica\">\n\t\t\t\t\t\t<span class=\"elementor-button-content-wrapper\">\n\t\t\t\t\t\t\t\t\t<span class=\"elementor-button-text\">Richiedi informazioni<\/span>\n\t\t\t\t\t<\/span>\n\t\t\t\t\t<\/a>\n\t\t\t\t<\/div>\n\t\t\t\t\t\t\t\t<\/div>\n\t\t\t\t<\/div>\n\t\t\t\t\t<\/div>\n\t\t<\/div>\n\t\t\t\t\t<\/div>\n\t\t<\/section>\n\t\t\t\t<section class=\"elementor-section elementor-top-section elementor-element elementor-element-7a72468 elementor-section-content-middle elementor-section-boxed elementor-section-height-default elementor-section-height-default\" data-id=\"7a72468\" data-element_type=\"section\" data-e-type=\"section\">\n\t\t\t\t\t\t<div class=\"elementor-container elementor-column-gap-default\">\n\t\t\t\t\t<div class=\"elementor-column elementor-col-50 elementor-top-column elementor-element elementor-element-aca92de\" data-id=\"aca92de\" data-element_type=\"column\" data-e-type=\"column\">\n\t\t\t<div class=\"elementor-widget-wrap elementor-element-populated\">\n\t\t\t\t\t\t<div class=\"elementor-element elementor-element-32974a9 elementor-widget elementor-widget-image\" data-id=\"32974a9\" data-element_type=\"widget\" data-e-type=\"widget\" data-widget_type=\"image.default\">\n\t\t\t\t<div class=\"elementor-widget-container\">\n\t\t\t\t\t\t\t\t\t\t\t\t\t\t\t<img decoding=\"async\" width=\"580\" height=\"596\" src=\"https:\/\/www.cortecanella.it\/wp-content\/uploads\/2022\/08\/set-creme.jpg\" class=\"attachment-large size-large wp-image-12348\" alt=\"set creme\" srcset=\"https:\/\/www.cortecanella.it\/wp-content\/uploads\/2022\/08\/set-creme.jpg 600w, https:\/\/www.cortecanella.it\/wp-content\/uploads\/2022\/08\/set-creme-292x300.jpg 292w\" sizes=\"(max-width: 580px) 100vw, 580px\" \/>\t\t\t\t\t\t\t\t\t\t\t\t\t\t\t<\/div>\n\t\t\t\t<\/div>\n\t\t\t\t\t<\/div>\n\t\t<\/div>\n\t\t\t\t<div class=\"elementor-column elementor-col-50 elementor-top-column elementor-element elementor-element-fb420f2\" data-id=\"fb420f2\" data-element_type=\"column\" data-e-type=\"column\">\n\t\t\t<div class=\"elementor-widget-wrap elementor-element-populated\">\n\t\t\t\t\t\t<div class=\"elementor-element elementor-element-fd2b62a elementor-widget elementor-widget-text-editor\" data-id=\"fd2b62a\" data-element_type=\"widget\" data-e-type=\"widget\" data-widget_type=\"text-editor.default\">\n\t\t\t\t<div class=\"elementor-widget-container\">\n\t\t\t\t\t\t\t\t\t<p><strong>INTEGRA IL TUO REGALO CON UN SET CREME<\/strong><\/p>\t\t\t\t\t\t\t\t<\/div>\n\t\t\t\t<\/div>\n\t\t\t\t<div class=\"elementor-element elementor-element-5040455 elementor-widget elementor-widget-heading\" data-id=\"5040455\" data-element_type=\"widget\" data-e-type=\"widget\" data-widget_type=\"heading.default\">\n\t\t\t\t<div class=\"elementor-widget-container\">\n\t\t\t\t\t<h2 class=\"elementor-heading-title elementor-size-default\">Il Potere Dei Polifenoli<\/h2>\t\t\t\t<\/div>\n\t\t\t\t<\/div>\n\t\t\t\t<div class=\"elementor-element elementor-element-170b037 elementor-widget elementor-widget-text-editor\" data-id=\"170b037\" data-element_type=\"widget\" data-e-type=\"widget\" data-widget_type=\"text-editor.default\">\n\t\t\t\t<div class=\"elementor-widget-container\">\n\t\t\t\t\t\t\t\t\t<p>Le molecole naturali polifenoliche, contenute nelle <strong><em>nostre Vinacce<\/em><\/strong> sono preziosissimi antiossidanti che, contrastando l\u2019azione dei radicali liberi, rallentano l\u2019invecchiamento cutaneo.<\/p><p>I nostri cosmetici a base di Polifenoli, estratti dalle Vinacce, hanno la capacit\u00e0 di rendere la pelle pi\u00f9 tonica, soda, compatta e, giorno dopo giorno, visibilmente pi\u00f9 giovane.<\/p>\t\t\t\t\t\t\t\t<\/div>\n\t\t\t\t<\/div>\n\t\t\t\t<div class=\"elementor-element elementor-element-c8764ac elementor-align-left elementor-widget elementor-widget-button\" data-id=\"c8764ac\" data-element_type=\"widget\" data-e-type=\"widget\" data-widget_type=\"button.default\">\n\t\t\t\t<div class=\"elementor-widget-container\">\n\t\t\t\t\t\t\t\t\t<div class=\"elementor-button-wrapper\">\n\t\t\t\t\t<a class=\"elementor-button elementor-button-link elementor-size-sm\" href=\"https:\/\/www.cortecanella.it\/negozio\/\">\n\t\t\t\t\t\t<span class=\"elementor-button-content-wrapper\">\n\t\t\t\t\t\t\t\t\t<span class=\"elementor-button-text\">ACQUISTA ORA &gt;<\/span>\n\t\t\t\t\t<\/span>\n\t\t\t\t\t<\/a>\n\t\t\t\t<\/div>\n\t\t\t\t\t\t\t\t<\/div>\n\t\t\t\t<\/div>\n\t\t\t\t\t<\/div>\n\t\t<\/div>\n\t\t\t\t\t<\/div>\n\t\t<\/section>\n\t\t\t\t<section class=\"elementor-section elementor-top-section elementor-element elementor-element-72303b2 elementor-section-boxed elementor-section-height-default elementor-section-height-default\" data-id=\"72303b2\" data-element_type=\"section\" data-e-type=\"section\">\n\t\t\t\t\t\t<div class=\"elementor-container elementor-column-gap-default\">\n\t\t\t\t\t<div class=\"elementor-column elementor-col-50 elementor-top-column elementor-element elementor-element-33688fd\" data-id=\"33688fd\" data-element_type=\"column\" data-e-type=\"column\">\n\t\t\t<div class=\"elementor-widget-wrap elementor-element-populated\">\n\t\t\t\t\t\t<div class=\"elementor-element elementor-element-9cb023b elementor-widget elementor-widget-wpforms\" data-id=\"9cb023b\" data-element_type=\"widget\" data-e-type=\"widget\" data-widget_type=\"wpforms.default\">\n\t\t\t\t<div class=\"elementor-widget-container\">\n\t\t\t\t\t<div class=\"wpforms-container wpforms-container-full\" id=\"wpforms-12208\"><form id=\"wpforms-form-12208\" class=\"wpforms-validate wpforms-form wpforms-ajax-form\" data-formid=\"12208\" method=\"post\" enctype=\"multipart\/form-data\" action=\"\/en\/wp-json\/wp\/v2\/pages\/12318\" data-token=\"1946242d6e205787f6b5df08d3381c00\" data-token-time=\"1777624716\"><noscript class=\"wpforms-error-noscript\">Please enable JavaScript in your browser to complete this form.<\/noscript><div class=\"wpforms-field-container\"><div id=\"wpforms-12208-field_1-container\" class=\"wpforms-field wpforms-field-text\" data-field-id=\"1\"><label class=\"wpforms-field-label\" for=\"wpforms-12208-field_1\">Il tuo nome <span class=\"wpforms-required-label\">*<\/span><\/label><input type=\"text\" id=\"wpforms-12208-field_1\" class=\"wpforms-field-medium wpforms-field-required\" name=\"wpforms[fields][1]\" required><\/div><div id=\"wpforms-12208-field_3-container\" class=\"wpforms-field wpforms-field-email\" data-field-id=\"3\"><label class=\"wpforms-field-label\" for=\"wpforms-12208-field_3\">La tua email <span class=\"wpforms-required-label\">*<\/span><\/label><input type=\"email\" id=\"wpforms-12208-field_3\" class=\"wpforms-field-medium wpforms-field-required\" name=\"wpforms[fields][3]\" spellcheck=\"false\" required><\/div><div id=\"wpforms-12208-field_4-container\" class=\"wpforms-field wpforms-field-textarea\" data-field-id=\"4\"><label class=\"wpforms-field-label\" for=\"wpforms-12208-field_4\">Informazioni aggiuntive<\/label><textarea id=\"wpforms-12208-field_4\" class=\"wpforms-field-medium\" name=\"wpforms[fields][4]\" ><\/textarea><\/div><div id=\"wpforms-12208-field_5-container\" class=\"wpforms-field wpforms-field-checkbox\" data-field-id=\"5\"><label class=\"wpforms-field-label wpforms-label-hide\">Caselle di Spunta <span class=\"wpforms-required-label\">*<\/span><\/label><ul id=\"wpforms-12208-field_5\" class=\"wpforms-field-required\"><li class=\"choice-3 depth-1\"><input type=\"checkbox\" id=\"wpforms-12208-field_5_3\" name=\"wpforms[fields][5][]\" value=\"Acconsento il trattamento dei miei dati personali\" required ><label class=\"wpforms-field-label-inline\" for=\"wpforms-12208-field_5_3\">Acconsento il trattamento dei miei dati personali <span class=\"wpforms-required-label\">*<\/span><\/label><\/li><\/ul><div class=\"wpforms-field-description wpforms-disclaimer-description\">Ai sensi dell\u2019art.13 del d.lgs. n. 196\/2003 e degli artt. 13 e 14 del Regolamento (UE) n. 679\/2016 (\u201cGDPR\u201d)<br \/>\n<br \/>\nCorte Canella, con sede in Via Canella 14, 37031 Illasi (Verona) \u2013 ITALIA, p.iva\/c.f. 03690990233, tutela la riservatezza dei dati personali e garantisce ad essi la protezione necessaria da ogni evento che possa metterli a rischio di violazione.<br \/>\nCome previsto dal Regolamento dell\u2019Unione Europea n. 679\/2016 (\u201cGDPR\u201d), ed in particolare all\u2019art. 13, qui di seguito si forniscono all\u2019utente (\u201dInteressato\u201d) le informazioni richieste dalla legge relative al trattamento dei propri dati personali in relazione al sito web https:\/\/www.cortecanella.it\/<br \/>\nChi siamo e quali dati trattiamo<br \/>\n<br \/>\n(art. 13, 1\u00b0 comma lett. a, art. 15, lett. b GDPR)<br \/>\n<br \/>\nIl Titolare del trattamento dei dati \u00e8 Corte Canella, con sede in Via Canella 14, 37031 Illasi (Verona) \u2013 ITALIA, p.iva\/c.f. 03690990233 \u2013 info@cortecanella.it a cui potrai rivolgerti in qualsiasi momento per l\u2019esercizio dei diritti previsti dall\u2019art. 7 del D.Lgs. 196\/2003 e art. 15 GDPR.<br \/>\n<br \/>\nDati di traffico telematico\/Dati di navigazione<br \/>\nLog, indirizzo IP di provenienza. Questi dati vengono utilizzati al solo fine di ricavare informazioni statistiche anonime sull\u2019uso del sito e per controllarne il corretto funzionamento.<br \/>\n<br \/>\nDati forniti volontariamente dall\u2019Interessato<br \/>\nLa raccolta di dati personali degli utenti\/interessati pu\u00f2 avvenire in maniera volontaria, attraverso l\u2019invio di posta elettronica agli indirizzi riportati sul sito o attraverso la spedizione dei moduli elettronici presenti sullo stesso da parte degli utenti.<br \/>\n<br \/>\nIl Titolare non richiede all\u2019Interessato di fornire dati c.d. \u201cparticolari\u201d, ovvero, secondo quanto previsto dal GDPR (art. 9), i dati personali che rivelino l\u2019origine razziale o etnica, le opinioni politiche, le convinzioni religiose o filosofiche, o l\u2019appartenenza sindacale, nonch\u00e9 dati genetici, dati biometrici intesi a identificare in modo univoco una persona fisica, dati relativi alla salute o alla vita sessuale o all\u2019orientamento sessuale della persona. Nel caso in cui la prestazione richiesta al Titolare imponesse il trattamento di tali dati, l\u2019Interessato ricever\u00e0 preventivamente apposita informativa e sar\u00e0 ad Egli richiesto di prestare apposito consenso.<br \/>\nPer quali finalit\u00e0 ci occorrono i dati dell\u2019Interessato<br \/>\n<br \/>\n(art. 13, 1\u00b0 comma GDPR)<br \/>\n<br \/>\nI dati servono al Titolare per dar seguito alla richiesta di iscrizione anagrafica ed al contratto di fornitura del Servizio prescelto e\/o del Prodotto acquistato, gestire ed eseguire le richieste di contatto inoltrate dall\u2019Interessato, fornire assistenza, adempiere agli obblighi di legge e regolamentari cui il Titolare \u00e8 tenuto in funzione dell\u2019attivit\u00e0 esercitata. In nessun caso il Titolare rivende i dati personali dell\u2019Interessato a terzi n\u00e9 li utilizza per finalit\u00e0 non dichiarate.<br \/>\nComunicazione a terzi e categorie di destinatari<br \/>\n<br \/>\n(art. 13, 1\u00b0 comma GDPR)<br \/>\n<br \/>\nLa comunicazione dei dati personali dell\u2019Interessato avviene principalmente nei confronti di terzi e\/o destinatari la cui attivit\u00e0 \u00e8 necessaria per l\u2019espletamento delle attivit\u00e0 inerenti al rapporto instaurato e per rispondere a determinati obblighi di legge, quali:<br \/>\nTerzi fornitori e consulenti esterni: Erogazione di servizi (assistenza, manutenzione, fornitori di reti e servizi di comunicazione elettronica) connessi alla gestione del sito web.<br \/>\nIl Titolare non trasferisce i tuoi dati personali in paesi nei quali non \u00e8 applicato il GDPR (paesi extra UE) salvo specifiche indicazioni contrarie per le quali verrai preventivamente informato e se necessario verr\u00e0 richiesto il tuo consenso.<br \/>\nBase giuridica di tali trattamenti \u00e8 l\u2019adempimento delle prestazioni inerenti al rapporto instaurato, il rispetto di obblighi di legge ed il legittimo interesse del Titolare ad effettuare trattamenti necessari a tali finalit\u00e0.<br \/>\nChe cosa succede nel caso in cui l\u2019Interessato non fornisca i suoi dati identificati come necessari ai fini dell\u2019esecuzione della prestazione richiesta?<br \/>\n<br \/>\n(Art. 13, 2\u00b0 comma, lett. e GDPR)<br \/>\n<br \/>\nIn generale la raccolta ed il trattamento dei dati personali \u00e8 necessaria per dar seguito alle prestazioni richieste. Qualora l\u2019Interessato non fornisca i dati personali, il Titolare non potr\u00e0 dar seguito ai trattamenti legati alla gestione delle prestazioni richieste, n\u00e9 agli adempimenti che da essi dipendono.<br \/>\nChe cosa succede nel caso in cui l\u2019Interessato non fornisca il consenso al trattamento dei dati personali per le attivit\u00e0 di promozione commerciale su Servizi\/Prodotti differenti rispetto a quelli acquistati?<br \/>\n<br \/>\nNel caso in cui l\u2019Interessato non presti il proprio consenso al trattamento dei dati personali per tali finalit\u00e0, detto trattamento non avverr\u00e0 per le finalit\u00e0 medesime, senza che ci\u00f2 comporti effetti sull\u2019erogazione delle prestazioni richieste, n\u00e9 per quelle per cui Egli ha gi\u00e0 prestato il proprio consenso, se richiesto.<br \/>\nNel caso in cui l\u2019Interessato abbia prestato il consenso e dovesse successivamente revocarlo o opporsi al trattamento per attivit\u00e0 di promozione commerciale, i suoi dati non saranno trattati pi\u00f9 per tali attivit\u00e0, senza che ci\u00f2 comporti conseguenze o effetti pregiudizievoli per l\u2019Interessato e per le prestazioni richieste.<br \/>\nCome trattiamo i dati dell\u2019Interessato<br \/>\n<br \/>\n(art. 32 GDPR)<br \/>\n<br \/>\nIl Titolare dispone l\u2019utilizzo di adeguate misure di sicurezza al fine di preservare la riservatezza, l\u2019integrit\u00e0 e la disponibilit\u00e0 di dati personali dell\u2019Interessato e impone ai terzi fornitori e ai Responsabili analoghe misure di sicurezza.<br \/>\nDove trattiamo i dati dell\u2019Interessato<br \/>\n<br \/>\nI dati personali dell\u2019Interessato sono conservati in archivi cartacei, informatici e telematici situati in paesi nei quali \u00e8 applicato il GDPR (paesi UE). Ai sensi dell\u2019art. 43 del Codice Privacy e dell\u2019art. 44 del GDPR, il Titolare potrebbe inoltre trasferire i suoi dati personali a Terze Parti ubicate in Stati non appartenenti all\u2019Unione Europea ovvero allo Spazio Economico Europeo. In tale circostanza, il Titolare assicura l\u2019adozione di adeguate garanzie (come la sottoscrizione di clausole contrattuali standard approvate dalla Commissione UE) con la societ\u00e0 estera ricevente i dati; tali clausole garantiscono un livello di protezione dei dati corrispondente a quello sancito dalla normativa europea.<br \/>\nPer quanto tempo vengono conservati i dati dell\u2019Interessato?<br \/>\n<br \/>\n(art. 13, 2\u00b0 comma, lett. a GDPR)<br \/>\n<br \/>\nA meno che questi non esprima esplicitamente la propria volont\u00e0 di rimuoverli, i dati personali dell\u2019Interessato saranno conservati fino a che saranno necessari rispetto alle legittime finalit\u00e0 per le quali sono stati raccolti.<br \/>\nIn particolare, saranno conservati per tutta la durata della sua iscrizione anagrafica e comunque non oltre un periodo massimo di 12 (dodici) mesi di sua inattivit\u00e0, ovvero qualora, entro tale termine, non risultino associati dei Servizi e\/o acquistati dei Prodotti mediante l\u2019anagrafica stessa.<br \/>\nOccorre inoltre aggiungere che, nel caso in cui un utente inoltri al Titolare dati personali non richiesti o non necessari al fine dell\u2019esecuzione della prestazione richiesta ovvero all\u2019erogazione di un servizio ad essa strettamente connessa, il Titolare non potr\u00e0 essere considerata titolare di questi dati, e provveder\u00e0 alla loro cancellazione nel pi\u00f9 breve tempo possibile.<br \/>\nA prescindere dalla determinazione dell\u2019Interessato alla loro rimozione, i dati personali saranno in ogni caso conservati secondo i termini previsti dalla vigente normativa e\/o dai regolamenti nazionali, al fine esclusivo di garantire gli adempimenti specifici, propri di alcuni Servizi.<br \/>\nAltres\u00ec, i dati personali saranno in ogni caso conservati per l\u2019adempimento degli obblighi (es. fiscali e contabili) che permangono anche dopo la cessazione del contratto (art. 2220 c.c.); per tali fini il Titolare conserver\u00e0 solo i dati necessari al relativo perseguimento.<br \/>\nSono fatti salvi i casi in cui si dovessero far valere in giudizio i diritti derivanti dal contratto e\/o dall\u2019iscrizione anagrafica, nel qual caso i dati personali dell\u2019Interessato, esclusivamente quelli necessari per tali finalit\u00e0, saranno trattati per il tempo indispensabile al loro perseguimento.<br \/>\nI tuoi diritti<br \/>\n<br \/>\nIn relazione al trattamento dei tuoi dati personali, hai diritto di chiedere al Titolare:<br \/>\n<br \/>\n    l\u2019accesso: puoi chiedere conferma che sia o meno in essere un trattamento di dati che ti riguardano, oltre a maggiori chiarimenti circa le informazioni di cui alla presente Informativa, nonch\u00e9 di ricevere i dati stessi, nei limiti della ragionevolezza;<br \/>\n    la rettifica: puoi chiedere di rettificare o integrare i dati che ci hai fornito o comunque in nostro possesso, qualora inesatti;<br \/>\n    la cancellazione: puoi chiedere che i tuoi dati acquisiti o trattati dal Titolare vengano cancellati, qualora non siano pi\u00f9 necessari alle nostre finalit\u00e0 o laddove non vi siano contestazioni o controversie in essere, in caso di revoca del consenso o tua opposizione al trattamento, in caso di trattamento illecito, ovvero qualora sussista un obbligo legale di cancellazione;<br \/>\n    la limitazione: puoi chiedere la limitazione del trattamento dei suoi dati personali, quando ricorre una delle condizioni di cui all\u2019art. 18 del GDPR; in tal caso, i tuoi dati non saranno trattati, salvo che per la conservazione, senza il tuo consenso fatta eccezione per quanto esplicitato nel medesimo articolo al comma 2.<br \/>\n    l\u2019opposizione: puoi opporti in qualunque momento al trattamento dei tuoi dati sulla base di un nostro legittimo interesse, salvo che vi siano nostri motivi legittimi per procedere al trattamento che prevalgano sui tuoi, per esempio per l\u2019esercizio o la nostra difesa in sede giudiziaria; la tua opposizione prevarr\u00e0 sempre e comunque sul nostro interesse legittimo a trattare i tuoi dati per finalit\u00e0 di marketing;<br \/>\n    la portabilit\u00e0: puoi chiedere di ricevere i tuoi dati, o di farli trasmettere ad altro titolare da te indicato, in un formato strutturato, di uso comune e leggibile da dispositivo automatico.<br \/>\n    Inoltre, ai sensi dell\u2019art. 7, par. 3, GDPR, ti informiamo che puoi esercitare in qualsiasi momento il tuo diritto di revoca del consenso, senza che venga pregiudicata la liceit\u00e0 del trattamento basata sul consenso prestato antecedentemente. Infine, ti informiamo che ha diritto di proporre reclamo dinanzi all\u2019Autorit\u00e0 di Controllo, che in Italia \u00e8 il Garante per la Protezione dei Dati Personali.<br \/>\n    diritto all\u2019oblio: Ti informiamo che la presente Informativa riguarda esclusivamente il trattamento dei dati personali che ci hai fornito o fornirai al Titolare \u2013 eventualmente anche acquistando nostri prodotti e\/o servizi forniti dietro pagamento o partecipando a nostre promozioni e\/o offerte \u2013 e quelli che, eventualmente, il Titolare acquisir\u00e0 nel corso del presente rapporto e\/o di ulteriori rapporti tra te e noi.<br \/>\n    Se volessi, invece, far valere il diritto all\u2019oblio con riferimento ai tuoi dati personali eventualmente contenuti in articoli, pubblicazioni o sezioni del sito puoi rivolgerti, ai fini dell\u2019esercizio di tale diritto di cui all\u2019art. 17 del GDPR, scrivendo al Titolare Corte Canella, con sede in Via Canella 14, 37031 Illasi (Verona), p.iva\/c.f. 03690990233, info@cortecanella.it.<br \/>\n<br \/>\np&gt;Per esercitare tali diritti, segnalare problemi o chiedere chiarimenti sul trattamento dei propri dati personali puoi inviare una mail a info@cortecanella.it.<br \/>\nTi comunichiamo, inoltre, che \u00e8 possibile inoltrare le tue richieste anche via posta, scrivendo al Titolare del Trattamento, Corte Canella, con sede in Via Canella 14, 37031 Illasi (Verona), p.iva\/c.f. 03690990233, specificando l\u2019oggetto della richiesta.<br \/>\n<br \/>\nModifiche all\u2019Informativa<br \/>\n<br \/>\nL\u2019eventuale entrata in vigore di nuove normative di settore, come anche il costante esame ed aggiornamento dei servizi a te riservati e diretti, potrebbe comportare la necessit\u00e0 di modificare le modalit\u00e0 e i termini descritti nella presente Informativa. \u00c8 pertanto possibile che questo documento subisca modifiche nel tempo. Ti invitiamo, pertanto, a consultare periodicamente questa pagina.<br \/>\nPubblicheremo eventuali modifiche alla presente Informativa in questa pagina e, qualora le modifiche fossero rilevanti, provvederemo a segnalartele con una notifica pi\u00f9 visibile.<br \/>\n<br \/>\nUltimo aggiornamento: 22\/05\/2025<\/div><\/div><\/div><!-- .wpforms-field-container --><div class=\"wpforms-recaptcha-container wpforms-is-hcaptcha\" ><div class=\"h-captcha\" data-sitekey=\"4aab2cdb-d4ae-4345-ac10-cf7b2b48a2bc\"><\/div><input type=\"text\" name=\"g-recaptcha-hidden\" class=\"wpforms-recaptcha-hidden\" style=\"position:absolute!important;clip:rect(0,0,0,0)!important;height:1px!important;width:1px!important;border:0!important;overflow:hidden!important;padding:0!important;margin:0!important;\" data-rule-hcaptcha=\"1\"><\/div><div class=\"wpforms-submit-container\" ><input type=\"hidden\" name=\"wpforms[id]\" value=\"12208\"><input type=\"hidden\" name=\"page_title\" value=\"\"><input type=\"hidden\" name=\"page_url\" value=\"https:\/\/www.cortecanella.it\/en\/wp-json\/wp\/v2\/pages\/12318\"><input type=\"hidden\" name=\"url_referer\" value=\"\"><button type=\"submit\" name=\"wpforms[submit]\" id=\"wpforms-submit-12208\" class=\"wpforms-submit\" data-alt-text=\"Invio in corso...\" data-submit-text=\"Invia\" aria-live=\"assertive\" value=\"wpforms-submit\">Invia<\/button><img loading=\"lazy\" decoding=\"async\" src=\"https:\/\/www.cortecanella.it\/wp-content\/plugins\/wpforms-lite\/assets\/images\/submit-spin.svg\" class=\"wpforms-submit-spinner\" style=\"display: none;\" width=\"26\" height=\"26\" alt=\"Loading\"><\/div><\/form><\/div>  <!-- .wpforms-container -->\t\t\t\t<\/div>\n\t\t\t\t<\/div>\n\t\t\t\t\t<\/div>\n\t\t<\/div>\n\t\t\t\t<div class=\"elementor-column elementor-col-50 elementor-top-column elementor-element elementor-element-04585b5\" data-id=\"04585b5\" data-element_type=\"column\" data-e-type=\"column\">\n\t\t\t<div class=\"elementor-widget-wrap elementor-element-populated\">\n\t\t\t\t\t\t<div class=\"elementor-element elementor-element-d0e64e9 elementor-widget elementor-widget-heading\" data-id=\"d0e64e9\" data-element_type=\"widget\" data-e-type=\"widget\" data-widget_type=\"heading.default\">\n\t\t\t\t<div class=\"elementor-widget-container\">\n\t\t\t\t\t<h4 class=\"elementor-heading-title elementor-size-default\">Contatti<\/h4>\t\t\t\t<\/div>\n\t\t\t\t<\/div>\n\t\t\t\t<div class=\"elementor-element elementor-element-148fc78 elementor-widget elementor-widget-text-editor\" data-id=\"148fc78\" data-element_type=\"widget\" data-e-type=\"widget\" data-widget_type=\"text-editor.default\">\n\t\t\t\t<div class=\"elementor-widget-container\">\n\t\t\t\t\t\t\t\t\t<p>Via Canella 14, 37031 Illasi<br \/><strong>Telefono:<\/strong><br \/><a href=\"tel:+393479445573\">347.9445573<\/a> Gloria<br \/><strong>Email:\u00a0<\/strong><strong><a href=\"info@cortecanella.it\">info@cortecanella.it<\/a><\/strong><\/p>\t\t\t\t\t\t\t\t<\/div>\n\t\t\t\t<\/div>\n\t\t\t\t<div class=\"elementor-element elementor-element-0b5b999 elementor-widget elementor-widget-google_maps\" data-id=\"0b5b999\" data-element_type=\"widget\" data-e-type=\"widget\" data-widget_type=\"google_maps.default\">\n\t\t\t\t<div class=\"elementor-widget-container\">\n\t\t\t\t\t\t\t<div class=\"elementor-custom-embed\">\n\t\t\t<iframe loading=\"lazy\"\n\t\t\t\t\tsrc=\"https:\/\/maps.google.com\/maps?q=Via%20Canella%2C%2014%2C%2037031%20Illasi%20VR&#038;t=m&#038;z=10&#038;output=embed&#038;iwloc=near\"\n\t\t\t\t\ttitle=\"Via Canella, 14, 37031 Illasi VR\"\n\t\t\t\t\taria-label=\"Via Canella, 14, 37031 Illasi VR\"\n\t\t\t><\/iframe>\n\t\t<\/div>\n\t\t\t\t\t\t<\/div>\n\t\t\t\t<\/div>\n\t\t\t\t\t<\/div>\n\t\t<\/div>\n\t\t\t\t\t<\/div>\n\t\t<\/section>\n\t\t\t\t<\/div>\n\t\t","protected":false},"excerpt":{"rendered":"<p>Wine gift pack &quot;Because everyone&#039;s desire is not to be just anyone&quot; We strongly believe that a personalized gift is much more than a gift. Anyone who receives a gift made especially for themselves also receives the love of those who prepare it. A date, a dedication or even a logo are just a few\u2026 <a class=\"more-link\" href=\"https:\/\/www.cortecanella.it\/en\/confezione-regalo-vino\/\">Continue reading <span class=\"screen-reader-text\">Wine gift box<\/span><\/a><\/p>","protected":false},"author":2,"featured_media":0,"parent":0,"menu_order":0,"comment_status":"closed","ping_status":"closed","template":"","meta":{"rs_blank_template":"","rs_page_bg_color":"","slide_template_v7":"","footnotes":""},"class_list":["post-12318","page","type-page","status-publish","hentry","layout-1","product-add-to-cart-ajax"],"yoast_head":"<!-- This site is optimized with the Yoast SEO plugin v27.4 - https:\/\/yoast.com\/product\/yoast-seo-wordpress\/ -->\n<title>Confezione regalo vino - Corte Canella<\/title>\n<meta name=\"description\" content=\"Regali personalizzati con confezioni in legno o in cartone da 1 a 3 bottiglie. Entra e personalizza il tuo regalo.\" \/>\n<meta name=\"robots\" content=\"index, follow, max-snippet:-1, max-image-preview:large, max-video-preview:-1\" \/>\n<link rel=\"canonical\" href=\"https:\/\/www.cortecanella.it\/en\/confezione-regalo-vino\/\" \/>\n<meta property=\"og:locale\" content=\"en_GB\" \/>\n<meta property=\"og:type\" content=\"article\" \/>\n<meta property=\"og:title\" content=\"Confezione regalo vino - Corte Canella\" \/>\n<meta property=\"og:description\" content=\"Regali personalizzati con confezioni in legno o in cartone da 1 a 3 bottiglie. Entra e personalizza il tuo regalo.\" \/>\n<meta property=\"og:url\" content=\"https:\/\/www.cortecanella.it\/en\/confezione-regalo-vino\/\" \/>\n<meta property=\"og:site_name\" content=\"Corte Canella\" \/>\n<meta property=\"article:publisher\" content=\"https:\/\/www.facebook.com\/Corte-Canella-107518545980923\/\" \/>\n<meta property=\"article:modified_time\" content=\"2025-11-13T12:16:36+00:00\" \/>\n<meta property=\"og:image\" content=\"https:\/\/www.cortecanella.it\/wp-content\/uploads\/2022\/09\/cassetta-regalo-vini.jpg\" \/>\n\t<meta property=\"og:image:width\" content=\"1920\" \/>\n\t<meta property=\"og:image:height\" content=\"1280\" \/>\n\t<meta property=\"og:image:type\" content=\"image\/jpeg\" \/>\n<meta name=\"twitter:card\" content=\"summary_large_image\" \/>\n<meta name=\"twitter:label1\" content=\"Estimated reading time\" \/>\n\t<meta name=\"twitter:data1\" content=\"15 minutes\" \/>\n<script type=\"application\/ld+json\" class=\"yoast-schema-graph\">{\"@context\":\"https:\\\/\\\/schema.org\",\"@graph\":[{\"@type\":\"WebPage\",\"@id\":\"https:\\\/\\\/www.cortecanella.it\\\/confezione-regalo-vino\\\/\",\"url\":\"https:\\\/\\\/www.cortecanella.it\\\/confezione-regalo-vino\\\/\",\"name\":\"Confezione regalo vino - Corte Canella\",\"isPartOf\":{\"@id\":\"https:\\\/\\\/www.cortecanella.it\\\/#website\"},\"primaryImageOfPage\":{\"@id\":\"https:\\\/\\\/www.cortecanella.it\\\/confezione-regalo-vino\\\/#primaryimage\"},\"image\":{\"@id\":\"https:\\\/\\\/www.cortecanella.it\\\/confezione-regalo-vino\\\/#primaryimage\"},\"thumbnailUrl\":\"https:\\\/\\\/www.cortecanella.it\\\/wp-content\\\/uploads\\\/2022\\\/09\\\/cassetta-regalo-vini-1024x683.jpg\",\"datePublished\":\"2022-08-26T09:24:39+00:00\",\"dateModified\":\"2025-11-13T12:16:36+00:00\",\"description\":\"Regali personalizzati con confezioni in legno o in cartone da 1 a 3 bottiglie. Entra e personalizza il tuo regalo.\",\"breadcrumb\":{\"@id\":\"https:\\\/\\\/www.cortecanella.it\\\/confezione-regalo-vino\\\/#breadcrumb\"},\"inLanguage\":\"en-GB\",\"potentialAction\":[{\"@type\":\"ReadAction\",\"target\":[\"https:\\\/\\\/www.cortecanella.it\\\/confezione-regalo-vino\\\/\"]}]},{\"@type\":\"ImageObject\",\"inLanguage\":\"en-GB\",\"@id\":\"https:\\\/\\\/www.cortecanella.it\\\/confezione-regalo-vino\\\/#primaryimage\",\"url\":\"https:\\\/\\\/www.cortecanella.it\\\/wp-content\\\/uploads\\\/2022\\\/09\\\/cassetta-regalo-vini-1024x683.jpg\",\"contentUrl\":\"https:\\\/\\\/www.cortecanella.it\\\/wp-content\\\/uploads\\\/2022\\\/09\\\/cassetta-regalo-vini-1024x683.jpg\"},{\"@type\":\"BreadcrumbList\",\"@id\":\"https:\\\/\\\/www.cortecanella.it\\\/confezione-regalo-vino\\\/#breadcrumb\",\"itemListElement\":[{\"@type\":\"ListItem\",\"position\":1,\"name\":\"Home\",\"item\":\"https:\\\/\\\/www.cortecanella.it\\\/\"},{\"@type\":\"ListItem\",\"position\":2,\"name\":\"Confezione regalo vino\"}]},{\"@type\":\"WebSite\",\"@id\":\"https:\\\/\\\/www.cortecanella.it\\\/#website\",\"url\":\"https:\\\/\\\/www.cortecanella.it\\\/\",\"name\":\"Corte Canella\",\"description\":\"Cantina a Illasi VR\",\"publisher\":{\"@id\":\"https:\\\/\\\/www.cortecanella.it\\\/#organization\"},\"potentialAction\":[{\"@type\":\"SearchAction\",\"target\":{\"@type\":\"EntryPoint\",\"urlTemplate\":\"https:\\\/\\\/www.cortecanella.it\\\/?s={search_term_string}\"},\"query-input\":{\"@type\":\"PropertyValueSpecification\",\"valueRequired\":true,\"valueName\":\"search_term_string\"}}],\"inLanguage\":\"en-GB\"},{\"@type\":\"Organization\",\"@id\":\"https:\\\/\\\/www.cortecanella.it\\\/#organization\",\"name\":\"Corte Canella\",\"url\":\"https:\\\/\\\/www.cortecanella.it\\\/\",\"logo\":{\"@type\":\"ImageObject\",\"inLanguage\":\"en-GB\",\"@id\":\"https:\\\/\\\/www.cortecanella.it\\\/#\\\/schema\\\/logo\\\/image\\\/\",\"url\":\"https:\\\/\\\/www.cortecanella.it\\\/wp-content\\\/uploads\\\/2022\\\/10\\\/cortecan.png\",\"contentUrl\":\"https:\\\/\\\/www.cortecanella.it\\\/wp-content\\\/uploads\\\/2022\\\/10\\\/cortecan.png\",\"width\":310,\"height\":310,\"caption\":\"Corte Canella\"},\"image\":{\"@id\":\"https:\\\/\\\/www.cortecanella.it\\\/#\\\/schema\\\/logo\\\/image\\\/\"},\"sameAs\":[\"https:\\\/\\\/www.facebook.com\\\/Corte-Canella-107518545980923\\\/\"]}]}<\/script>\n<!-- \/ Yoast SEO plugin. -->","yoast_head_json":{"title":"Wine gift box - Corte Canella","description":"Personalized gifts with wooden or cardboard boxes of 1 to 3 bottles. Enter and personalize your gift.","robots":{"index":"index","follow":"follow","max-snippet":"max-snippet:-1","max-image-preview":"max-image-preview:large","max-video-preview":"max-video-preview:-1"},"canonical":"https:\/\/www.cortecanella.it\/en\/confezione-regalo-vino\/","og_locale":"en_GB","og_type":"article","og_title":"Confezione regalo vino - Corte Canella","og_description":"Regali personalizzati con confezioni in legno o in cartone da 1 a 3 bottiglie. Entra e personalizza il tuo regalo.","og_url":"https:\/\/www.cortecanella.it\/en\/confezione-regalo-vino\/","og_site_name":"Corte Canella","article_publisher":"https:\/\/www.facebook.com\/Corte-Canella-107518545980923\/","article_modified_time":"2025-11-13T12:16:36+00:00","og_image":[{"width":1920,"height":1280,"url":"https:\/\/www.cortecanella.it\/wp-content\/uploads\/2022\/09\/cassetta-regalo-vini.jpg","type":"image\/jpeg"}],"twitter_card":"summary_large_image","twitter_misc":{"Estimated reading time":"15 minutes"},"schema":{"@context":"https:\/\/schema.org","@graph":[{"@type":"WebPage","@id":"https:\/\/www.cortecanella.it\/confezione-regalo-vino\/","url":"https:\/\/www.cortecanella.it\/confezione-regalo-vino\/","name":"Wine gift box - Corte Canella","isPartOf":{"@id":"https:\/\/www.cortecanella.it\/#website"},"primaryImageOfPage":{"@id":"https:\/\/www.cortecanella.it\/confezione-regalo-vino\/#primaryimage"},"image":{"@id":"https:\/\/www.cortecanella.it\/confezione-regalo-vino\/#primaryimage"},"thumbnailUrl":"https:\/\/www.cortecanella.it\/wp-content\/uploads\/2022\/09\/cassetta-regalo-vini-1024x683.jpg","datePublished":"2022-08-26T09:24:39+00:00","dateModified":"2025-11-13T12:16:36+00:00","description":"Personalized gifts with wooden or cardboard boxes of 1 to 3 bottles. Enter and personalize your gift.","breadcrumb":{"@id":"https:\/\/www.cortecanella.it\/confezione-regalo-vino\/#breadcrumb"},"inLanguage":"en-GB","potentialAction":[{"@type":"ReadAction","target":["https:\/\/www.cortecanella.it\/confezione-regalo-vino\/"]}]},{"@type":"ImageObject","inLanguage":"en-GB","@id":"https:\/\/www.cortecanella.it\/confezione-regalo-vino\/#primaryimage","url":"https:\/\/www.cortecanella.it\/wp-content\/uploads\/2022\/09\/cassetta-regalo-vini-1024x683.jpg","contentUrl":"https:\/\/www.cortecanella.it\/wp-content\/uploads\/2022\/09\/cassetta-regalo-vini-1024x683.jpg"},{"@type":"BreadcrumbList","@id":"https:\/\/www.cortecanella.it\/confezione-regalo-vino\/#breadcrumb","itemListElement":[{"@type":"ListItem","position":1,"name":"Home","item":"https:\/\/www.cortecanella.it\/"},{"@type":"ListItem","position":2,"name":"Confezione regalo vino"}]},{"@type":"WebSite","@id":"https:\/\/www.cortecanella.it\/#website","url":"https:\/\/www.cortecanella.it\/","name":"Canella Court","description":"Cellar in Illasi VR","publisher":{"@id":"https:\/\/www.cortecanella.it\/#organization"},"potentialAction":[{"@type":"SearchAction","target":{"@type":"EntryPoint","urlTemplate":"https:\/\/www.cortecanella.it\/?s={search_term_string}"},"query-input":{"@type":"PropertyValueSpecification","valueRequired":true,"valueName":"search_term_string"}}],"inLanguage":"en-GB"},{"@type":"Organization","@id":"https:\/\/www.cortecanella.it\/#organization","name":"Canella Court","url":"https:\/\/www.cortecanella.it\/","logo":{"@type":"ImageObject","inLanguage":"en-GB","@id":"https:\/\/www.cortecanella.it\/#\/schema\/logo\/image\/","url":"https:\/\/www.cortecanella.it\/wp-content\/uploads\/2022\/10\/cortecan.png","contentUrl":"https:\/\/www.cortecanella.it\/wp-content\/uploads\/2022\/10\/cortecan.png","width":310,"height":310,"caption":"Corte Canella"},"image":{"@id":"https:\/\/www.cortecanella.it\/#\/schema\/logo\/image\/"},"sameAs":["https:\/\/www.facebook.com\/Corte-Canella-107518545980923\/"]}]}},"_links":{"self":[{"href":"https:\/\/www.cortecanella.it\/en\/wp-json\/wp\/v2\/pages\/12318","targetHints":{"allow":["GET"]}}],"collection":[{"href":"https:\/\/www.cortecanella.it\/en\/wp-json\/wp\/v2\/pages"}],"about":[{"href":"https:\/\/www.cortecanella.it\/en\/wp-json\/wp\/v2\/types\/page"}],"author":[{"embeddable":true,"href":"https:\/\/www.cortecanella.it\/en\/wp-json\/wp\/v2\/users\/2"}],"replies":[{"embeddable":true,"href":"https:\/\/www.cortecanella.it\/en\/wp-json\/wp\/v2\/comments?post=12318"}],"version-history":[{"count":75,"href":"https:\/\/www.cortecanella.it\/en\/wp-json\/wp\/v2\/pages\/12318\/revisions"}],"predecessor-version":[{"id":14610,"href":"https:\/\/www.cortecanella.it\/en\/wp-json\/wp\/v2\/pages\/12318\/revisions\/14610"}],"wp:attachment":[{"href":"https:\/\/www.cortecanella.it\/en\/wp-json\/wp\/v2\/media?parent=12318"}],"curies":[{"name":"wp","href":"https:\/\/api.w.org\/{rel}","templated":true}]}}