{"id":12396,"date":"2022-08-26T20:41:42","date_gmt":"2022-08-26T18:41:42","guid":{"rendered":"http:\/\/www.leonardogaltarossa.it\/cortecanella\/?page_id=12396"},"modified":"2022-12-20T12:39:58","modified_gmt":"2022-12-20T10:39:58","slug":"degustazione-vino-soave","status":"publish","type":"page","link":"https:\/\/www.cortecanella.it\/en\/degustazione-vino-soave\/","title":{"rendered":"Soave wine tasting"},"content":{"rendered":"\t\t<div data-elementor-type=\"wp-page\" data-elementor-id=\"12396\" class=\"elementor elementor-12396\">\n\t\t\t\t\t\t<section class=\"elementor-section elementor-top-section elementor-element elementor-element-1f598ef elementor-section-boxed elementor-section-height-default elementor-section-height-default\" data-id=\"1f598ef\" data-element_type=\"section\" data-e-type=\"section\" data-settings=\"{&quot;background_background&quot;:&quot;classic&quot;}\">\n\t\t\t\t\t\t\t<div class=\"elementor-background-overlay\"><\/div>\n\t\t\t\t\t\t\t<div class=\"elementor-container elementor-column-gap-default\">\n\t\t\t\t\t<div class=\"elementor-column elementor-col-100 elementor-top-column elementor-element elementor-element-21608db\" data-id=\"21608db\" data-element_type=\"column\" data-e-type=\"column\" data-settings=\"{&quot;background_background&quot;:&quot;slideshow&quot;,&quot;background_slideshow_gallery&quot;:[],&quot;background_slideshow_loop&quot;:&quot;yes&quot;,&quot;background_slideshow_slide_duration&quot;:5000,&quot;background_slideshow_slide_transition&quot;:&quot;fade&quot;,&quot;background_slideshow_transition_duration&quot;:500}\">\n\t\t\t<div class=\"elementor-widget-wrap elementor-element-populated\">\n\t\t\t\t\t\t<div class=\"elementor-element elementor-element-f2b5ad6 elementor-widget elementor-widget-heading\" data-id=\"f2b5ad6\" data-element_type=\"widget\" data-e-type=\"widget\" data-widget_type=\"heading.default\">\n\t\t\t\t<div class=\"elementor-widget-container\">\n\t\t\t\t\t<h1 class=\"elementor-heading-title elementor-size-default\">degustazione vini soave\n<HR style=\"max-width:900px;margin:0 auto;border: solid 1px\" \/><\/h1>\t\t\t\t<\/div>\n\t\t\t\t<\/div>\n\t\t\t\t<div class=\"elementor-element elementor-element-f43b0ba elementor-widget elementor-widget-heading\" data-id=\"f43b0ba\" data-element_type=\"widget\" data-e-type=\"widget\" data-widget_type=\"heading.default\">\n\t\t\t\t<div class=\"elementor-widget-container\">\n\t\t\t\t\t<h2 class=\"elementor-heading-title elementor-size-default\">cantina a soave illasi - verona<\/h2>\t\t\t\t<\/div>\n\t\t\t\t<\/div>\n\t\t\t\t\t<\/div>\n\t\t<\/div>\n\t\t\t\t\t<\/div>\n\t\t<\/section>\n\t\t\t\t<section class=\"elementor-section elementor-top-section elementor-element elementor-element-87ec4ab elementor-section-content-middle elementor-section-boxed elementor-section-height-default elementor-section-height-default\" data-id=\"87ec4ab\" data-element_type=\"section\" data-e-type=\"section\" data-settings=\"{&quot;background_background&quot;:&quot;classic&quot;}\">\n\t\t\t\t\t\t\t<div class=\"elementor-background-overlay\"><\/div>\n\t\t\t\t\t\t\t<div class=\"elementor-container elementor-column-gap-no\">\n\t\t\t\t\t<div class=\"elementor-column elementor-col-50 elementor-top-column elementor-element elementor-element-c881c90\" data-id=\"c881c90\" data-element_type=\"column\" data-e-type=\"column\">\n\t\t\t<div class=\"elementor-widget-wrap elementor-element-populated\">\n\t\t\t\t\t\t<div class=\"elementor-element elementor-element-aae63c5 elementor-widget elementor-widget-uipro-uiimage\" data-id=\"aae63c5\" data-element_type=\"widget\" data-e-type=\"widget\" data-widget_type=\"uipro-uiimage.default\">\n\t\t\t\t<div class=\"elementor-widget-container\">\n\t\t\t\t\t<div class=\"templaza-parallax templaza-widget-uiimage template-base\"><div class=\"ui-image uk-text-left uk-flex-left\"><div class=\"uk-inline uk-overflow-hidden ui-image-detail ui-image-flash-effect\"><div class=\"ui-blend uk-inline uk-transition-toggle\"><img fetchpriority=\"high\" decoding=\"async\" width=\"680\" height=\"670\" src=\"https:\/\/www.cortecanella.it\/wp-content\/uploads\/2022\/09\/degustazione-vini.jpg\" class=\"uk-transition-scale-up uk-transition-opaque attachment-full size-full\" alt=\"degustazione vini\" srcset=\"https:\/\/www.cortecanella.it\/wp-content\/uploads\/2022\/09\/degustazione-vini.jpg 680w, https:\/\/www.cortecanella.it\/wp-content\/uploads\/2022\/09\/degustazione-vini-600x591.jpg 600w, https:\/\/www.cortecanella.it\/wp-content\/uploads\/2022\/09\/degustazione-vini-300x296.jpg 300w\" sizes=\"(max-width: 680px) 100vw, 680px\" \/><\/div><\/div><\/div><\/div>\t\t\t\t<\/div>\n\t\t\t\t<\/div>\n\t\t\t\t\t<\/div>\n\t\t<\/div>\n\t\t\t\t<div class=\"elementor-column elementor-col-50 elementor-top-column elementor-element elementor-element-e076f95\" data-id=\"e076f95\" data-element_type=\"column\" data-e-type=\"column\">\n\t\t\t<div class=\"elementor-widget-wrap elementor-element-populated\">\n\t\t\t\t\t\t<div class=\"elementor-element elementor-element-d55e8d6 elementor-widget elementor-widget-uipro-heading\" data-id=\"d55e8d6\" data-element_type=\"widget\" data-e-type=\"widget\" data-widget_type=\"uipro-heading.default\">\n\t\t\t\t<div class=\"elementor-widget-container\">\n\t\t\t\t\t<div class=\"templaza-parallax templaza-widget-heading template-base\">    <div data-scroll  class=\"sc_heading uk-flex uk-flex-column uk-position-relative left \"><span class=\"sub-heading uk-flex uk-flex-inline uk-flex-middle\"><span class=\"sub-heading-content\">Esperienze da vivere<\/span><\/span><h2 class=\"title uk-h2 uk-margin-custom\"><span class=\"heading-highlighted-wrapper\"><span class=\"heading-plain-text\">Degustazione nel cuore \ndella Valpolicella<\/span><\/span><\/h2><\/div><\/div>\t\t\t\t<\/div>\n\t\t\t\t<\/div>\n\t\t\t\t<div class=\"elementor-element elementor-element-f1a6c98 elementor-widget elementor-widget-text-editor\" data-id=\"f1a6c98\" data-element_type=\"widget\" data-e-type=\"widget\" data-widget_type=\"text-editor.default\">\n\t\t\t\t<div class=\"elementor-widget-container\">\n\t\t\t\t\t\t\t\t\t<p><strong>Tocca con mano la nostra passione<\/strong><\/p><p>In provincia di Verona, cantina a Illasi offre la possibilit\u00e0 di degustare il gusto del vino Soave DOP. La cantina \u00e8 situata in una posizione strategica per visitare la zona del Garda e le sue splendide colline. I vigneti sono coltivati secondo i criteri della viticoltura naturale e biologica, per offrire al palato un sapore fresco e autentico.<\/p><p>La produzione annuale \u00e8 limitata, per garantire la qualit\u00e0 del prodotto finale, per questo motivo \u00e8 molto importate prenotare anticipatamente per degustare il Soave.<\/p>\t\t\t\t\t\t\t\t<\/div>\n\t\t\t\t<\/div>\n\t\t\t\t<div class=\"elementor-element elementor-element-d6e52de elementor-widget elementor-widget-button\" data-id=\"d6e52de\" data-element_type=\"widget\" data-e-type=\"widget\" data-widget_type=\"button.default\">\n\t\t\t\t<div class=\"elementor-widget-container\">\n\t\t\t\t\t\t\t\t\t<div class=\"elementor-button-wrapper\">\n\t\t\t\t\t<a class=\"elementor-button elementor-button-link elementor-size-sm\" href=\"#modulocontatto\" target=\"_blank\">\n\t\t\t\t\t\t<span class=\"elementor-button-content-wrapper\">\n\t\t\t\t\t\t\t\t\t<span class=\"elementor-button-text\">Prenota adesso<\/span>\n\t\t\t\t\t<\/span>\n\t\t\t\t\t<\/a>\n\t\t\t\t<\/div>\n\t\t\t\t\t\t\t\t<\/div>\n\t\t\t\t<\/div>\n\t\t\t\t\t<\/div>\n\t\t<\/div>\n\t\t\t\t\t<\/div>\n\t\t<\/section>\n\t\t\t\t<section class=\"elementor-section elementor-top-section elementor-element elementor-element-18b560b elementor-section-content-middle elementor-section-boxed elementor-section-height-default elementor-section-height-default\" data-id=\"18b560b\" data-element_type=\"section\" data-e-type=\"section\">\n\t\t\t\t\t\t\t<div class=\"elementor-background-overlay\"><\/div>\n\t\t\t\t\t\t\t<div class=\"elementor-container elementor-column-gap-default\">\n\t\t\t\t\t<div class=\"elementor-column elementor-col-50 elementor-top-column elementor-element elementor-element-bc84da9\" data-id=\"bc84da9\" data-element_type=\"column\" data-e-type=\"column\">\n\t\t\t<div class=\"elementor-widget-wrap elementor-element-populated\">\n\t\t\t\t\t\t<div class=\"elementor-element elementor-element-8ec48a5 elementor-widget elementor-widget-spacer\" data-id=\"8ec48a5\" data-element_type=\"widget\" data-e-type=\"widget\" data-widget_type=\"spacer.default\">\n\t\t\t\t<div class=\"elementor-widget-container\">\n\t\t\t\t\t\t\t<div class=\"elementor-spacer\">\n\t\t\t<div class=\"elementor-spacer-inner\"><\/div>\n\t\t<\/div>\n\t\t\t\t\t\t<\/div>\n\t\t\t\t<\/div>\n\t\t\t\t<div class=\"elementor-element elementor-element-64b8e4a elementor-widget elementor-widget-heading\" data-id=\"64b8e4a\" data-element_type=\"widget\" data-e-type=\"widget\" data-widget_type=\"heading.default\">\n\t\t\t\t<div class=\"elementor-widget-container\">\n\t\t\t\t\t<h3 class=\"elementor-heading-title elementor-size-default\">Degustazione vini Verona<\/h3>\t\t\t\t<\/div>\n\t\t\t\t<\/div>\n\t\t\t\t<div class=\"elementor-element elementor-element-7f72864 elementor-widget elementor-widget-text-editor\" data-id=\"7f72864\" data-element_type=\"widget\" data-e-type=\"widget\" data-widget_type=\"text-editor.default\">\n\t\t\t\t<div class=\"elementor-widget-container\">\n\t\t\t\t\t\t\t\t\t<p>Ogni tour pu\u00f2 essere personalizzato a piacimento, sulla base delle vostre richieste sar\u00e0 nostra cura offrirvi il servizio pi\u00f9 adatto ed esclusivo. Visiteremo la cantina e i vigneti, per concludere poi con la degustazione delle nostre bottiglie in abbinamento a salumi e formaggi locali.<\/p>\t\t\t\t\t\t\t\t<\/div>\n\t\t\t\t<\/div>\n\t\t\t\t<div class=\"elementor-element elementor-element-2d6906e elementor-widget elementor-widget-spacer\" data-id=\"2d6906e\" data-element_type=\"widget\" data-e-type=\"widget\" data-widget_type=\"spacer.default\">\n\t\t\t\t<div class=\"elementor-widget-container\">\n\t\t\t\t\t\t\t<div class=\"elementor-spacer\">\n\t\t\t<div class=\"elementor-spacer-inner\"><\/div>\n\t\t<\/div>\n\t\t\t\t\t\t<\/div>\n\t\t\t\t<\/div>\n\t\t\t\t\t<\/div>\n\t\t<\/div>\n\t\t\t\t<div class=\"elementor-column elementor-col-50 elementor-top-column elementor-element elementor-element-a587f16\" data-id=\"a587f16\" data-element_type=\"column\" data-e-type=\"column\" data-settings=\"{&quot;background_background&quot;:&quot;classic&quot;}\">\n\t\t\t<div class=\"elementor-widget-wrap\">\n\t\t\t\t\t\t\t<\/div>\n\t\t<\/div>\n\t\t\t\t\t<\/div>\n\t\t<\/section>\n\t\t\t\t<section class=\"elementor-section elementor-top-section elementor-element elementor-element-0eb396f elementor-section-boxed elementor-section-height-default elementor-section-height-default\" data-id=\"0eb396f\" data-element_type=\"section\" data-e-type=\"section\">\n\t\t\t\t\t\t<div class=\"elementor-container elementor-column-gap-default\">\n\t\t\t\t\t<div class=\"elementor-column elementor-col-25 elementor-top-column elementor-element elementor-element-9547af7\" data-id=\"9547af7\" data-element_type=\"column\" data-e-type=\"column\">\n\t\t\t<div class=\"elementor-widget-wrap elementor-element-populated\">\n\t\t\t\t\t\t<div class=\"elementor-element elementor-element-4df6e5a elementor-view-default elementor-widget elementor-widget-icon\" data-id=\"4df6e5a\" data-element_type=\"widget\" data-e-type=\"widget\" data-widget_type=\"icon.default\">\n\t\t\t\t<div class=\"elementor-widget-container\">\n\t\t\t\t\t\t\t<div class=\"elementor-icon-wrapper\">\n\t\t\t<div class=\"elementor-icon\">\n\t\t\t<i aria-hidden=\"true\" class=\"far fa-calendar-alt\"><\/i>\t\t\t<\/div>\n\t\t<\/div>\n\t\t\t\t\t\t<\/div>\n\t\t\t\t<\/div>\n\t\t\t\t<div class=\"elementor-element elementor-element-9a97ce8 elementor-widget elementor-widget-heading\" data-id=\"9a97ce8\" data-element_type=\"widget\" data-e-type=\"widget\" data-widget_type=\"heading.default\">\n\t\t\t\t<div class=\"elementor-widget-container\">\n\t\t\t\t\t<h6 class=\"elementor-heading-title elementor-size-default\">Prenotazione <br \/>obbligatoria<\/h6>\t\t\t\t<\/div>\n\t\t\t\t<\/div>\n\t\t\t\t<div class=\"elementor-element elementor-element-5ad12f1 elementor-widget elementor-widget-text-editor\" data-id=\"5ad12f1\" data-element_type=\"widget\" data-e-type=\"widget\" data-widget_type=\"text-editor.default\">\n\t\t\t\t<div class=\"elementor-widget-container\">\n\t\t\t\t\t\t\t\t\t<p>I tour con degustazione sono soggetti a disponibilit\u00e0.<\/p>\t\t\t\t\t\t\t\t<\/div>\n\t\t\t\t<\/div>\n\t\t\t\t\t<\/div>\n\t\t<\/div>\n\t\t\t\t<div class=\"elementor-column elementor-col-25 elementor-top-column elementor-element elementor-element-6162494\" data-id=\"6162494\" data-element_type=\"column\" data-e-type=\"column\">\n\t\t\t<div class=\"elementor-widget-wrap elementor-element-populated\">\n\t\t\t\t\t\t<div class=\"elementor-element elementor-element-dcad33c elementor-view-default elementor-widget elementor-widget-icon\" data-id=\"dcad33c\" data-element_type=\"widget\" data-e-type=\"widget\" data-widget_type=\"icon.default\">\n\t\t\t\t<div class=\"elementor-widget-container\">\n\t\t\t\t\t\t\t<div class=\"elementor-icon-wrapper\">\n\t\t\t<div class=\"elementor-icon\">\n\t\t\t<i aria-hidden=\"true\" class=\"fas fa-stopwatch\"><\/i>\t\t\t<\/div>\n\t\t<\/div>\n\t\t\t\t\t\t<\/div>\n\t\t\t\t<\/div>\n\t\t\t\t<div class=\"elementor-element elementor-element-69f6d5a elementor-widget elementor-widget-heading\" data-id=\"69f6d5a\" data-element_type=\"widget\" data-e-type=\"widget\" data-widget_type=\"heading.default\">\n\t\t\t\t<div class=\"elementor-widget-container\">\n\t\t\t\t\t<h6 class=\"elementor-heading-title elementor-size-default\">Durata<br \/> della visita<\/h6>\t\t\t\t<\/div>\n\t\t\t\t<\/div>\n\t\t\t\t<div class=\"elementor-element elementor-element-6b98abb elementor-widget elementor-widget-text-editor\" data-id=\"6b98abb\" data-element_type=\"widget\" data-e-type=\"widget\" data-widget_type=\"text-editor.default\">\n\t\t\t\t<div class=\"elementor-widget-container\">\n\t\t\t\t\t\t\t\t\t<p>Circa un\u2019ora e trenta minuti.<\/p>\t\t\t\t\t\t\t\t<\/div>\n\t\t\t\t<\/div>\n\t\t\t\t\t<\/div>\n\t\t<\/div>\n\t\t\t\t<div class=\"elementor-column elementor-col-25 elementor-top-column elementor-element elementor-element-6c45c2d\" data-id=\"6c45c2d\" data-element_type=\"column\" data-e-type=\"column\">\n\t\t\t<div class=\"elementor-widget-wrap elementor-element-populated\">\n\t\t\t\t\t\t<div class=\"elementor-element elementor-element-aa879d5 elementor-view-default elementor-widget elementor-widget-icon\" data-id=\"aa879d5\" data-element_type=\"widget\" data-e-type=\"widget\" data-widget_type=\"icon.default\">\n\t\t\t\t<div class=\"elementor-widget-container\">\n\t\t\t\t\t\t\t<div class=\"elementor-icon-wrapper\">\n\t\t\t<div class=\"elementor-icon\">\n\t\t\t<i aria-hidden=\"true\" class=\"far fa-flag\"><\/i>\t\t\t<\/div>\n\t\t<\/div>\n\t\t\t\t\t\t<\/div>\n\t\t\t\t<\/div>\n\t\t\t\t<div class=\"elementor-element elementor-element-cb38b61 elementor-widget elementor-widget-heading\" data-id=\"cb38b61\" data-element_type=\"widget\" data-e-type=\"widget\" data-widget_type=\"heading.default\">\n\t\t\t\t<div class=\"elementor-widget-container\">\n\t\t\t\t\t<h6 class=\"elementor-heading-title elementor-size-default\">Lingue<br \/> parlate<\/h6>\t\t\t\t<\/div>\n\t\t\t\t<\/div>\n\t\t\t\t<div class=\"elementor-element elementor-element-da559b7 elementor-widget elementor-widget-text-editor\" data-id=\"da559b7\" data-element_type=\"widget\" data-e-type=\"widget\" data-widget_type=\"text-editor.default\">\n\t\t\t\t<div class=\"elementor-widget-container\">\n\t\t\t\t\t\t\t\t\t<p>Italiano e inglese<\/p>\t\t\t\t\t\t\t\t<\/div>\n\t\t\t\t<\/div>\n\t\t\t\t\t<\/div>\n\t\t<\/div>\n\t\t\t\t<div class=\"elementor-column elementor-col-25 elementor-top-column elementor-element elementor-element-d24c278\" data-id=\"d24c278\" data-element_type=\"column\" data-e-type=\"column\">\n\t\t\t<div class=\"elementor-widget-wrap elementor-element-populated\">\n\t\t\t\t\t\t<div class=\"elementor-element elementor-element-77454cf elementor-view-default elementor-widget elementor-widget-icon\" data-id=\"77454cf\" data-element_type=\"widget\" data-e-type=\"widget\" data-widget_type=\"icon.default\">\n\t\t\t\t<div class=\"elementor-widget-container\">\n\t\t\t\t\t\t\t<div class=\"elementor-icon-wrapper\">\n\t\t\t<div class=\"elementor-icon\">\n\t\t\t<i aria-hidden=\"true\" class=\"far fa-clock\"><\/i>\t\t\t<\/div>\n\t\t<\/div>\n\t\t\t\t\t\t<\/div>\n\t\t\t\t<\/div>\n\t\t\t\t<div class=\"elementor-element elementor-element-82725e4 elementor-widget elementor-widget-heading\" data-id=\"82725e4\" data-element_type=\"widget\" data-e-type=\"widget\" data-widget_type=\"heading.default\">\n\t\t\t\t<div class=\"elementor-widget-container\">\n\t\t\t\t\t<h6 class=\"elementor-heading-title elementor-size-default\">Orari<br \/> della visita<\/h6>\t\t\t\t<\/div>\n\t\t\t\t<\/div>\n\t\t\t\t<div class=\"elementor-element elementor-element-b48df28 elementor-widget elementor-widget-text-editor\" data-id=\"b48df28\" data-element_type=\"widget\" data-e-type=\"widget\" data-widget_type=\"text-editor.default\">\n\t\t\t\t<div class=\"elementor-widget-container\">\n\t\t\t\t\t\t\t\t\t<p>I tuor in cantina si possono effettuare tutti i giorni, escluso la domenica. Sono in ogni caso da prenotare anticipatamente.<\/p>\t\t\t\t\t\t\t\t<\/div>\n\t\t\t\t<\/div>\n\t\t\t\t\t<\/div>\n\t\t<\/div>\n\t\t\t\t\t<\/div>\n\t\t<\/section>\n\t\t\t\t<section class=\"elementor-section elementor-top-section elementor-element elementor-element-4288466 elementor-section-full_width elementor-section-height-default elementor-section-height-default\" data-id=\"4288466\" data-element_type=\"section\" data-e-type=\"section\">\n\t\t\t\t\t\t<div class=\"elementor-container elementor-column-gap-no\">\n\t\t\t\t\t<div class=\"elementor-column elementor-col-100 elementor-top-column elementor-element elementor-element-2aea124\" data-id=\"2aea124\" data-element_type=\"column\" data-e-type=\"column\">\n\t\t\t<div class=\"elementor-widget-wrap elementor-element-populated\">\n\t\t\t\t\t\t<div class=\"elementor-element elementor-element-20053c0 elementor-widget elementor-widget-uipro-uilightbox\" data-id=\"20053c0\" data-element_type=\"widget\" data-e-type=\"widget\" data-widget_type=\"uipro-uilightbox.default\">\n\t\t\t\t<div class=\"elementor-widget-container\">\n\t\t\t\t\t<div class=\"templaza-parallax templaza-widget-uilightbox template-base\"><div class=\"uilightbox\"><div class=\"uilightbox-inner uk-text-center uk-flex-center\" data-uk-lightbox=\"\"><a class=\"ui-lightbox uk-inline uk-border-pill uk-height-small uk-width-small ui-lightbox-ripple\" data-elementor-open-lightbox=\"no\" href=\"https:\/\/www.cortecanella.it\/wp-content\/uploads\/2022\/09\/corte-canella.mp4\" data-attrs=\"width: 1200;height: 700;\"><span class=\"uk-flex-inline uk-flex-middle uk-flex-center\"><i class=\"fas fa-play\" aria-hidden=\"true\"><\/i><\/span><\/a><\/div><\/div><\/div>\t\t\t\t<\/div>\n\t\t\t\t<\/div>\n\t\t\t\t\t<\/div>\n\t\t<\/div>\n\t\t\t\t\t<\/div>\n\t\t<\/section>\n\t\t\t\t<section class=\"elementor-section elementor-top-section elementor-element elementor-element-d9eb754 elementor-section-boxed elementor-section-height-default elementor-section-height-default\" data-id=\"d9eb754\" data-element_type=\"section\" data-e-type=\"section\">\n\t\t\t\t\t\t<div class=\"elementor-container elementor-column-gap-default\">\n\t\t\t\t\t<div class=\"elementor-column elementor-col-25 elementor-top-column elementor-element elementor-element-e64bc88\" data-id=\"e64bc88\" data-element_type=\"column\" data-e-type=\"column\">\n\t\t\t<div class=\"elementor-widget-wrap\">\n\t\t\t\t\t\t\t<\/div>\n\t\t<\/div>\n\t\t\t\t<div class=\"elementor-column elementor-col-50 elementor-top-column elementor-element elementor-element-d5b8fbd\" data-id=\"d5b8fbd\" data-element_type=\"column\" data-e-type=\"column\">\n\t\t\t<div class=\"elementor-widget-wrap elementor-element-populated\">\n\t\t\t\t\t\t<div class=\"elementor-element elementor-element-83f2f56 elementor-widget elementor-widget-image\" data-id=\"83f2f56\" data-element_type=\"widget\" data-e-type=\"widget\" data-widget_type=\"image.default\">\n\t\t\t\t<div class=\"elementor-widget-container\">\n\t\t\t\t\t\t\t\t\t\t\t\t\t\t\t<img decoding=\"async\" width=\"408\" height=\"126\" src=\"https:\/\/www.cortecanella.it\/wp-content\/uploads\/2022\/08\/recensioni-google.jpg\" class=\"attachment-large size-large wp-image-12216\" alt=\"recensioni google\" srcset=\"https:\/\/www.cortecanella.it\/wp-content\/uploads\/2022\/08\/recensioni-google.jpg 408w, https:\/\/www.cortecanella.it\/wp-content\/uploads\/2022\/08\/recensioni-google-300x93.jpg 300w\" sizes=\"(max-width: 408px) 100vw, 408px\" \/>\t\t\t\t\t\t\t\t\t\t\t\t\t\t\t<\/div>\n\t\t\t\t<\/div>\n\t\t\t\t<div class=\"elementor-element elementor-element-e3ced16 elementor-widget elementor-widget-text-editor\" data-id=\"e3ced16\" data-element_type=\"widget\" data-e-type=\"widget\" data-widget_type=\"text-editor.default\">\n\t\t\t\t<div class=\"elementor-widget-container\">\n\t\t\t\t\t\t\t\t\t<div><div class=\"TSUbDb\">Ottimo il Superiore, molto apprezzato dai clienti della Trattoria Locanda Montecurto che gestisco. Azienda agricola che lavora con passione e che esprime qualit\u00e0 notevole. Complimenti!!<\/div><div><em><strong>\u00a0&#8211; Montecurto Trattoria<\/strong><\/em><\/div><\/div>\t\t\t\t\t\t\t\t<\/div>\n\t\t\t\t<\/div>\n\t\t\t\t<div class=\"elementor-element elementor-element-488dee5 elementor-widget elementor-widget-text-editor\" data-id=\"488dee5\" data-element_type=\"widget\" data-e-type=\"widget\" data-widget_type=\"text-editor.default\">\n\t\t\t\t<div class=\"elementor-widget-container\">\n\t\t\t\t\t\t\t\t\t<div class=\"TSUbDb\">Ottima cantina. produzione di vini Valpolicella. Il mio preferito \u00e8 il superiore ma per chi vuole gustarsi un buon amarone lo consiglio e senza spendere una fortuna.<\/div><div><em><strong>\u00a0&#8211; Boba<\/strong><\/em><\/div>\t\t\t\t\t\t\t\t<\/div>\n\t\t\t\t<\/div>\n\t\t\t\t<div class=\"elementor-element elementor-element-660d7b9 elementor-widget elementor-widget-text-editor\" data-id=\"660d7b9\" data-element_type=\"widget\" data-e-type=\"widget\" data-widget_type=\"text-editor.default\">\n\t\t\t\t<div class=\"elementor-widget-container\">\n\t\t\t\t\t\t\t\t\t<div class=\"TSUbDb\">Ambiente familiare e disponibile. Professionalit\u00e0 e amore per quello che producono. Da non perdere<\/div><div><em><strong>\u00a0&#8211; Anita Bortolotti<\/strong><\/em><\/div>\t\t\t\t\t\t\t\t<\/div>\n\t\t\t\t<\/div>\n\t\t\t\t<div class=\"elementor-element elementor-element-2e77a20 elementor-widget elementor-widget-text-editor\" data-id=\"2e77a20\" data-element_type=\"widget\" data-e-type=\"widget\" data-widget_type=\"text-editor.default\">\n\t\t\t\t<div class=\"elementor-widget-container\">\n\t\t\t\t\t\t\t\t\t<div class=\"TSUbDb\">Bel vigneto con buoni vini. Bella azienda di famiglia in cui una figlia ci ha invitato a una visione e degustazione private. Altamente raccomandato.<\/div><div><em><strong>\u00a0&#8211; Angelika M\u00e5rdskog<\/strong><\/em><\/div>\t\t\t\t\t\t\t\t<\/div>\n\t\t\t\t<\/div>\n\t\t\t\t<div class=\"elementor-element elementor-element-ccded30 elementor-widget elementor-widget-text-editor\" data-id=\"ccded30\" data-element_type=\"widget\" data-e-type=\"widget\" data-widget_type=\"text-editor.default\">\n\t\t\t\t<div class=\"elementor-widget-container\">\n\t\t\t\t\t\t\t\t\t<div class=\"TSUbDb\"><div class=\"jxjCjc\"><div><div class=\"Jtu6Td\"><span tabindex=\"-1\" data-expandable-section=\"\">Ottimi vini gentilezza e simpatia dei proprietari.<\/span><\/div><\/div><\/div><\/div><div><em><strong>\u00a0&#8211; Roberto Todesco<\/strong><\/em><\/div>\t\t\t\t\t\t\t\t<\/div>\n\t\t\t\t<\/div>\n\t\t\t\t<div class=\"elementor-element elementor-element-e5d44f1 elementor-widget elementor-widget-menu-anchor\" data-id=\"e5d44f1\" data-element_type=\"widget\" data-e-type=\"widget\" data-widget_type=\"menu-anchor.default\">\n\t\t\t\t<div class=\"elementor-widget-container\">\n\t\t\t\t\t\t\t<div class=\"elementor-menu-anchor\" id=\"modulocontatto\"><\/div>\n\t\t\t\t\t\t<\/div>\n\t\t\t\t<\/div>\n\t\t\t\t\t<\/div>\n\t\t<\/div>\n\t\t\t\t<div class=\"elementor-column elementor-col-25 elementor-top-column elementor-element elementor-element-1c03cff\" data-id=\"1c03cff\" data-element_type=\"column\" data-e-type=\"column\">\n\t\t\t<div class=\"elementor-widget-wrap\">\n\t\t\t\t\t\t\t<\/div>\n\t\t<\/div>\n\t\t\t\t\t<\/div>\n\t\t<\/section>\n\t\t\t\t<section class=\"elementor-section elementor-top-section elementor-element elementor-element-1a4a045 elementor-section-boxed elementor-section-height-default elementor-section-height-default\" data-id=\"1a4a045\" data-element_type=\"section\" data-e-type=\"section\">\n\t\t\t\t\t\t<div class=\"elementor-container elementor-column-gap-default\">\n\t\t\t\t\t<div class=\"elementor-column elementor-col-50 elementor-top-column elementor-element elementor-element-0663fdf\" data-id=\"0663fdf\" data-element_type=\"column\" data-e-type=\"column\">\n\t\t\t<div class=\"elementor-widget-wrap elementor-element-populated\">\n\t\t\t\t\t\t<div class=\"elementor-element elementor-element-9adb910 elementor-widget elementor-widget-wpforms\" data-id=\"9adb910\" data-element_type=\"widget\" data-e-type=\"widget\" data-widget_type=\"wpforms.default\">\n\t\t\t\t<div class=\"elementor-widget-container\">\n\t\t\t\t\t<div class=\"wpforms-container wpforms-container-full\" id=\"wpforms-12208\"><form id=\"wpforms-form-12208\" class=\"wpforms-validate wpforms-form wpforms-ajax-form\" data-formid=\"12208\" method=\"post\" enctype=\"multipart\/form-data\" action=\"\/en\/wp-json\/wp\/v2\/pages\/12396\" data-token=\"ff01106d98c080e57f9e7c4bdbe4ced4\" data-token-time=\"1777504973\"><noscript class=\"wpforms-error-noscript\">Please enable JavaScript in your browser to complete this form.<\/noscript><div class=\"wpforms-field-container\"><div id=\"wpforms-12208-field_1-container\" class=\"wpforms-field wpforms-field-text\" data-field-id=\"1\"><label class=\"wpforms-field-label\" for=\"wpforms-12208-field_1\">Il tuo nome <span class=\"wpforms-required-label\">*<\/span><\/label><input type=\"text\" id=\"wpforms-12208-field_1\" class=\"wpforms-field-medium wpforms-field-required\" name=\"wpforms[fields][1]\" required><\/div><div id=\"wpforms-12208-field_3-container\" class=\"wpforms-field wpforms-field-email\" data-field-id=\"3\"><label class=\"wpforms-field-label\" for=\"wpforms-12208-field_3\">La tua email <span class=\"wpforms-required-label\">*<\/span><\/label><input type=\"email\" id=\"wpforms-12208-field_3\" class=\"wpforms-field-medium wpforms-field-required\" name=\"wpforms[fields][3]\" spellcheck=\"false\" required><\/div><div id=\"wpforms-12208-field_4-container\" class=\"wpforms-field wpforms-field-textarea\" data-field-id=\"4\"><label class=\"wpforms-field-label\" for=\"wpforms-12208-field_4\">Informazioni aggiuntive<\/label><textarea id=\"wpforms-12208-field_4\" class=\"wpforms-field-medium\" name=\"wpforms[fields][4]\" ><\/textarea><\/div><div id=\"wpforms-12208-field_5-container\" class=\"wpforms-field wpforms-field-checkbox\" data-field-id=\"5\"><label class=\"wpforms-field-label wpforms-label-hide\">Caselle di Spunta <span class=\"wpforms-required-label\">*<\/span><\/label><ul id=\"wpforms-12208-field_5\" class=\"wpforms-field-required\"><li class=\"choice-3 depth-1\"><input type=\"checkbox\" id=\"wpforms-12208-field_5_3\" name=\"wpforms[fields][5][]\" value=\"Acconsento il trattamento dei miei dati personali\" required ><label class=\"wpforms-field-label-inline\" for=\"wpforms-12208-field_5_3\">Acconsento il trattamento dei miei dati personali <span class=\"wpforms-required-label\">*<\/span><\/label><\/li><\/ul><div class=\"wpforms-field-description wpforms-disclaimer-description\">Ai sensi dell\u2019art.13 del d.lgs. n. 196\/2003 e degli artt. 13 e 14 del Regolamento (UE) n. 679\/2016 (\u201cGDPR\u201d)<br \/>\n<br \/>\nCorte Canella, con sede in Via Canella 14, 37031 Illasi (Verona) \u2013 ITALIA, p.iva\/c.f. 03690990233, tutela la riservatezza dei dati personali e garantisce ad essi la protezione necessaria da ogni evento che possa metterli a rischio di violazione.<br \/>\nCome previsto dal Regolamento dell\u2019Unione Europea n. 679\/2016 (\u201cGDPR\u201d), ed in particolare all\u2019art. 13, qui di seguito si forniscono all\u2019utente (\u201dInteressato\u201d) le informazioni richieste dalla legge relative al trattamento dei propri dati personali in relazione al sito web https:\/\/www.cortecanella.it\/<br \/>\nChi siamo e quali dati trattiamo<br \/>\n<br \/>\n(art. 13, 1\u00b0 comma lett. a, art. 15, lett. b GDPR)<br \/>\n<br \/>\nIl Titolare del trattamento dei dati \u00e8 Corte Canella, con sede in Via Canella 14, 37031 Illasi (Verona) \u2013 ITALIA, p.iva\/c.f. 03690990233 \u2013 info@cortecanella.it a cui potrai rivolgerti in qualsiasi momento per l\u2019esercizio dei diritti previsti dall\u2019art. 7 del D.Lgs. 196\/2003 e art. 15 GDPR.<br \/>\n<br \/>\nDati di traffico telematico\/Dati di navigazione<br \/>\nLog, indirizzo IP di provenienza. Questi dati vengono utilizzati al solo fine di ricavare informazioni statistiche anonime sull\u2019uso del sito e per controllarne il corretto funzionamento.<br \/>\n<br \/>\nDati forniti volontariamente dall\u2019Interessato<br \/>\nLa raccolta di dati personali degli utenti\/interessati pu\u00f2 avvenire in maniera volontaria, attraverso l\u2019invio di posta elettronica agli indirizzi riportati sul sito o attraverso la spedizione dei moduli elettronici presenti sullo stesso da parte degli utenti.<br \/>\n<br \/>\nIl Titolare non richiede all\u2019Interessato di fornire dati c.d. \u201cparticolari\u201d, ovvero, secondo quanto previsto dal GDPR (art. 9), i dati personali che rivelino l\u2019origine razziale o etnica, le opinioni politiche, le convinzioni religiose o filosofiche, o l\u2019appartenenza sindacale, nonch\u00e9 dati genetici, dati biometrici intesi a identificare in modo univoco una persona fisica, dati relativi alla salute o alla vita sessuale o all\u2019orientamento sessuale della persona. Nel caso in cui la prestazione richiesta al Titolare imponesse il trattamento di tali dati, l\u2019Interessato ricever\u00e0 preventivamente apposita informativa e sar\u00e0 ad Egli richiesto di prestare apposito consenso.<br \/>\nPer quali finalit\u00e0 ci occorrono i dati dell\u2019Interessato<br \/>\n<br \/>\n(art. 13, 1\u00b0 comma GDPR)<br \/>\n<br \/>\nI dati servono al Titolare per dar seguito alla richiesta di iscrizione anagrafica ed al contratto di fornitura del Servizio prescelto e\/o del Prodotto acquistato, gestire ed eseguire le richieste di contatto inoltrate dall\u2019Interessato, fornire assistenza, adempiere agli obblighi di legge e regolamentari cui il Titolare \u00e8 tenuto in funzione dell\u2019attivit\u00e0 esercitata. In nessun caso il Titolare rivende i dati personali dell\u2019Interessato a terzi n\u00e9 li utilizza per finalit\u00e0 non dichiarate.<br \/>\nComunicazione a terzi e categorie di destinatari<br \/>\n<br \/>\n(art. 13, 1\u00b0 comma GDPR)<br \/>\n<br \/>\nLa comunicazione dei dati personali dell\u2019Interessato avviene principalmente nei confronti di terzi e\/o destinatari la cui attivit\u00e0 \u00e8 necessaria per l\u2019espletamento delle attivit\u00e0 inerenti al rapporto instaurato e per rispondere a determinati obblighi di legge, quali:<br \/>\nTerzi fornitori e consulenti esterni: Erogazione di servizi (assistenza, manutenzione, fornitori di reti e servizi di comunicazione elettronica) connessi alla gestione del sito web.<br \/>\nIl Titolare non trasferisce i tuoi dati personali in paesi nei quali non \u00e8 applicato il GDPR (paesi extra UE) salvo specifiche indicazioni contrarie per le quali verrai preventivamente informato e se necessario verr\u00e0 richiesto il tuo consenso.<br \/>\nBase giuridica di tali trattamenti \u00e8 l\u2019adempimento delle prestazioni inerenti al rapporto instaurato, il rispetto di obblighi di legge ed il legittimo interesse del Titolare ad effettuare trattamenti necessari a tali finalit\u00e0.<br \/>\nChe cosa succede nel caso in cui l\u2019Interessato non fornisca i suoi dati identificati come necessari ai fini dell\u2019esecuzione della prestazione richiesta?<br \/>\n<br \/>\n(Art. 13, 2\u00b0 comma, lett. e GDPR)<br \/>\n<br \/>\nIn generale la raccolta ed il trattamento dei dati personali \u00e8 necessaria per dar seguito alle prestazioni richieste. Qualora l\u2019Interessato non fornisca i dati personali, il Titolare non potr\u00e0 dar seguito ai trattamenti legati alla gestione delle prestazioni richieste, n\u00e9 agli adempimenti che da essi dipendono.<br \/>\nChe cosa succede nel caso in cui l\u2019Interessato non fornisca il consenso al trattamento dei dati personali per le attivit\u00e0 di promozione commerciale su Servizi\/Prodotti differenti rispetto a quelli acquistati?<br \/>\n<br \/>\nNel caso in cui l\u2019Interessato non presti il proprio consenso al trattamento dei dati personali per tali finalit\u00e0, detto trattamento non avverr\u00e0 per le finalit\u00e0 medesime, senza che ci\u00f2 comporti effetti sull\u2019erogazione delle prestazioni richieste, n\u00e9 per quelle per cui Egli ha gi\u00e0 prestato il proprio consenso, se richiesto.<br \/>\nNel caso in cui l\u2019Interessato abbia prestato il consenso e dovesse successivamente revocarlo o opporsi al trattamento per attivit\u00e0 di promozione commerciale, i suoi dati non saranno trattati pi\u00f9 per tali attivit\u00e0, senza che ci\u00f2 comporti conseguenze o effetti pregiudizievoli per l\u2019Interessato e per le prestazioni richieste.<br \/>\nCome trattiamo i dati dell\u2019Interessato<br \/>\n<br \/>\n(art. 32 GDPR)<br \/>\n<br \/>\nIl Titolare dispone l\u2019utilizzo di adeguate misure di sicurezza al fine di preservare la riservatezza, l\u2019integrit\u00e0 e la disponibilit\u00e0 di dati personali dell\u2019Interessato e impone ai terzi fornitori e ai Responsabili analoghe misure di sicurezza.<br \/>\nDove trattiamo i dati dell\u2019Interessato<br \/>\n<br \/>\nI dati personali dell\u2019Interessato sono conservati in archivi cartacei, informatici e telematici situati in paesi nei quali \u00e8 applicato il GDPR (paesi UE). Ai sensi dell\u2019art. 43 del Codice Privacy e dell\u2019art. 44 del GDPR, il Titolare potrebbe inoltre trasferire i suoi dati personali a Terze Parti ubicate in Stati non appartenenti all\u2019Unione Europea ovvero allo Spazio Economico Europeo. In tale circostanza, il Titolare assicura l\u2019adozione di adeguate garanzie (come la sottoscrizione di clausole contrattuali standard approvate dalla Commissione UE) con la societ\u00e0 estera ricevente i dati; tali clausole garantiscono un livello di protezione dei dati corrispondente a quello sancito dalla normativa europea.<br \/>\nPer quanto tempo vengono conservati i dati dell\u2019Interessato?<br \/>\n<br \/>\n(art. 13, 2\u00b0 comma, lett. a GDPR)<br \/>\n<br \/>\nA meno che questi non esprima esplicitamente la propria volont\u00e0 di rimuoverli, i dati personali dell\u2019Interessato saranno conservati fino a che saranno necessari rispetto alle legittime finalit\u00e0 per le quali sono stati raccolti.<br \/>\nIn particolare, saranno conservati per tutta la durata della sua iscrizione anagrafica e comunque non oltre un periodo massimo di 12 (dodici) mesi di sua inattivit\u00e0, ovvero qualora, entro tale termine, non risultino associati dei Servizi e\/o acquistati dei Prodotti mediante l\u2019anagrafica stessa.<br \/>\nOccorre inoltre aggiungere che, nel caso in cui un utente inoltri al Titolare dati personali non richiesti o non necessari al fine dell\u2019esecuzione della prestazione richiesta ovvero all\u2019erogazione di un servizio ad essa strettamente connessa, il Titolare non potr\u00e0 essere considerata titolare di questi dati, e provveder\u00e0 alla loro cancellazione nel pi\u00f9 breve tempo possibile.<br \/>\nA prescindere dalla determinazione dell\u2019Interessato alla loro rimozione, i dati personali saranno in ogni caso conservati secondo i termini previsti dalla vigente normativa e\/o dai regolamenti nazionali, al fine esclusivo di garantire gli adempimenti specifici, propri di alcuni Servizi.<br \/>\nAltres\u00ec, i dati personali saranno in ogni caso conservati per l\u2019adempimento degli obblighi (es. fiscali e contabili) che permangono anche dopo la cessazione del contratto (art. 2220 c.c.); per tali fini il Titolare conserver\u00e0 solo i dati necessari al relativo perseguimento.<br \/>\nSono fatti salvi i casi in cui si dovessero far valere in giudizio i diritti derivanti dal contratto e\/o dall\u2019iscrizione anagrafica, nel qual caso i dati personali dell\u2019Interessato, esclusivamente quelli necessari per tali finalit\u00e0, saranno trattati per il tempo indispensabile al loro perseguimento.<br \/>\nI tuoi diritti<br \/>\n<br \/>\nIn relazione al trattamento dei tuoi dati personali, hai diritto di chiedere al Titolare:<br \/>\n<br \/>\n    l\u2019accesso: puoi chiedere conferma che sia o meno in essere un trattamento di dati che ti riguardano, oltre a maggiori chiarimenti circa le informazioni di cui alla presente Informativa, nonch\u00e9 di ricevere i dati stessi, nei limiti della ragionevolezza;<br \/>\n    la rettifica: puoi chiedere di rettificare o integrare i dati che ci hai fornito o comunque in nostro possesso, qualora inesatti;<br \/>\n    la cancellazione: puoi chiedere che i tuoi dati acquisiti o trattati dal Titolare vengano cancellati, qualora non siano pi\u00f9 necessari alle nostre finalit\u00e0 o laddove non vi siano contestazioni o controversie in essere, in caso di revoca del consenso o tua opposizione al trattamento, in caso di trattamento illecito, ovvero qualora sussista un obbligo legale di cancellazione;<br \/>\n    la limitazione: puoi chiedere la limitazione del trattamento dei suoi dati personali, quando ricorre una delle condizioni di cui all\u2019art. 18 del GDPR; in tal caso, i tuoi dati non saranno trattati, salvo che per la conservazione, senza il tuo consenso fatta eccezione per quanto esplicitato nel medesimo articolo al comma 2.<br \/>\n    l\u2019opposizione: puoi opporti in qualunque momento al trattamento dei tuoi dati sulla base di un nostro legittimo interesse, salvo che vi siano nostri motivi legittimi per procedere al trattamento che prevalgano sui tuoi, per esempio per l\u2019esercizio o la nostra difesa in sede giudiziaria; la tua opposizione prevarr\u00e0 sempre e comunque sul nostro interesse legittimo a trattare i tuoi dati per finalit\u00e0 di marketing;<br \/>\n    la portabilit\u00e0: puoi chiedere di ricevere i tuoi dati, o di farli trasmettere ad altro titolare da te indicato, in un formato strutturato, di uso comune e leggibile da dispositivo automatico.<br \/>\n    Inoltre, ai sensi dell\u2019art. 7, par. 3, GDPR, ti informiamo che puoi esercitare in qualsiasi momento il tuo diritto di revoca del consenso, senza che venga pregiudicata la liceit\u00e0 del trattamento basata sul consenso prestato antecedentemente. Infine, ti informiamo che ha diritto di proporre reclamo dinanzi all\u2019Autorit\u00e0 di Controllo, che in Italia \u00e8 il Garante per la Protezione dei Dati Personali.<br \/>\n    diritto all\u2019oblio: Ti informiamo che la presente Informativa riguarda esclusivamente il trattamento dei dati personali che ci hai fornito o fornirai al Titolare \u2013 eventualmente anche acquistando nostri prodotti e\/o servizi forniti dietro pagamento o partecipando a nostre promozioni e\/o offerte \u2013 e quelli che, eventualmente, il Titolare acquisir\u00e0 nel corso del presente rapporto e\/o di ulteriori rapporti tra te e noi.<br \/>\n    Se volessi, invece, far valere il diritto all\u2019oblio con riferimento ai tuoi dati personali eventualmente contenuti in articoli, pubblicazioni o sezioni del sito puoi rivolgerti, ai fini dell\u2019esercizio di tale diritto di cui all\u2019art. 17 del GDPR, scrivendo al Titolare Corte Canella, con sede in Via Canella 14, 37031 Illasi (Verona), p.iva\/c.f. 03690990233, info@cortecanella.it.<br \/>\n<br \/>\np&gt;Per esercitare tali diritti, segnalare problemi o chiedere chiarimenti sul trattamento dei propri dati personali puoi inviare una mail a info@cortecanella.it.<br \/>\nTi comunichiamo, inoltre, che \u00e8 possibile inoltrare le tue richieste anche via posta, scrivendo al Titolare del Trattamento, Corte Canella, con sede in Via Canella 14, 37031 Illasi (Verona), p.iva\/c.f. 03690990233, specificando l\u2019oggetto della richiesta.<br \/>\n<br \/>\nModifiche all\u2019Informativa<br \/>\n<br \/>\nL\u2019eventuale entrata in vigore di nuove normative di settore, come anche il costante esame ed aggiornamento dei servizi a te riservati e diretti, potrebbe comportare la necessit\u00e0 di modificare le modalit\u00e0 e i termini descritti nella presente Informativa. \u00c8 pertanto possibile che questo documento subisca modifiche nel tempo. Ti invitiamo, pertanto, a consultare periodicamente questa pagina.<br \/>\nPubblicheremo eventuali modifiche alla presente Informativa in questa pagina e, qualora le modifiche fossero rilevanti, provvederemo a segnalartele con una notifica pi\u00f9 visibile.<br \/>\n<br \/>\nUltimo aggiornamento: 22\/05\/2025<\/div><\/div><\/div><!-- .wpforms-field-container --><div class=\"wpforms-recaptcha-container wpforms-is-hcaptcha\" ><div class=\"h-captcha\" data-sitekey=\"4aab2cdb-d4ae-4345-ac10-cf7b2b48a2bc\"><\/div><input type=\"text\" name=\"g-recaptcha-hidden\" class=\"wpforms-recaptcha-hidden\" style=\"position:absolute!important;clip:rect(0,0,0,0)!important;height:1px!important;width:1px!important;border:0!important;overflow:hidden!important;padding:0!important;margin:0!important;\" data-rule-hcaptcha=\"1\"><\/div><div class=\"wpforms-submit-container\" ><input type=\"hidden\" name=\"wpforms[id]\" value=\"12208\"><input type=\"hidden\" name=\"page_title\" value=\"\"><input type=\"hidden\" name=\"page_url\" value=\"https:\/\/www.cortecanella.it\/en\/wp-json\/wp\/v2\/pages\/12396\"><input type=\"hidden\" name=\"url_referer\" value=\"\"><button type=\"submit\" name=\"wpforms[submit]\" id=\"wpforms-submit-12208\" class=\"wpforms-submit\" data-alt-text=\"Invio in corso...\" data-submit-text=\"Invia\" aria-live=\"assertive\" value=\"wpforms-submit\">Invia<\/button><img decoding=\"async\" src=\"https:\/\/www.cortecanella.it\/wp-content\/plugins\/wpforms-lite\/assets\/images\/submit-spin.svg\" class=\"wpforms-submit-spinner\" style=\"display: none;\" width=\"26\" height=\"26\" alt=\"Loading\"><\/div><\/form><\/div>  <!-- .wpforms-container -->\t\t\t\t<\/div>\n\t\t\t\t<\/div>\n\t\t\t\t\t<\/div>\n\t\t<\/div>\n\t\t\t\t<div class=\"elementor-column elementor-col-50 elementor-top-column elementor-element elementor-element-47baf5b\" data-id=\"47baf5b\" data-element_type=\"column\" data-e-type=\"column\">\n\t\t\t<div class=\"elementor-widget-wrap elementor-element-populated\">\n\t\t\t\t\t\t<div class=\"elementor-element elementor-element-1cf8e38 elementor-widget elementor-widget-heading\" data-id=\"1cf8e38\" data-element_type=\"widget\" data-e-type=\"widget\" data-widget_type=\"heading.default\">\n\t\t\t\t<div class=\"elementor-widget-container\">\n\t\t\t\t\t<h4 class=\"elementor-heading-title elementor-size-default\">Contatti<\/h4>\t\t\t\t<\/div>\n\t\t\t\t<\/div>\n\t\t\t\t<div class=\"elementor-element elementor-element-99213d8 elementor-widget elementor-widget-text-editor\" data-id=\"99213d8\" data-element_type=\"widget\" data-e-type=\"widget\" data-widget_type=\"text-editor.default\">\n\t\t\t\t<div class=\"elementor-widget-container\">\n\t\t\t\t\t\t\t\t\t<p>Via Canella 14, 37031 Illasi<br \/><strong>Telefono:<\/strong><br \/><a href=\"tel:+393479445573\">347.9445573<\/a> Gloria<br \/><strong>Email:\u00a0<\/strong><strong><a href=\"mailto:info@cortecanella.it\">info@cortecanella.it<\/a><\/strong><\/p>\t\t\t\t\t\t\t\t<\/div>\n\t\t\t\t<\/div>\n\t\t\t\t<div class=\"elementor-element elementor-element-5267a7a elementor-widget elementor-widget-google_maps\" data-id=\"5267a7a\" data-element_type=\"widget\" data-e-type=\"widget\" data-widget_type=\"google_maps.default\">\n\t\t\t\t<div class=\"elementor-widget-container\">\n\t\t\t\t\t\t\t<div class=\"elementor-custom-embed\">\n\t\t\t<iframe loading=\"lazy\"\n\t\t\t\t\tsrc=\"https:\/\/maps.google.com\/maps?q=Via%20Canella%2C%2014%2C%2037031%20Illasi%20VR&#038;t=m&#038;z=10&#038;output=embed&#038;iwloc=near\"\n\t\t\t\t\ttitle=\"Via Canella, 14, 37031 Illasi VR\"\n\t\t\t\t\taria-label=\"Via Canella, 14, 37031 Illasi VR\"\n\t\t\t><\/iframe>\n\t\t<\/div>\n\t\t\t\t\t\t<\/div>\n\t\t\t\t<\/div>\n\t\t\t\t\t<\/div>\n\t\t<\/div>\n\t\t\t\t\t<\/div>\n\t\t<\/section>\n\t\t\t\t<\/div>\n\t\t","protected":false},"excerpt":{"rendered":"<p>Soave wine tasting Illasi winery in Soave \u2013 Verona Experiences to live Tasting in the heart of Valpolicella Experience our passion first-hand In the province of Verona, the Illasi winery offers the opportunity to taste the taste of Soave DOP wine. The winery is located in a strategic position to visit the Garda area\u2026 <a class=\"more-link\" href=\"https:\/\/www.cortecanella.it\/en\/degustazione-vino-soave\/\">Continue reading <span class=\"screen-reader-text\">Soave wine tasting<\/span><\/a><\/p>","protected":false},"author":2,"featured_media":0,"parent":0,"menu_order":0,"comment_status":"closed","ping_status":"closed","template":"","meta":{"rs_blank_template":"","rs_page_bg_color":"","slide_template_v7":"","footnotes":""},"class_list":["post-12396","page","type-page","status-publish","hentry","layout-1","product-add-to-cart-ajax"],"yoast_head":"<!-- This site is optimized with the Yoast SEO plugin v27.4 - https:\/\/yoast.com\/product\/yoast-seo-wordpress\/ -->\n<title>Degustazione vino Soave - Corte Canella<\/title>\n<meta name=\"description\" content=\"Scopri il vero gusto del vino. Degustazione vino Soave presso la cantina Corte Canella, a Illasi in provincia di Verona.\" \/>\n<meta name=\"robots\" content=\"index, follow, max-snippet:-1, max-image-preview:large, max-video-preview:-1\" \/>\n<link rel=\"canonical\" href=\"https:\/\/www.cortecanella.it\/en\/degustazione-vino-soave\/\" \/>\n<meta property=\"og:locale\" content=\"en_GB\" \/>\n<meta property=\"og:type\" content=\"article\" \/>\n<meta property=\"og:title\" content=\"Degustazione vino Soave - Corte Canella\" \/>\n<meta property=\"og:description\" content=\"Scopri il vero gusto del vino. Degustazione vino Soave presso la cantina Corte Canella, a Illasi in provincia di Verona.\" \/>\n<meta property=\"og:url\" content=\"https:\/\/www.cortecanella.it\/en\/degustazione-vino-soave\/\" \/>\n<meta property=\"og:site_name\" content=\"Corte Canella\" \/>\n<meta property=\"article:publisher\" content=\"https:\/\/www.facebook.com\/Corte-Canella-107518545980923\/\" \/>\n<meta property=\"article:modified_time\" content=\"2022-12-20T10:39:58+00:00\" \/>\n<meta property=\"og:image\" content=\"https:\/\/www.cortecanella.it\/wp-content\/uploads\/2022\/09\/degustazione-vini.jpg\" \/>\n<meta name=\"twitter:card\" content=\"summary_large_image\" \/>\n<meta name=\"twitter:label1\" content=\"Estimated reading time\" \/>\n\t<meta name=\"twitter:data1\" content=\"3 minutes\" \/>\n<script type=\"application\/ld+json\" class=\"yoast-schema-graph\">{\"@context\":\"https:\\\/\\\/schema.org\",\"@graph\":[{\"@type\":\"WebPage\",\"@id\":\"https:\\\/\\\/www.cortecanella.it\\\/degustazione-vino-soave\\\/\",\"url\":\"https:\\\/\\\/www.cortecanella.it\\\/degustazione-vino-soave\\\/\",\"name\":\"Degustazione vino Soave - Corte Canella\",\"isPartOf\":{\"@id\":\"https:\\\/\\\/www.cortecanella.it\\\/#website\"},\"primaryImageOfPage\":{\"@id\":\"https:\\\/\\\/www.cortecanella.it\\\/degustazione-vino-soave\\\/#primaryimage\"},\"image\":{\"@id\":\"https:\\\/\\\/www.cortecanella.it\\\/degustazione-vino-soave\\\/#primaryimage\"},\"thumbnailUrl\":\"https:\\\/\\\/www.cortecanella.it\\\/wp-content\\\/uploads\\\/2022\\\/09\\\/degustazione-vini.jpg\",\"datePublished\":\"2022-08-26T18:41:42+00:00\",\"dateModified\":\"2022-12-20T10:39:58+00:00\",\"description\":\"Scopri il vero gusto del vino. Degustazione vino Soave presso la cantina Corte Canella, a Illasi in provincia di Verona.\",\"breadcrumb\":{\"@id\":\"https:\\\/\\\/www.cortecanella.it\\\/degustazione-vino-soave\\\/#breadcrumb\"},\"inLanguage\":\"en-GB\",\"potentialAction\":[{\"@type\":\"ReadAction\",\"target\":[\"https:\\\/\\\/www.cortecanella.it\\\/degustazione-vino-soave\\\/\"]}]},{\"@type\":\"ImageObject\",\"inLanguage\":\"en-GB\",\"@id\":\"https:\\\/\\\/www.cortecanella.it\\\/degustazione-vino-soave\\\/#primaryimage\",\"url\":\"https:\\\/\\\/www.cortecanella.it\\\/wp-content\\\/uploads\\\/2022\\\/09\\\/degustazione-vini.jpg\",\"contentUrl\":\"https:\\\/\\\/www.cortecanella.it\\\/wp-content\\\/uploads\\\/2022\\\/09\\\/degustazione-vini.jpg\"},{\"@type\":\"BreadcrumbList\",\"@id\":\"https:\\\/\\\/www.cortecanella.it\\\/degustazione-vino-soave\\\/#breadcrumb\",\"itemListElement\":[{\"@type\":\"ListItem\",\"position\":1,\"name\":\"Home\",\"item\":\"https:\\\/\\\/www.cortecanella.it\\\/\"},{\"@type\":\"ListItem\",\"position\":2,\"name\":\"Degustazione vino Soave\"}]},{\"@type\":\"WebSite\",\"@id\":\"https:\\\/\\\/www.cortecanella.it\\\/#website\",\"url\":\"https:\\\/\\\/www.cortecanella.it\\\/\",\"name\":\"Corte Canella\",\"description\":\"Cantina a Illasi VR\",\"publisher\":{\"@id\":\"https:\\\/\\\/www.cortecanella.it\\\/#organization\"},\"potentialAction\":[{\"@type\":\"SearchAction\",\"target\":{\"@type\":\"EntryPoint\",\"urlTemplate\":\"https:\\\/\\\/www.cortecanella.it\\\/?s={search_term_string}\"},\"query-input\":{\"@type\":\"PropertyValueSpecification\",\"valueRequired\":true,\"valueName\":\"search_term_string\"}}],\"inLanguage\":\"en-GB\"},{\"@type\":\"Organization\",\"@id\":\"https:\\\/\\\/www.cortecanella.it\\\/#organization\",\"name\":\"Corte Canella\",\"url\":\"https:\\\/\\\/www.cortecanella.it\\\/\",\"logo\":{\"@type\":\"ImageObject\",\"inLanguage\":\"en-GB\",\"@id\":\"https:\\\/\\\/www.cortecanella.it\\\/#\\\/schema\\\/logo\\\/image\\\/\",\"url\":\"https:\\\/\\\/www.cortecanella.it\\\/wp-content\\\/uploads\\\/2022\\\/10\\\/cortecan.png\",\"contentUrl\":\"https:\\\/\\\/www.cortecanella.it\\\/wp-content\\\/uploads\\\/2022\\\/10\\\/cortecan.png\",\"width\":310,\"height\":310,\"caption\":\"Corte Canella\"},\"image\":{\"@id\":\"https:\\\/\\\/www.cortecanella.it\\\/#\\\/schema\\\/logo\\\/image\\\/\"},\"sameAs\":[\"https:\\\/\\\/www.facebook.com\\\/Corte-Canella-107518545980923\\\/\"]}]}<\/script>\n<!-- \/ Yoast SEO plugin. -->","yoast_head_json":{"title":"Soave wine tasting - Corte Canella","description":"Discover the true taste of wine. Soave wine tasting at the Corte Canella winery, in Illasi in the province of Verona.","robots":{"index":"index","follow":"follow","max-snippet":"max-snippet:-1","max-image-preview":"max-image-preview:large","max-video-preview":"max-video-preview:-1"},"canonical":"https:\/\/www.cortecanella.it\/en\/degustazione-vino-soave\/","og_locale":"en_GB","og_type":"article","og_title":"Degustazione vino Soave - Corte Canella","og_description":"Scopri il vero gusto del vino. Degustazione vino Soave presso la cantina Corte Canella, a Illasi in provincia di Verona.","og_url":"https:\/\/www.cortecanella.it\/en\/degustazione-vino-soave\/","og_site_name":"Corte Canella","article_publisher":"https:\/\/www.facebook.com\/Corte-Canella-107518545980923\/","article_modified_time":"2022-12-20T10:39:58+00:00","og_image":[{"url":"https:\/\/www.cortecanella.it\/wp-content\/uploads\/2022\/09\/degustazione-vini.jpg","type":"","width":"","height":""}],"twitter_card":"summary_large_image","twitter_misc":{"Estimated reading time":"3 minutes"},"schema":{"@context":"https:\/\/schema.org","@graph":[{"@type":"WebPage","@id":"https:\/\/www.cortecanella.it\/degustazione-vino-soave\/","url":"https:\/\/www.cortecanella.it\/degustazione-vino-soave\/","name":"Soave wine tasting - Corte Canella","isPartOf":{"@id":"https:\/\/www.cortecanella.it\/#website"},"primaryImageOfPage":{"@id":"https:\/\/www.cortecanella.it\/degustazione-vino-soave\/#primaryimage"},"image":{"@id":"https:\/\/www.cortecanella.it\/degustazione-vino-soave\/#primaryimage"},"thumbnailUrl":"https:\/\/www.cortecanella.it\/wp-content\/uploads\/2022\/09\/degustazione-vini.jpg","datePublished":"2022-08-26T18:41:42+00:00","dateModified":"2022-12-20T10:39:58+00:00","description":"Discover the true taste of wine. Soave wine tasting at the Corte Canella winery, in Illasi in the province of Verona.","breadcrumb":{"@id":"https:\/\/www.cortecanella.it\/degustazione-vino-soave\/#breadcrumb"},"inLanguage":"en-GB","potentialAction":[{"@type":"ReadAction","target":["https:\/\/www.cortecanella.it\/degustazione-vino-soave\/"]}]},{"@type":"ImageObject","inLanguage":"en-GB","@id":"https:\/\/www.cortecanella.it\/degustazione-vino-soave\/#primaryimage","url":"https:\/\/www.cortecanella.it\/wp-content\/uploads\/2022\/09\/degustazione-vini.jpg","contentUrl":"https:\/\/www.cortecanella.it\/wp-content\/uploads\/2022\/09\/degustazione-vini.jpg"},{"@type":"BreadcrumbList","@id":"https:\/\/www.cortecanella.it\/degustazione-vino-soave\/#breadcrumb","itemListElement":[{"@type":"ListItem","position":1,"name":"Home","item":"https:\/\/www.cortecanella.it\/"},{"@type":"ListItem","position":2,"name":"Degustazione vino Soave"}]},{"@type":"WebSite","@id":"https:\/\/www.cortecanella.it\/#website","url":"https:\/\/www.cortecanella.it\/","name":"Canella Court","description":"Cellar in Illasi VR","publisher":{"@id":"https:\/\/www.cortecanella.it\/#organization"},"potentialAction":[{"@type":"SearchAction","target":{"@type":"EntryPoint","urlTemplate":"https:\/\/www.cortecanella.it\/?s={search_term_string}"},"query-input":{"@type":"PropertyValueSpecification","valueRequired":true,"valueName":"search_term_string"}}],"inLanguage":"en-GB"},{"@type":"Organization","@id":"https:\/\/www.cortecanella.it\/#organization","name":"Canella Court","url":"https:\/\/www.cortecanella.it\/","logo":{"@type":"ImageObject","inLanguage":"en-GB","@id":"https:\/\/www.cortecanella.it\/#\/schema\/logo\/image\/","url":"https:\/\/www.cortecanella.it\/wp-content\/uploads\/2022\/10\/cortecan.png","contentUrl":"https:\/\/www.cortecanella.it\/wp-content\/uploads\/2022\/10\/cortecan.png","width":310,"height":310,"caption":"Corte Canella"},"image":{"@id":"https:\/\/www.cortecanella.it\/#\/schema\/logo\/image\/"},"sameAs":["https:\/\/www.facebook.com\/Corte-Canella-107518545980923\/"]}]}},"_links":{"self":[{"href":"https:\/\/www.cortecanella.it\/en\/wp-json\/wp\/v2\/pages\/12396","targetHints":{"allow":["GET"]}}],"collection":[{"href":"https:\/\/www.cortecanella.it\/en\/wp-json\/wp\/v2\/pages"}],"about":[{"href":"https:\/\/www.cortecanella.it\/en\/wp-json\/wp\/v2\/types\/page"}],"author":[{"embeddable":true,"href":"https:\/\/www.cortecanella.it\/en\/wp-json\/wp\/v2\/users\/2"}],"replies":[{"embeddable":true,"href":"https:\/\/www.cortecanella.it\/en\/wp-json\/wp\/v2\/comments?post=12396"}],"version-history":[{"count":33,"href":"https:\/\/www.cortecanella.it\/en\/wp-json\/wp\/v2\/pages\/12396\/revisions"}],"predecessor-version":[{"id":13625,"href":"https:\/\/www.cortecanella.it\/en\/wp-json\/wp\/v2\/pages\/12396\/revisions\/13625"}],"wp:attachment":[{"href":"https:\/\/www.cortecanella.it\/en\/wp-json\/wp\/v2\/media?parent=12396"}],"curies":[{"name":"wp","href":"https:\/\/api.w.org\/{rel}","templated":true}]}}