{"id":12815,"date":"2022-09-13T16:20:13","date_gmt":"2022-09-13T14:20:13","guid":{"rendered":"http:\/\/www.leonardogaltarossa.it\/cortecanella\/?page_id=12815"},"modified":"2026-03-16T15:59:55","modified_gmt":"2026-03-16T13:59:55","slug":"recioto-della-valpolicella-docg","status":"publish","type":"page","link":"https:\/\/www.cortecanella.it\/en\/recioto-della-valpolicella-docg\/","title":{"rendered":"Recioto della Valpolicella DOCG VITEF\u00e0\u00a0"},"content":{"rendered":"\t\t<div data-elementor-type=\"wp-page\" data-elementor-id=\"12815\" class=\"elementor elementor-12815\">\n\t\t\t\t\t\t<section class=\"elementor-section elementor-top-section elementor-element elementor-element-59163df elementor-section-boxed elementor-section-height-default elementor-section-height-default\" data-id=\"59163df\" data-element_type=\"section\" data-e-type=\"section\">\n\t\t\t\t\t\t<div class=\"elementor-container elementor-column-gap-default\">\n\t\t\t\t\t<div class=\"elementor-column elementor-col-50 elementor-top-column elementor-element elementor-element-6bf8ef8\" data-id=\"6bf8ef8\" data-element_type=\"column\" data-e-type=\"column\">\n\t\t\t<div class=\"elementor-widget-wrap elementor-element-populated\">\n\t\t\t\t\t\t<div class=\"elementor-element elementor-element-ba7d90a elementor-widget elementor-widget-image\" data-id=\"ba7d90a\" data-element_type=\"widget\" data-e-type=\"widget\" data-widget_type=\"image.default\">\n\t\t\t\t<div class=\"elementor-widget-container\">\n\t\t\t\t\t\t\t\t\t\t\t\t\t\t\t<img fetchpriority=\"high\" decoding=\"async\" width=\"232\" height=\"962\" src=\"https:\/\/www.cortecanella.it\/wp-content\/uploads\/2024\/12\/RECIOTO-ViteFa-CorteCanella-2024.jpg\" class=\"attachment-full size-full wp-image-13985\" alt=\"\" srcset=\"https:\/\/www.cortecanella.it\/wp-content\/uploads\/2024\/12\/RECIOTO-ViteFa-CorteCanella-2024.jpg 232w, https:\/\/www.cortecanella.it\/wp-content\/uploads\/2024\/12\/RECIOTO-ViteFa-CorteCanella-2024-72x300.jpg 72w, https:\/\/www.cortecanella.it\/wp-content\/uploads\/2024\/12\/RECIOTO-ViteFa-CorteCanella-2024-3x12.jpg 3w\" sizes=\"(max-width: 232px) 100vw, 232px\" \/>\t\t\t\t\t\t\t\t\t\t\t\t\t\t\t<\/div>\n\t\t\t\t<\/div>\n\t\t\t\t\t<\/div>\n\t\t<\/div>\n\t\t\t\t<div class=\"elementor-column elementor-col-50 elementor-top-column elementor-element elementor-element-4c8f253\" data-id=\"4c8f253\" data-element_type=\"column\" data-e-type=\"column\">\n\t\t\t<div class=\"elementor-widget-wrap elementor-element-populated\">\n\t\t\t\t\t\t<div class=\"elementor-element elementor-element-4969f37 elementor-widget elementor-widget-heading\" data-id=\"4969f37\" data-element_type=\"widget\" data-e-type=\"widget\" data-widget_type=\"heading.default\">\n\t\t\t\t<div class=\"elementor-widget-container\">\n\t\t\t\t\t<h1 class=\"elementor-heading-title elementor-size-default\">Recioto Della Valpolicella\nDocg \nVITEFA'<\/h1>\t\t\t\t<\/div>\n\t\t\t\t<\/div>\n\t\t\t\t<div class=\"elementor-element elementor-element-3928878 elementor-widget elementor-widget-text-editor\" data-id=\"3928878\" data-element_type=\"widget\" data-e-type=\"widget\" data-widget_type=\"text-editor.default\">\n\t\t\t\t<div class=\"elementor-widget-container\">\n\t\t\t\t\t\t\t\t\t<p><span style=\"color: #2a2a2a;\"><strong>IMPRESSIONI<\/strong><br \/><span data-sheets-value=\"{&quot;1&quot;:2,&quot;2&quot;:&quot;Vino dal sapore dolce e morbido, dovuto ad un appassimento lento.&quot;}\" data-sheets-userformat=\"{&quot;2&quot;:14785,&quot;3&quot;:{&quot;1&quot;:0,&quot;3&quot;:1},&quot;9&quot;:1,&quot;10&quot;:1,&quot;11&quot;:4,&quot;14&quot;:{&quot;1&quot;:3,&quot;3&quot;:1},&quot;15&quot;:&quot;Calibri&quot;,&quot;16&quot;:11}\">Vino dal sapore dolce e morbido, dovuto ad un appassimento lento.<\/span><br \/><\/span><\/p><p><strong>CONCETTI<\/strong><br \/><span data-sheets-value=\"{&quot;1&quot;:2,&quot;2&quot;:&quot;Vino dei ritrovi di famiglia, delle feste e delle grandi occasioni: \u00e8 il vino dei nostri nonni. Pensato per non stancare mai, esprime una sfumatura tipica dolce che lo rende irresistibile.&quot;}\" data-sheets-userformat=\"{&quot;2&quot;:14785,&quot;3&quot;:{&quot;1&quot;:0,&quot;3&quot;:1},&quot;9&quot;:1,&quot;10&quot;:1,&quot;11&quot;:4,&quot;14&quot;:{&quot;1&quot;:3,&quot;3&quot;:1},&quot;15&quot;:&quot;Calibri&quot;,&quot;16&quot;:11}\">Vino dei ritrovi di famiglia, delle feste e delle grandi occasioni: \u00e8 il vino dei nostri nonni. Pensato per non stancare mai, esprime una sfumatura tipica dolce che lo rende irresistibile.<\/span><\/p><p><strong>CARATTERISTICHE<\/strong><br \/><span data-sheets-value=\"{&quot;1&quot;:2,&quot;2&quot;:&quot;Corvina, Corvinone, Rondinella e Croatina\\n\\nPer un appassimento di circa 5 mesi, la raccolta \u00e8 particolarmente scrupolosa. La barrique poi ne arrotonda le caratteristiche per due anni.&quot;}\" data-sheets-userformat=\"{&quot;2&quot;:14785,&quot;3&quot;:{&quot;1&quot;:0,&quot;3&quot;:1},&quot;9&quot;:1,&quot;10&quot;:1,&quot;11&quot;:4,&quot;14&quot;:{&quot;1&quot;:3,&quot;3&quot;:1},&quot;15&quot;:&quot;Calibri&quot;,&quot;16&quot;:11}\">Corvina, Corvinone, Rondinella e Croatina<br \/>Per un appassimento di circa 5 mesi, la raccolta \u00e8 particolarmente scrupolosa. La barrique poi ne arrotonda le caratteristiche per due anni.<\/span><\/p><p><strong>ABBINAMENTI<\/strong><br \/><span data-sheets-value=\"{&quot;1&quot;:2,&quot;2&quot;:&quot;Perfetto con la biscotteria o dolci di pasta frolla. Ottimo abbinamento i formaggi stagionati.&quot;}\" data-sheets-userformat=\"{&quot;2&quot;:14785,&quot;3&quot;:{&quot;1&quot;:0,&quot;3&quot;:1},&quot;9&quot;:1,&quot;10&quot;:1,&quot;11&quot;:4,&quot;14&quot;:{&quot;1&quot;:3,&quot;3&quot;:1},&quot;15&quot;:&quot;Calibri&quot;,&quot;16&quot;:11}\">Perfetto con la biscotteria o dolci di pasta frolla. Ottimo abbinamento i formaggi stagionati.<\/span><\/p>\t\t\t\t\t\t\t\t<\/div>\n\t\t\t\t<\/div>\n\t\t\t\t<div class=\"elementor-element elementor-element-3845eb0 elementor-widget elementor-widget-button\" data-id=\"3845eb0\" data-element_type=\"widget\" data-e-type=\"widget\" data-widget_type=\"button.default\">\n\t\t\t\t<div class=\"elementor-widget-container\">\n\t\t\t\t\t\t\t\t\t<div class=\"elementor-button-wrapper\">\n\t\t\t\t\t<a class=\"elementor-button elementor-button-link elementor-size-sm\" href=\"https:\/\/www.cortecanella.it\/product\/recioto-della-valpolicella-docg-vitefa\/\">\n\t\t\t\t\t\t<span class=\"elementor-button-content-wrapper\">\n\t\t\t\t\t\t\t\t\t<span class=\"elementor-button-text\">ACQUISTA ORA &gt;<\/span>\n\t\t\t\t\t<\/span>\n\t\t\t\t\t<\/a>\n\t\t\t\t<\/div>\n\t\t\t\t\t\t\t\t<\/div>\n\t\t\t\t<\/div>\n\t\t\t\t\t<\/div>\n\t\t<\/div>\n\t\t\t\t\t<\/div>\n\t\t<\/section>\n\t\t\t\t<section class=\"elementor-section elementor-top-section elementor-element elementor-element-d57ce43 elementor-section-boxed elementor-section-height-default elementor-section-height-default\" data-id=\"d57ce43\" data-element_type=\"section\" data-e-type=\"section\">\n\t\t\t\t\t\t<div class=\"elementor-container elementor-column-gap-default\">\n\t\t\t\t\t<div class=\"elementor-column elementor-col-16 elementor-top-column elementor-element elementor-element-d46817a\" data-id=\"d46817a\" data-element_type=\"column\" data-e-type=\"column\">\n\t\t\t<div class=\"elementor-widget-wrap\">\n\t\t\t\t\t\t\t<\/div>\n\t\t<\/div>\n\t\t\t\t<div class=\"elementor-column elementor-col-66 elementor-top-column elementor-element elementor-element-69e66ad\" data-id=\"69e66ad\" data-element_type=\"column\" data-e-type=\"column\">\n\t\t\t<div class=\"elementor-widget-wrap elementor-element-populated\">\n\t\t\t\t\t\t<div class=\"elementor-element elementor-element-2394f53 elementor-widget elementor-widget-heading\" data-id=\"2394f53\" data-element_type=\"widget\" data-e-type=\"widget\" data-widget_type=\"heading.default\">\n\t\t\t\t<div class=\"elementor-widget-container\">\n\t\t\t\t\t<h2 class=\"elementor-heading-title elementor-size-default\">Informazione tecniche<\/h2>\t\t\t\t<\/div>\n\t\t\t\t<\/div>\n\t\t\t\t<div class=\"elementor-element elementor-element-4aac9c0 elementor-widget elementor-widget-text-editor\" data-id=\"4aac9c0\" data-element_type=\"widget\" data-e-type=\"widget\" data-widget_type=\"text-editor.default\">\n\t\t\t\t<div class=\"elementor-widget-container\">\n\t\t\t\t\t\t\t\t\t<table>\n<tbody>\n<tr>\n<td>Denominazione<\/td>\n<td>RECIOTO DELLA VALPOLICELLA DOCG<\/td>\n<\/tr>\n<tr>\n<td>Tipologia<\/td>\n<td>ROSSO DOLCE<\/td>\n<\/tr>\n<tr>\n<td>Annata<\/td>\n<td>2021<\/td>\n<\/tr>\n<tr>\n<td>Altitudine<\/td>\n<td>210 m s.l.m.<\/td>\n<\/tr>\n<tr>\n<td>Sistema di allevamento<\/td>\n<td>GUYOT<\/td>\n<\/tr>\n<tr>\n<td>Temperatura di servizio<\/td>\n<td>16\u00b0 &#8211; 18\u00b0 C<\/td>\n<\/tr>\n<tr>\n<td>Analisi visiva<\/td>\n<td>Color rosso rubino intenso<br><\/td>\n<\/tr>\n<tr>\n<td>Analisi olfattiva<\/td>\n<td>Amarena, pugna e frutti di sottobosco sono i primi sentori, accompagnati poi da una spezia elegante.<\/td>\n<\/tr>\n<tr>\n<td>Analisi gustativa<\/td>\n<td>La dolcezza \u00e8 fine e raffinata, sempre delicata. La rotondit\u00e0 invade il palato e persiste a lungo.<\/td>\n<\/tr>\n<tr>\n<td>Formati<\/td>\n<td>500 ml<\/td>\n<\/tr>\n<\/tbody>\n<\/table>\t\t\t\t\t\t\t\t<\/div>\n\t\t\t\t<\/div>\n\t\t\t\t\t<\/div>\n\t\t<\/div>\n\t\t\t\t<div class=\"elementor-column elementor-col-16 elementor-top-column elementor-element elementor-element-314992b\" data-id=\"314992b\" data-element_type=\"column\" data-e-type=\"column\">\n\t\t\t<div class=\"elementor-widget-wrap\">\n\t\t\t\t\t\t\t<\/div>\n\t\t<\/div>\n\t\t\t\t\t<\/div>\n\t\t<\/section>\n\t\t\t\t<section class=\"elementor-section elementor-top-section elementor-element elementor-element-98381cb elementor-section-boxed elementor-section-height-default elementor-section-height-default\" data-id=\"98381cb\" data-element_type=\"section\" data-e-type=\"section\">\n\t\t\t\t\t\t<div class=\"elementor-container elementor-column-gap-default\">\n\t\t\t\t\t<div class=\"elementor-column elementor-col-100 elementor-top-column elementor-element elementor-element-61efa1e\" data-id=\"61efa1e\" data-element_type=\"column\" data-e-type=\"column\">\n\t\t\t<div class=\"elementor-widget-wrap elementor-element-populated\">\n\t\t\t\t\t\t<div class=\"elementor-element elementor-element-be0ee28 elementor-widget elementor-widget-heading\" data-id=\"be0ee28\" data-element_type=\"widget\" data-e-type=\"widget\" data-widget_type=\"heading.default\">\n\t\t\t\t<div class=\"elementor-widget-container\">\n\t\t\t\t\t<h3 class=\"elementor-heading-title elementor-size-default\">Prodotti<\/h3>\t\t\t\t<\/div>\n\t\t\t\t<\/div>\n\t\t\t\t<div class=\"elementor-element elementor-element-311bfbd elementor-widget elementor-widget-heading\" data-id=\"311bfbd\" data-element_type=\"widget\" data-e-type=\"widget\" data-widget_type=\"heading.default\">\n\t\t\t\t<div class=\"elementor-widget-container\">\n\t\t\t\t\t<h2 class=\"elementor-heading-title elementor-size-default\">I nostri vini<\/h2>\t\t\t\t<\/div>\n\t\t\t\t<\/div>\n\t\t\t\t<div class=\"elementor-element elementor-element-ea6520c elementor-widget elementor-widget-text-editor\" data-id=\"ea6520c\" data-element_type=\"widget\" data-e-type=\"widget\" data-widget_type=\"text-editor.default\">\n\t\t\t\t<div class=\"elementor-widget-container\">\n\t\t\t\t\t\t\t\t\t<p><span style=\"font-weight: 400;\">L\u2019amore, i profumi e il carattere della nostra terra.<\/span><\/p>\t\t\t\t\t\t\t\t<\/div>\n\t\t\t\t<\/div>\n\t\t\t\t\t<\/div>\n\t\t<\/div>\n\t\t\t\t\t<\/div>\n\t\t<\/section>\n\t\t\t\t<section class=\"elementor-section elementor-top-section elementor-element elementor-element-32b0a94 elementor-section-boxed elementor-section-height-default elementor-section-height-default\" data-id=\"32b0a94\" data-element_type=\"section\" data-e-type=\"section\">\n\t\t\t\t\t\t<div class=\"elementor-container elementor-column-gap-default\">\n\t\t\t\t\t<div class=\"elementor-column elementor-col-20 elementor-top-column elementor-element elementor-element-d7b3df3\" data-id=\"d7b3df3\" data-element_type=\"column\" data-e-type=\"column\">\n\t\t\t<div class=\"elementor-widget-wrap elementor-element-populated\">\n\t\t\t\t\t\t<div class=\"elementor-element elementor-element-4ab4df5 elementor-widget elementor-widget-image\" data-id=\"4ab4df5\" data-element_type=\"widget\" data-e-type=\"widget\" data-widget_type=\"image.default\">\n\t\t\t\t<div class=\"elementor-widget-container\">\n\t\t\t\t\t\t\t\t\t\t\t\t\t\t\t\t<a href=\"https:\/\/www.cortecanella.it\/soave-doc\/\">\n\t\t\t\t\t\t\t<img decoding=\"async\" width=\"580\" height=\"527\" src=\"https:\/\/www.cortecanella.it\/wp-content\/uploads\/2023\/07\/soave-doc-quad-1024x931.webp\" class=\"attachment-large size-large wp-image-13686\" alt=\"\" srcset=\"https:\/\/www.cortecanella.it\/wp-content\/uploads\/2023\/07\/soave-doc-quad-1024x931.webp 1024w, https:\/\/www.cortecanella.it\/wp-content\/uploads\/2023\/07\/soave-doc-quad-600x545.webp 600w, https:\/\/www.cortecanella.it\/wp-content\/uploads\/2023\/07\/soave-doc-quad-300x273.webp 300w, https:\/\/www.cortecanella.it\/wp-content\/uploads\/2023\/07\/soave-doc-quad-768x698.webp 768w, https:\/\/www.cortecanella.it\/wp-content\/uploads\/2023\/07\/soave-doc-quad-13x12.webp 13w, https:\/\/www.cortecanella.it\/wp-content\/uploads\/2023\/07\/soave-doc-quad.webp 1100w\" sizes=\"(max-width: 580px) 100vw, 580px\" \/>\t\t\t\t\t\t\t\t<\/a>\n\t\t\t\t\t\t\t\t\t\t\t\t\t\t\t<\/div>\n\t\t\t\t<\/div>\n\t\t\t\t<div class=\"elementor-element elementor-element-62207ff elementor-widget elementor-widget-text-editor\" data-id=\"62207ff\" data-element_type=\"widget\" data-e-type=\"widget\" data-widget_type=\"text-editor.default\">\n\t\t\t\t<div class=\"elementor-widget-container\">\n\t\t\t\t\t\t\t\t\t<p><strong>Soave Doc IL 56<br \/><\/strong><\/p>\t\t\t\t\t\t\t\t<\/div>\n\t\t\t\t<\/div>\n\t\t\t\t\t<\/div>\n\t\t<\/div>\n\t\t\t\t<div class=\"elementor-column elementor-col-20 elementor-top-column elementor-element elementor-element-9a63ad6\" data-id=\"9a63ad6\" data-element_type=\"column\" data-e-type=\"column\">\n\t\t\t<div class=\"elementor-widget-wrap elementor-element-populated\">\n\t\t\t\t\t\t<div class=\"elementor-element elementor-element-b450949 elementor-widget elementor-widget-image\" data-id=\"b450949\" data-element_type=\"widget\" data-e-type=\"widget\" data-widget_type=\"image.default\">\n\t\t\t\t<div class=\"elementor-widget-container\">\n\t\t\t\t\t\t\t\t\t\t\t\t\t\t\t\t<a href=\"https:\/\/www.cortecanella.it\/valpolicella-doc\/\">\n\t\t\t\t\t\t\t<img decoding=\"async\" width=\"580\" height=\"527\" src=\"https:\/\/www.cortecanella.it\/wp-content\/uploads\/2023\/07\/vino-valpolicella-nuovoq-1024x931.webp\" class=\"attachment-large size-large wp-image-13755\" alt=\"\" srcset=\"https:\/\/www.cortecanella.it\/wp-content\/uploads\/2023\/07\/vino-valpolicella-nuovoq-1024x931.webp 1024w, https:\/\/www.cortecanella.it\/wp-content\/uploads\/2023\/07\/vino-valpolicella-nuovoq-600x545.webp 600w, https:\/\/www.cortecanella.it\/wp-content\/uploads\/2023\/07\/vino-valpolicella-nuovoq-300x273.webp 300w, https:\/\/www.cortecanella.it\/wp-content\/uploads\/2023\/07\/vino-valpolicella-nuovoq-768x698.webp 768w, https:\/\/www.cortecanella.it\/wp-content\/uploads\/2023\/07\/vino-valpolicella-nuovoq-13x12.webp 13w, https:\/\/www.cortecanella.it\/wp-content\/uploads\/2023\/07\/vino-valpolicella-nuovoq.webp 1100w\" sizes=\"(max-width: 580px) 100vw, 580px\" \/>\t\t\t\t\t\t\t\t<\/a>\n\t\t\t\t\t\t\t\t\t\t\t\t\t\t\t<\/div>\n\t\t\t\t<\/div>\n\t\t\t\t<div class=\"elementor-element elementor-element-e31e2d9 elementor-widget elementor-widget-text-editor\" data-id=\"e31e2d9\" data-element_type=\"widget\" data-e-type=\"widget\" data-widget_type=\"text-editor.default\">\n\t\t\t\t<div class=\"elementor-widget-container\">\n\t\t\t\t\t\t\t\t\t<p><strong>Valpolicella Doc ASANTE<\/strong><\/p>\t\t\t\t\t\t\t\t<\/div>\n\t\t\t\t<\/div>\n\t\t\t\t\t<\/div>\n\t\t<\/div>\n\t\t\t\t<div class=\"elementor-column elementor-col-20 elementor-top-column elementor-element elementor-element-d5a8c90\" data-id=\"d5a8c90\" data-element_type=\"column\" data-e-type=\"column\">\n\t\t\t<div class=\"elementor-widget-wrap elementor-element-populated\">\n\t\t\t\t\t\t<div class=\"elementor-element elementor-element-0bd3427 elementor-widget elementor-widget-image\" data-id=\"0bd3427\" data-element_type=\"widget\" data-e-type=\"widget\" data-widget_type=\"image.default\">\n\t\t\t\t<div class=\"elementor-widget-container\">\n\t\t\t\t\t\t\t\t\t\t\t\t\t\t\t\t<a href=\"https:\/\/www.cortecanella.it\/valpolicella-doc-superiore\/\">\n\t\t\t\t\t\t\t<img loading=\"lazy\" decoding=\"async\" width=\"580\" height=\"580\" src=\"https:\/\/www.cortecanella.it\/wp-content\/uploads\/2025\/03\/Progetto-senza-titolo-31.png\" class=\"attachment-large size-large wp-image-14584\" alt=\"\" srcset=\"https:\/\/www.cortecanella.it\/wp-content\/uploads\/2025\/03\/Progetto-senza-titolo-31.png 1000w, https:\/\/www.cortecanella.it\/wp-content\/uploads\/2025\/03\/Progetto-senza-titolo-31-300x300.png 300w, https:\/\/www.cortecanella.it\/wp-content\/uploads\/2025\/03\/Progetto-senza-titolo-31-150x150.png 150w, https:\/\/www.cortecanella.it\/wp-content\/uploads\/2025\/03\/Progetto-senza-titolo-31-768x768.png 768w, https:\/\/www.cortecanella.it\/wp-content\/uploads\/2025\/03\/Progetto-senza-titolo-31-12x12.png 12w, https:\/\/www.cortecanella.it\/wp-content\/uploads\/2025\/03\/Progetto-senza-titolo-31-600x600.png 600w\" sizes=\"(max-width: 580px) 100vw, 580px\" \/>\t\t\t\t\t\t\t\t<\/a>\n\t\t\t\t\t\t\t\t\t\t\t\t\t\t\t<\/div>\n\t\t\t\t<\/div>\n\t\t\t\t<div class=\"elementor-element elementor-element-d04b7a1 elementor-widget elementor-widget-text-editor\" data-id=\"d04b7a1\" data-element_type=\"widget\" data-e-type=\"widget\" data-widget_type=\"text-editor.default\">\n\t\t\t\t<div class=\"elementor-widget-container\">\n\t\t\t\t\t\t\t\t\t<p><strong>Valpolicella Doc Superiore SIAMONOI<br \/><\/strong><\/p>\t\t\t\t\t\t\t\t<\/div>\n\t\t\t\t<\/div>\n\t\t\t\t\t<\/div>\n\t\t<\/div>\n\t\t\t\t<div class=\"elementor-column elementor-col-20 elementor-top-column elementor-element elementor-element-8cc9bea\" data-id=\"8cc9bea\" data-element_type=\"column\" data-e-type=\"column\">\n\t\t\t<div class=\"elementor-widget-wrap elementor-element-populated\">\n\t\t\t\t\t\t<div class=\"elementor-element elementor-element-78bf5c4 elementor-widget elementor-widget-image\" data-id=\"78bf5c4\" data-element_type=\"widget\" data-e-type=\"widget\" data-widget_type=\"image.default\">\n\t\t\t\t<div class=\"elementor-widget-container\">\n\t\t\t\t\t\t\t\t\t\t\t\t\t\t\t\t<a href=\"https:\/\/www.cortecanella.it\/amarone-della-valpolicella-docg\/\">\n\t\t\t\t\t\t\t<img loading=\"lazy\" decoding=\"async\" width=\"580\" height=\"527\" src=\"https:\/\/www.cortecanella.it\/wp-content\/uploads\/2022\/08\/amarone-della-valpolicella-1024x931.jpg\" class=\"attachment-large size-large wp-image-12139\" alt=\"amarone della valpolicella\" srcset=\"https:\/\/www.cortecanella.it\/wp-content\/uploads\/2022\/08\/amarone-della-valpolicella-1024x931.jpg 1024w, https:\/\/www.cortecanella.it\/wp-content\/uploads\/2022\/08\/amarone-della-valpolicella-600x545.jpg 600w, https:\/\/www.cortecanella.it\/wp-content\/uploads\/2022\/08\/amarone-della-valpolicella-300x273.jpg 300w, https:\/\/www.cortecanella.it\/wp-content\/uploads\/2022\/08\/amarone-della-valpolicella-768x698.jpg 768w, https:\/\/www.cortecanella.it\/wp-content\/uploads\/2022\/08\/amarone-della-valpolicella.jpg 1100w\" sizes=\"(max-width: 580px) 100vw, 580px\" \/>\t\t\t\t\t\t\t\t<\/a>\n\t\t\t\t\t\t\t\t\t\t\t\t\t\t\t<\/div>\n\t\t\t\t<\/div>\n\t\t\t\t<div class=\"elementor-element elementor-element-f22a9e0 elementor-widget elementor-widget-text-editor\" data-id=\"f22a9e0\" data-element_type=\"widget\" data-e-type=\"widget\" data-widget_type=\"text-editor.default\">\n\t\t\t\t<div class=\"elementor-widget-container\">\n\t\t\t\t\t\t\t\t\t<p><strong>Amarone della Valpolicella Docg<\/strong><\/p>\t\t\t\t\t\t\t\t<\/div>\n\t\t\t\t<\/div>\n\t\t\t\t<div class=\"elementor-element elementor-element-bc91d0f elementor-widget elementor-widget-menu-anchor\" data-id=\"bc91d0f\" data-element_type=\"widget\" data-e-type=\"widget\" data-widget_type=\"menu-anchor.default\">\n\t\t\t\t<div class=\"elementor-widget-container\">\n\t\t\t\t\t\t\t<div class=\"elementor-menu-anchor\" id=\"contatto\"><\/div>\n\t\t\t\t\t\t<\/div>\n\t\t\t\t<\/div>\n\t\t\t\t\t<\/div>\n\t\t<\/div>\n\t\t\t\t<div class=\"elementor-column elementor-col-20 elementor-top-column elementor-element elementor-element-68e3fd7\" data-id=\"68e3fd7\" data-element_type=\"column\" data-e-type=\"column\">\n\t\t\t<div class=\"elementor-widget-wrap elementor-element-populated\">\n\t\t\t\t\t\t<div class=\"elementor-element elementor-element-fe76001 elementor-widget elementor-widget-image\" data-id=\"fe76001\" data-element_type=\"widget\" data-e-type=\"widget\" data-widget_type=\"image.default\">\n\t\t\t\t<div class=\"elementor-widget-container\">\n\t\t\t\t\t\t\t\t\t\t\t\t\t\t\t\t<a href=\"https:\/\/www.cortecanella.it\/rosato-igt-illa\/\">\n\t\t\t\t\t\t\t<img loading=\"lazy\" decoding=\"async\" width=\"580\" height=\"527\" src=\"https:\/\/www.cortecanella.it\/wp-content\/uploads\/2025\/04\/ROSATO-Illa-Corte-Canella-Apr2025-HD-ANTEPRIMA-1024x931.jpg\" class=\"attachment-large size-large wp-image-14166\" alt=\"\" srcset=\"https:\/\/www.cortecanella.it\/wp-content\/uploads\/2025\/04\/ROSATO-Illa-Corte-Canella-Apr2025-HD-ANTEPRIMA-1024x931.jpg 1024w, https:\/\/www.cortecanella.it\/wp-content\/uploads\/2025\/04\/ROSATO-Illa-Corte-Canella-Apr2025-HD-ANTEPRIMA-300x273.jpg 300w, https:\/\/www.cortecanella.it\/wp-content\/uploads\/2025\/04\/ROSATO-Illa-Corte-Canella-Apr2025-HD-ANTEPRIMA-768x698.jpg 768w, https:\/\/www.cortecanella.it\/wp-content\/uploads\/2025\/04\/ROSATO-Illa-Corte-Canella-Apr2025-HD-ANTEPRIMA-13x12.jpg 13w, https:\/\/www.cortecanella.it\/wp-content\/uploads\/2025\/04\/ROSATO-Illa-Corte-Canella-Apr2025-HD-ANTEPRIMA-600x545.jpg 600w, https:\/\/www.cortecanella.it\/wp-content\/uploads\/2025\/04\/ROSATO-Illa-Corte-Canella-Apr2025-HD-ANTEPRIMA.jpg 1100w\" sizes=\"(max-width: 580px) 100vw, 580px\" \/>\t\t\t\t\t\t\t\t<\/a>\n\t\t\t\t\t\t\t\t\t\t\t\t\t\t\t<\/div>\n\t\t\t\t<\/div>\n\t\t\t\t<div class=\"elementor-element elementor-element-dc97a2c elementor-widget elementor-widget-text-editor\" data-id=\"dc97a2c\" data-element_type=\"widget\" data-e-type=\"widget\" data-widget_type=\"text-editor.default\">\n\t\t\t\t<div class=\"elementor-widget-container\">\n\t\t\t\t\t\t\t\t\t<p><strong><a class=\"row-title\" href=\"https:\/\/www.cortecanella.it\/wp-admin\/post.php?post=14157&amp;action=edit\" aria-label=\"\u201cRosato IGT \u201cIlla\u201c\u201d (Modifica)\">Rosato Igt ILLA<\/a><\/strong><\/p>\t\t\t\t\t\t\t\t<\/div>\n\t\t\t\t<\/div>\n\t\t\t\t\t<\/div>\n\t\t<\/div>\n\t\t\t\t\t<\/div>\n\t\t<\/section>\n\t\t\t\t<section class=\"elementor-section elementor-top-section elementor-element elementor-element-24b5a04 elementor-section-boxed elementor-section-height-default elementor-section-height-default\" data-id=\"24b5a04\" data-element_type=\"section\" data-e-type=\"section\">\n\t\t\t\t\t\t<div class=\"elementor-container elementor-column-gap-default\">\n\t\t\t\t\t<div class=\"elementor-column elementor-col-50 elementor-top-column elementor-element elementor-element-a2b9148\" data-id=\"a2b9148\" data-element_type=\"column\" data-e-type=\"column\">\n\t\t\t<div class=\"elementor-widget-wrap elementor-element-populated\">\n\t\t\t\t\t\t<div class=\"elementor-element elementor-element-dfdcd0b elementor-widget elementor-widget-wpforms\" data-id=\"dfdcd0b\" data-element_type=\"widget\" data-e-type=\"widget\" data-widget_type=\"wpforms.default\">\n\t\t\t\t<div class=\"elementor-widget-container\">\n\t\t\t\t\t<div class=\"wpforms-container wpforms-container-full\" id=\"wpforms-12208\"><form id=\"wpforms-form-12208\" class=\"wpforms-validate wpforms-form wpforms-ajax-form\" data-formid=\"12208\" method=\"post\" enctype=\"multipart\/form-data\" action=\"\/en\/wp-json\/wp\/v2\/pages\/12815\" data-token=\"ff01106d98c080e57f9e7c4bdbe4ced4\" data-token-time=\"1777464853\"><noscript class=\"wpforms-error-noscript\">Please enable JavaScript in your browser to complete this form.<\/noscript><div class=\"wpforms-field-container\"><div id=\"wpforms-12208-field_1-container\" class=\"wpforms-field wpforms-field-text\" data-field-id=\"1\"><label class=\"wpforms-field-label\" for=\"wpforms-12208-field_1\">Il tuo nome <span class=\"wpforms-required-label\">*<\/span><\/label><input type=\"text\" id=\"wpforms-12208-field_1\" class=\"wpforms-field-medium wpforms-field-required\" name=\"wpforms[fields][1]\" required><\/div><div id=\"wpforms-12208-field_3-container\" class=\"wpforms-field wpforms-field-email\" data-field-id=\"3\"><label class=\"wpforms-field-label\" for=\"wpforms-12208-field_3\">La tua email <span class=\"wpforms-required-label\">*<\/span><\/label><input type=\"email\" id=\"wpforms-12208-field_3\" class=\"wpforms-field-medium wpforms-field-required\" name=\"wpforms[fields][3]\" spellcheck=\"false\" required><\/div><div id=\"wpforms-12208-field_4-container\" class=\"wpforms-field wpforms-field-textarea\" data-field-id=\"4\"><label class=\"wpforms-field-label\" for=\"wpforms-12208-field_4\">Informazioni aggiuntive<\/label><textarea id=\"wpforms-12208-field_4\" class=\"wpforms-field-medium\" name=\"wpforms[fields][4]\" ><\/textarea><\/div><div id=\"wpforms-12208-field_5-container\" class=\"wpforms-field wpforms-field-checkbox\" data-field-id=\"5\"><label class=\"wpforms-field-label wpforms-label-hide\">Caselle di Spunta <span class=\"wpforms-required-label\">*<\/span><\/label><ul id=\"wpforms-12208-field_5\" class=\"wpforms-field-required\"><li class=\"choice-3 depth-1\"><input type=\"checkbox\" id=\"wpforms-12208-field_5_3\" name=\"wpforms[fields][5][]\" value=\"Acconsento il trattamento dei miei dati personali\" required ><label class=\"wpforms-field-label-inline\" for=\"wpforms-12208-field_5_3\">Acconsento il trattamento dei miei dati personali <span class=\"wpforms-required-label\">*<\/span><\/label><\/li><\/ul><div class=\"wpforms-field-description wpforms-disclaimer-description\">Ai sensi dell\u2019art.13 del d.lgs. n. 196\/2003 e degli artt. 13 e 14 del Regolamento (UE) n. 679\/2016 (\u201cGDPR\u201d)<br \/>\n<br \/>\nCorte Canella, con sede in Via Canella 14, 37031 Illasi (Verona) \u2013 ITALIA, p.iva\/c.f. 03690990233, tutela la riservatezza dei dati personali e garantisce ad essi la protezione necessaria da ogni evento che possa metterli a rischio di violazione.<br \/>\nCome previsto dal Regolamento dell\u2019Unione Europea n. 679\/2016 (\u201cGDPR\u201d), ed in particolare all\u2019art. 13, qui di seguito si forniscono all\u2019utente (\u201dInteressato\u201d) le informazioni richieste dalla legge relative al trattamento dei propri dati personali in relazione al sito web https:\/\/www.cortecanella.it\/<br \/>\nChi siamo e quali dati trattiamo<br \/>\n<br \/>\n(art. 13, 1\u00b0 comma lett. a, art. 15, lett. b GDPR)<br \/>\n<br \/>\nIl Titolare del trattamento dei dati \u00e8 Corte Canella, con sede in Via Canella 14, 37031 Illasi (Verona) \u2013 ITALIA, p.iva\/c.f. 03690990233 \u2013 info@cortecanella.it a cui potrai rivolgerti in qualsiasi momento per l\u2019esercizio dei diritti previsti dall\u2019art. 7 del D.Lgs. 196\/2003 e art. 15 GDPR.<br \/>\n<br \/>\nDati di traffico telematico\/Dati di navigazione<br \/>\nLog, indirizzo IP di provenienza. Questi dati vengono utilizzati al solo fine di ricavare informazioni statistiche anonime sull\u2019uso del sito e per controllarne il corretto funzionamento.<br \/>\n<br \/>\nDati forniti volontariamente dall\u2019Interessato<br \/>\nLa raccolta di dati personali degli utenti\/interessati pu\u00f2 avvenire in maniera volontaria, attraverso l\u2019invio di posta elettronica agli indirizzi riportati sul sito o attraverso la spedizione dei moduli elettronici presenti sullo stesso da parte degli utenti.<br \/>\n<br \/>\nIl Titolare non richiede all\u2019Interessato di fornire dati c.d. \u201cparticolari\u201d, ovvero, secondo quanto previsto dal GDPR (art. 9), i dati personali che rivelino l\u2019origine razziale o etnica, le opinioni politiche, le convinzioni religiose o filosofiche, o l\u2019appartenenza sindacale, nonch\u00e9 dati genetici, dati biometrici intesi a identificare in modo univoco una persona fisica, dati relativi alla salute o alla vita sessuale o all\u2019orientamento sessuale della persona. Nel caso in cui la prestazione richiesta al Titolare imponesse il trattamento di tali dati, l\u2019Interessato ricever\u00e0 preventivamente apposita informativa e sar\u00e0 ad Egli richiesto di prestare apposito consenso.<br \/>\nPer quali finalit\u00e0 ci occorrono i dati dell\u2019Interessato<br \/>\n<br \/>\n(art. 13, 1\u00b0 comma GDPR)<br \/>\n<br \/>\nI dati servono al Titolare per dar seguito alla richiesta di iscrizione anagrafica ed al contratto di fornitura del Servizio prescelto e\/o del Prodotto acquistato, gestire ed eseguire le richieste di contatto inoltrate dall\u2019Interessato, fornire assistenza, adempiere agli obblighi di legge e regolamentari cui il Titolare \u00e8 tenuto in funzione dell\u2019attivit\u00e0 esercitata. In nessun caso il Titolare rivende i dati personali dell\u2019Interessato a terzi n\u00e9 li utilizza per finalit\u00e0 non dichiarate.<br \/>\nComunicazione a terzi e categorie di destinatari<br \/>\n<br \/>\n(art. 13, 1\u00b0 comma GDPR)<br \/>\n<br \/>\nLa comunicazione dei dati personali dell\u2019Interessato avviene principalmente nei confronti di terzi e\/o destinatari la cui attivit\u00e0 \u00e8 necessaria per l\u2019espletamento delle attivit\u00e0 inerenti al rapporto instaurato e per rispondere a determinati obblighi di legge, quali:<br \/>\nTerzi fornitori e consulenti esterni: Erogazione di servizi (assistenza, manutenzione, fornitori di reti e servizi di comunicazione elettronica) connessi alla gestione del sito web.<br \/>\nIl Titolare non trasferisce i tuoi dati personali in paesi nei quali non \u00e8 applicato il GDPR (paesi extra UE) salvo specifiche indicazioni contrarie per le quali verrai preventivamente informato e se necessario verr\u00e0 richiesto il tuo consenso.<br \/>\nBase giuridica di tali trattamenti \u00e8 l\u2019adempimento delle prestazioni inerenti al rapporto instaurato, il rispetto di obblighi di legge ed il legittimo interesse del Titolare ad effettuare trattamenti necessari a tali finalit\u00e0.<br \/>\nChe cosa succede nel caso in cui l\u2019Interessato non fornisca i suoi dati identificati come necessari ai fini dell\u2019esecuzione della prestazione richiesta?<br \/>\n<br \/>\n(Art. 13, 2\u00b0 comma, lett. e GDPR)<br \/>\n<br \/>\nIn generale la raccolta ed il trattamento dei dati personali \u00e8 necessaria per dar seguito alle prestazioni richieste. Qualora l\u2019Interessato non fornisca i dati personali, il Titolare non potr\u00e0 dar seguito ai trattamenti legati alla gestione delle prestazioni richieste, n\u00e9 agli adempimenti che da essi dipendono.<br \/>\nChe cosa succede nel caso in cui l\u2019Interessato non fornisca il consenso al trattamento dei dati personali per le attivit\u00e0 di promozione commerciale su Servizi\/Prodotti differenti rispetto a quelli acquistati?<br \/>\n<br \/>\nNel caso in cui l\u2019Interessato non presti il proprio consenso al trattamento dei dati personali per tali finalit\u00e0, detto trattamento non avverr\u00e0 per le finalit\u00e0 medesime, senza che ci\u00f2 comporti effetti sull\u2019erogazione delle prestazioni richieste, n\u00e9 per quelle per cui Egli ha gi\u00e0 prestato il proprio consenso, se richiesto.<br \/>\nNel caso in cui l\u2019Interessato abbia prestato il consenso e dovesse successivamente revocarlo o opporsi al trattamento per attivit\u00e0 di promozione commerciale, i suoi dati non saranno trattati pi\u00f9 per tali attivit\u00e0, senza che ci\u00f2 comporti conseguenze o effetti pregiudizievoli per l\u2019Interessato e per le prestazioni richieste.<br \/>\nCome trattiamo i dati dell\u2019Interessato<br \/>\n<br \/>\n(art. 32 GDPR)<br \/>\n<br \/>\nIl Titolare dispone l\u2019utilizzo di adeguate misure di sicurezza al fine di preservare la riservatezza, l\u2019integrit\u00e0 e la disponibilit\u00e0 di dati personali dell\u2019Interessato e impone ai terzi fornitori e ai Responsabili analoghe misure di sicurezza.<br \/>\nDove trattiamo i dati dell\u2019Interessato<br \/>\n<br \/>\nI dati personali dell\u2019Interessato sono conservati in archivi cartacei, informatici e telematici situati in paesi nei quali \u00e8 applicato il GDPR (paesi UE). Ai sensi dell\u2019art. 43 del Codice Privacy e dell\u2019art. 44 del GDPR, il Titolare potrebbe inoltre trasferire i suoi dati personali a Terze Parti ubicate in Stati non appartenenti all\u2019Unione Europea ovvero allo Spazio Economico Europeo. In tale circostanza, il Titolare assicura l\u2019adozione di adeguate garanzie (come la sottoscrizione di clausole contrattuali standard approvate dalla Commissione UE) con la societ\u00e0 estera ricevente i dati; tali clausole garantiscono un livello di protezione dei dati corrispondente a quello sancito dalla normativa europea.<br \/>\nPer quanto tempo vengono conservati i dati dell\u2019Interessato?<br \/>\n<br \/>\n(art. 13, 2\u00b0 comma, lett. a GDPR)<br \/>\n<br \/>\nA meno che questi non esprima esplicitamente la propria volont\u00e0 di rimuoverli, i dati personali dell\u2019Interessato saranno conservati fino a che saranno necessari rispetto alle legittime finalit\u00e0 per le quali sono stati raccolti.<br \/>\nIn particolare, saranno conservati per tutta la durata della sua iscrizione anagrafica e comunque non oltre un periodo massimo di 12 (dodici) mesi di sua inattivit\u00e0, ovvero qualora, entro tale termine, non risultino associati dei Servizi e\/o acquistati dei Prodotti mediante l\u2019anagrafica stessa.<br \/>\nOccorre inoltre aggiungere che, nel caso in cui un utente inoltri al Titolare dati personali non richiesti o non necessari al fine dell\u2019esecuzione della prestazione richiesta ovvero all\u2019erogazione di un servizio ad essa strettamente connessa, il Titolare non potr\u00e0 essere considerata titolare di questi dati, e provveder\u00e0 alla loro cancellazione nel pi\u00f9 breve tempo possibile.<br \/>\nA prescindere dalla determinazione dell\u2019Interessato alla loro rimozione, i dati personali saranno in ogni caso conservati secondo i termini previsti dalla vigente normativa e\/o dai regolamenti nazionali, al fine esclusivo di garantire gli adempimenti specifici, propri di alcuni Servizi.<br \/>\nAltres\u00ec, i dati personali saranno in ogni caso conservati per l\u2019adempimento degli obblighi (es. fiscali e contabili) che permangono anche dopo la cessazione del contratto (art. 2220 c.c.); per tali fini il Titolare conserver\u00e0 solo i dati necessari al relativo perseguimento.<br \/>\nSono fatti salvi i casi in cui si dovessero far valere in giudizio i diritti derivanti dal contratto e\/o dall\u2019iscrizione anagrafica, nel qual caso i dati personali dell\u2019Interessato, esclusivamente quelli necessari per tali finalit\u00e0, saranno trattati per il tempo indispensabile al loro perseguimento.<br \/>\nI tuoi diritti<br \/>\n<br \/>\nIn relazione al trattamento dei tuoi dati personali, hai diritto di chiedere al Titolare:<br \/>\n<br \/>\n    l\u2019accesso: puoi chiedere conferma che sia o meno in essere un trattamento di dati che ti riguardano, oltre a maggiori chiarimenti circa le informazioni di cui alla presente Informativa, nonch\u00e9 di ricevere i dati stessi, nei limiti della ragionevolezza;<br \/>\n    la rettifica: puoi chiedere di rettificare o integrare i dati che ci hai fornito o comunque in nostro possesso, qualora inesatti;<br \/>\n    la cancellazione: puoi chiedere che i tuoi dati acquisiti o trattati dal Titolare vengano cancellati, qualora non siano pi\u00f9 necessari alle nostre finalit\u00e0 o laddove non vi siano contestazioni o controversie in essere, in caso di revoca del consenso o tua opposizione al trattamento, in caso di trattamento illecito, ovvero qualora sussista un obbligo legale di cancellazione;<br \/>\n    la limitazione: puoi chiedere la limitazione del trattamento dei suoi dati personali, quando ricorre una delle condizioni di cui all\u2019art. 18 del GDPR; in tal caso, i tuoi dati non saranno trattati, salvo che per la conservazione, senza il tuo consenso fatta eccezione per quanto esplicitato nel medesimo articolo al comma 2.<br \/>\n    l\u2019opposizione: puoi opporti in qualunque momento al trattamento dei tuoi dati sulla base di un nostro legittimo interesse, salvo che vi siano nostri motivi legittimi per procedere al trattamento che prevalgano sui tuoi, per esempio per l\u2019esercizio o la nostra difesa in sede giudiziaria; la tua opposizione prevarr\u00e0 sempre e comunque sul nostro interesse legittimo a trattare i tuoi dati per finalit\u00e0 di marketing;<br \/>\n    la portabilit\u00e0: puoi chiedere di ricevere i tuoi dati, o di farli trasmettere ad altro titolare da te indicato, in un formato strutturato, di uso comune e leggibile da dispositivo automatico.<br \/>\n    Inoltre, ai sensi dell\u2019art. 7, par. 3, GDPR, ti informiamo che puoi esercitare in qualsiasi momento il tuo diritto di revoca del consenso, senza che venga pregiudicata la liceit\u00e0 del trattamento basata sul consenso prestato antecedentemente. Infine, ti informiamo che ha diritto di proporre reclamo dinanzi all\u2019Autorit\u00e0 di Controllo, che in Italia \u00e8 il Garante per la Protezione dei Dati Personali.<br \/>\n    diritto all\u2019oblio: Ti informiamo che la presente Informativa riguarda esclusivamente il trattamento dei dati personali che ci hai fornito o fornirai al Titolare \u2013 eventualmente anche acquistando nostri prodotti e\/o servizi forniti dietro pagamento o partecipando a nostre promozioni e\/o offerte \u2013 e quelli che, eventualmente, il Titolare acquisir\u00e0 nel corso del presente rapporto e\/o di ulteriori rapporti tra te e noi.<br \/>\n    Se volessi, invece, far valere il diritto all\u2019oblio con riferimento ai tuoi dati personali eventualmente contenuti in articoli, pubblicazioni o sezioni del sito puoi rivolgerti, ai fini dell\u2019esercizio di tale diritto di cui all\u2019art. 17 del GDPR, scrivendo al Titolare Corte Canella, con sede in Via Canella 14, 37031 Illasi (Verona), p.iva\/c.f. 03690990233, info@cortecanella.it.<br \/>\n<br \/>\np&gt;Per esercitare tali diritti, segnalare problemi o chiedere chiarimenti sul trattamento dei propri dati personali puoi inviare una mail a info@cortecanella.it.<br \/>\nTi comunichiamo, inoltre, che \u00e8 possibile inoltrare le tue richieste anche via posta, scrivendo al Titolare del Trattamento, Corte Canella, con sede in Via Canella 14, 37031 Illasi (Verona), p.iva\/c.f. 03690990233, specificando l\u2019oggetto della richiesta.<br \/>\n<br \/>\nModifiche all\u2019Informativa<br \/>\n<br \/>\nL\u2019eventuale entrata in vigore di nuove normative di settore, come anche il costante esame ed aggiornamento dei servizi a te riservati e diretti, potrebbe comportare la necessit\u00e0 di modificare le modalit\u00e0 e i termini descritti nella presente Informativa. \u00c8 pertanto possibile che questo documento subisca modifiche nel tempo. Ti invitiamo, pertanto, a consultare periodicamente questa pagina.<br \/>\nPubblicheremo eventuali modifiche alla presente Informativa in questa pagina e, qualora le modifiche fossero rilevanti, provvederemo a segnalartele con una notifica pi\u00f9 visibile.<br \/>\n<br \/>\nUltimo aggiornamento: 22\/05\/2025<\/div><\/div><\/div><!-- .wpforms-field-container --><div class=\"wpforms-recaptcha-container wpforms-is-hcaptcha\" ><div class=\"h-captcha\" data-sitekey=\"4aab2cdb-d4ae-4345-ac10-cf7b2b48a2bc\"><\/div><input type=\"text\" name=\"g-recaptcha-hidden\" class=\"wpforms-recaptcha-hidden\" style=\"position:absolute!important;clip:rect(0,0,0,0)!important;height:1px!important;width:1px!important;border:0!important;overflow:hidden!important;padding:0!important;margin:0!important;\" data-rule-hcaptcha=\"1\"><\/div><div class=\"wpforms-submit-container\" ><input type=\"hidden\" name=\"wpforms[id]\" value=\"12208\"><input type=\"hidden\" name=\"page_title\" value=\"\"><input type=\"hidden\" name=\"page_url\" value=\"https:\/\/www.cortecanella.it\/en\/wp-json\/wp\/v2\/pages\/12815\"><input type=\"hidden\" name=\"url_referer\" value=\"\"><button type=\"submit\" name=\"wpforms[submit]\" id=\"wpforms-submit-12208\" class=\"wpforms-submit\" data-alt-text=\"Invio in corso...\" data-submit-text=\"Invia\" aria-live=\"assertive\" value=\"wpforms-submit\">Invia<\/button><img loading=\"lazy\" decoding=\"async\" src=\"https:\/\/www.cortecanella.it\/wp-content\/plugins\/wpforms-lite\/assets\/images\/submit-spin.svg\" class=\"wpforms-submit-spinner\" style=\"display: none;\" width=\"26\" height=\"26\" alt=\"Loading\"><\/div><\/form><\/div>  <!-- .wpforms-container -->\t\t\t\t<\/div>\n\t\t\t\t<\/div>\n\t\t\t\t\t<\/div>\n\t\t<\/div>\n\t\t\t\t<div class=\"elementor-column elementor-col-50 elementor-top-column elementor-element elementor-element-078ac71\" data-id=\"078ac71\" data-element_type=\"column\" data-e-type=\"column\">\n\t\t\t<div class=\"elementor-widget-wrap elementor-element-populated\">\n\t\t\t\t\t\t<div class=\"elementor-element elementor-element-53a915c elementor-widget elementor-widget-heading\" data-id=\"53a915c\" data-element_type=\"widget\" data-e-type=\"widget\" data-widget_type=\"heading.default\">\n\t\t\t\t<div class=\"elementor-widget-container\">\n\t\t\t\t\t<h4 class=\"elementor-heading-title elementor-size-default\">Contatti<\/h4>\t\t\t\t<\/div>\n\t\t\t\t<\/div>\n\t\t\t\t<div class=\"elementor-element elementor-element-01b4aaa elementor-widget elementor-widget-text-editor\" data-id=\"01b4aaa\" data-element_type=\"widget\" data-e-type=\"widget\" data-widget_type=\"text-editor.default\">\n\t\t\t\t<div class=\"elementor-widget-container\">\n\t\t\t\t\t\t\t\t\t<p>Via Canella 14, 37031 Illasi<br \/><strong>Telefono:<\/strong><br \/><a style=\"color: black;\" href=\"tel:+393479445573\">347.9445573<\/a> Gloria<br \/><strong>Email:\u00a0<\/strong><strong><a style=\"color: black;\" href=\"info@cortecanella.it\">info@cortecanella.it<\/a><\/strong><\/p>\t\t\t\t\t\t\t\t<\/div>\n\t\t\t\t<\/div>\n\t\t\t\t<div class=\"elementor-element elementor-element-20cb50e elementor-widget elementor-widget-google_maps\" data-id=\"20cb50e\" data-element_type=\"widget\" data-e-type=\"widget\" data-widget_type=\"google_maps.default\">\n\t\t\t\t<div class=\"elementor-widget-container\">\n\t\t\t\t\t\t\t<div class=\"elementor-custom-embed\">\n\t\t\t<iframe loading=\"lazy\"\n\t\t\t\t\tsrc=\"https:\/\/maps.google.com\/maps?q=Via%20Canella%2C%2014%2C%2037031%20Illasi%20VR&#038;t=m&#038;z=10&#038;output=embed&#038;iwloc=near\"\n\t\t\t\t\ttitle=\"Via Canella, 14, 37031 Illasi VR\"\n\t\t\t\t\taria-label=\"Via Canella, 14, 37031 Illasi VR\"\n\t\t\t><\/iframe>\n\t\t<\/div>\n\t\t\t\t\t\t<\/div>\n\t\t\t\t<\/div>\n\t\t\t\t\t<\/div>\n\t\t<\/div>\n\t\t\t\t\t<\/div>\n\t\t<\/section>\n\t\t\t\t<section class=\"elementor-section elementor-top-section elementor-element elementor-element-ec2ba59 elementor-section-full_width elementor-section-height-default elementor-section-height-default\" data-id=\"ec2ba59\" data-element_type=\"section\" data-e-type=\"section\">\n\t\t\t\t\t\t<div class=\"elementor-container elementor-column-gap-no\">\n\t\t\t\t\t<div class=\"elementor-column elementor-col-100 elementor-top-column elementor-element elementor-element-6633031\" data-id=\"6633031\" data-element_type=\"column\" data-e-type=\"column\">\n\t\t\t<div class=\"elementor-widget-wrap elementor-element-populated\">\n\t\t\t\t\t\t<div class=\"elementor-element elementor-element-ae78104 elementor-widget elementor-widget-text-editor\" data-id=\"ae78104\" data-element_type=\"widget\" data-e-type=\"widget\" data-widget_type=\"text-editor.default\">\n\t\t\t\t<div class=\"elementor-widget-container\">\n\t\t\t\t\t\t\t\t\tRichiedi una degustazione vini presso la nostra cantina:\n<strong><a style=\"color: #e38e00;\" href=\"https:\/\/www.cortecanella.it\/degustazione-vino-recioto\/\"><span style=\"text-decoration: underline;\">Regalati un momento unico<\/span><\/a><\/strong>\t\t\t\t\t\t\t\t<\/div>\n\t\t\t\t<\/div>\n\t\t\t\t\t<\/div>\n\t\t<\/div>\n\t\t\t\t\t<\/div>\n\t\t<\/section>\n\t\t\t\t<\/div>\n\t\t","protected":false},"excerpt":{"rendered":"<p>Recioto Della Valpolicella DOCG GRAPE MAKES IMPRESSIONS A wine with a sweet, mellow flavor, thanks to slow drying. CONCEPTS A wine for family gatherings, parties, and special occasions: it&#039;s the wine of our grandparents. Designed to never tire, it expresses a typically sweet nuance that makes it irresistible. CHARACTERISTICS Corvina, Corvinone, Rondinella, and Croatina For a drying of\u2026 <a class=\"more-link\" href=\"https:\/\/www.cortecanella.it\/en\/recioto-della-valpolicella-docg\/\">Continue reading <span class=\"screen-reader-text\">Recioto della Valpolicella DOCG VITEF\u00e0\u00a0<\/span><\/a><\/p>","protected":false},"author":2,"featured_media":0,"parent":0,"menu_order":0,"comment_status":"closed","ping_status":"closed","template":"","meta":{"rs_blank_template":"","rs_page_bg_color":"","slide_template_v7":"","footnotes":""},"class_list":["post-12815","page","type-page","status-publish","hentry","layout-1","product-add-to-cart-ajax"],"yoast_head":"<!-- This site is optimized with the Yoast SEO plugin v27.4 - https:\/\/yoast.com\/product\/yoast-seo-wordpress\/ -->\n<title>Recioto Della Valpolicella DOCG VITEF\u00e0\u00a0 - Corte Canella<\/title>\n<meta name=\"description\" content=\"Scopri il Recioto della Valpolicella DOCG. Perfetto con la biscotteria o dolci di pasta frolla. Ottimo abbinamento i formaggi stagionati.\" \/>\n<meta name=\"robots\" content=\"index, follow, max-snippet:-1, max-image-preview:large, max-video-preview:-1\" \/>\n<link rel=\"canonical\" href=\"https:\/\/www.cortecanella.it\/en\/recioto-della-valpolicella-docg\/\" \/>\n<meta property=\"og:locale\" content=\"en_GB\" \/>\n<meta property=\"og:type\" content=\"article\" \/>\n<meta property=\"og:title\" content=\"Recioto Della Valpolicella DOCG VITEF\u00e0\u00a0 - Corte Canella\" \/>\n<meta property=\"og:description\" content=\"Scopri il Recioto della Valpolicella DOCG. Perfetto con la biscotteria o dolci di pasta frolla. Ottimo abbinamento i formaggi stagionati.\" \/>\n<meta property=\"og:url\" content=\"https:\/\/www.cortecanella.it\/en\/recioto-della-valpolicella-docg\/\" \/>\n<meta property=\"og:site_name\" content=\"Corte Canella\" \/>\n<meta property=\"article:publisher\" content=\"https:\/\/www.facebook.com\/Corte-Canella-107518545980923\/\" \/>\n<meta property=\"article:modified_time\" content=\"2026-03-16T13:59:55+00:00\" \/>\n<meta property=\"og:image\" content=\"https:\/\/www.cortecanella.it\/wp-content\/uploads\/2024\/12\/RECIOTO-ViteFa-CorteCanella-2024.jpg\" \/>\n\t<meta property=\"og:image:width\" content=\"232\" \/>\n\t<meta property=\"og:image:height\" content=\"962\" \/>\n\t<meta property=\"og:image:type\" content=\"image\/jpeg\" \/>\n<meta name=\"twitter:card\" content=\"summary_large_image\" \/>\n<meta name=\"twitter:label1\" content=\"Estimated reading time\" \/>\n\t<meta name=\"twitter:data1\" content=\"12 minutes\" \/>\n<script type=\"application\/ld+json\" class=\"yoast-schema-graph\">{\"@context\":\"https:\\\/\\\/schema.org\",\"@graph\":[{\"@type\":\"WebPage\",\"@id\":\"https:\\\/\\\/www.cortecanella.it\\\/recioto-della-valpolicella-docg\\\/\",\"url\":\"https:\\\/\\\/www.cortecanella.it\\\/recioto-della-valpolicella-docg\\\/\",\"name\":\"Recioto Della Valpolicella DOCG VITEF\u00e0\u00a0 - Corte Canella\",\"isPartOf\":{\"@id\":\"https:\\\/\\\/www.cortecanella.it\\\/#website\"},\"primaryImageOfPage\":{\"@id\":\"https:\\\/\\\/www.cortecanella.it\\\/recioto-della-valpolicella-docg\\\/#primaryimage\"},\"image\":{\"@id\":\"https:\\\/\\\/www.cortecanella.it\\\/recioto-della-valpolicella-docg\\\/#primaryimage\"},\"thumbnailUrl\":\"https:\\\/\\\/www.cortecanella.it\\\/wp-content\\\/uploads\\\/2024\\\/12\\\/RECIOTO-ViteFa-CorteCanella-2024.jpg\",\"datePublished\":\"2022-09-13T14:20:13+00:00\",\"dateModified\":\"2026-03-16T13:59:55+00:00\",\"description\":\"Scopri il Recioto della Valpolicella DOCG. Perfetto con la biscotteria o dolci di pasta frolla. Ottimo abbinamento i formaggi stagionati.\",\"breadcrumb\":{\"@id\":\"https:\\\/\\\/www.cortecanella.it\\\/recioto-della-valpolicella-docg\\\/#breadcrumb\"},\"inLanguage\":\"en-GB\",\"potentialAction\":[{\"@type\":\"ReadAction\",\"target\":[\"https:\\\/\\\/www.cortecanella.it\\\/recioto-della-valpolicella-docg\\\/\"]}]},{\"@type\":\"ImageObject\",\"inLanguage\":\"en-GB\",\"@id\":\"https:\\\/\\\/www.cortecanella.it\\\/recioto-della-valpolicella-docg\\\/#primaryimage\",\"url\":\"https:\\\/\\\/www.cortecanella.it\\\/wp-content\\\/uploads\\\/2024\\\/12\\\/RECIOTO-ViteFa-CorteCanella-2024.jpg\",\"contentUrl\":\"https:\\\/\\\/www.cortecanella.it\\\/wp-content\\\/uploads\\\/2024\\\/12\\\/RECIOTO-ViteFa-CorteCanella-2024.jpg\"},{\"@type\":\"BreadcrumbList\",\"@id\":\"https:\\\/\\\/www.cortecanella.it\\\/recioto-della-valpolicella-docg\\\/#breadcrumb\",\"itemListElement\":[{\"@type\":\"ListItem\",\"position\":1,\"name\":\"Home\",\"item\":\"https:\\\/\\\/www.cortecanella.it\\\/\"},{\"@type\":\"ListItem\",\"position\":2,\"name\":\"Recioto Della Valpolicella DOCG VITEF\u00e0\u00a0\"}]},{\"@type\":\"WebSite\",\"@id\":\"https:\\\/\\\/www.cortecanella.it\\\/#website\",\"url\":\"https:\\\/\\\/www.cortecanella.it\\\/\",\"name\":\"Corte Canella\",\"description\":\"Cantina a Illasi VR\",\"publisher\":{\"@id\":\"https:\\\/\\\/www.cortecanella.it\\\/#organization\"},\"potentialAction\":[{\"@type\":\"SearchAction\",\"target\":{\"@type\":\"EntryPoint\",\"urlTemplate\":\"https:\\\/\\\/www.cortecanella.it\\\/?s={search_term_string}\"},\"query-input\":{\"@type\":\"PropertyValueSpecification\",\"valueRequired\":true,\"valueName\":\"search_term_string\"}}],\"inLanguage\":\"en-GB\"},{\"@type\":\"Organization\",\"@id\":\"https:\\\/\\\/www.cortecanella.it\\\/#organization\",\"name\":\"Corte Canella\",\"url\":\"https:\\\/\\\/www.cortecanella.it\\\/\",\"logo\":{\"@type\":\"ImageObject\",\"inLanguage\":\"en-GB\",\"@id\":\"https:\\\/\\\/www.cortecanella.it\\\/#\\\/schema\\\/logo\\\/image\\\/\",\"url\":\"https:\\\/\\\/www.cortecanella.it\\\/wp-content\\\/uploads\\\/2022\\\/10\\\/cortecan.png\",\"contentUrl\":\"https:\\\/\\\/www.cortecanella.it\\\/wp-content\\\/uploads\\\/2022\\\/10\\\/cortecan.png\",\"width\":310,\"height\":310,\"caption\":\"Corte Canella\"},\"image\":{\"@id\":\"https:\\\/\\\/www.cortecanella.it\\\/#\\\/schema\\\/logo\\\/image\\\/\"},\"sameAs\":[\"https:\\\/\\\/www.facebook.com\\\/Corte-Canella-107518545980923\\\/\"]}]}<\/script>\n<!-- \/ Yoast SEO plugin. -->","yoast_head_json":{"title":"Recioto Della Valpolicella DOCG VITEF\u00e0 - Corte Canella","description":"Discover the Recioto della Valpolicella DOCG. Perfect with biscuits or shortcrust pastry desserts. Excellent pairing with aged cheeses.","robots":{"index":"index","follow":"follow","max-snippet":"max-snippet:-1","max-image-preview":"max-image-preview:large","max-video-preview":"max-video-preview:-1"},"canonical":"https:\/\/www.cortecanella.it\/en\/recioto-della-valpolicella-docg\/","og_locale":"en_GB","og_type":"article","og_title":"Recioto Della Valpolicella DOCG VITEF\u00e0\u00a0 - Corte Canella","og_description":"Scopri il Recioto della Valpolicella DOCG. Perfetto con la biscotteria o dolci di pasta frolla. Ottimo abbinamento i formaggi stagionati.","og_url":"https:\/\/www.cortecanella.it\/en\/recioto-della-valpolicella-docg\/","og_site_name":"Corte Canella","article_publisher":"https:\/\/www.facebook.com\/Corte-Canella-107518545980923\/","article_modified_time":"2026-03-16T13:59:55+00:00","og_image":[{"width":232,"height":962,"url":"https:\/\/www.cortecanella.it\/wp-content\/uploads\/2024\/12\/RECIOTO-ViteFa-CorteCanella-2024.jpg","type":"image\/jpeg"}],"twitter_card":"summary_large_image","twitter_misc":{"Estimated reading time":"12 minutes"},"schema":{"@context":"https:\/\/schema.org","@graph":[{"@type":"WebPage","@id":"https:\/\/www.cortecanella.it\/recioto-della-valpolicella-docg\/","url":"https:\/\/www.cortecanella.it\/recioto-della-valpolicella-docg\/","name":"Recioto Della Valpolicella DOCG VITEF\u00e0 - Corte Canella","isPartOf":{"@id":"https:\/\/www.cortecanella.it\/#website"},"primaryImageOfPage":{"@id":"https:\/\/www.cortecanella.it\/recioto-della-valpolicella-docg\/#primaryimage"},"image":{"@id":"https:\/\/www.cortecanella.it\/recioto-della-valpolicella-docg\/#primaryimage"},"thumbnailUrl":"https:\/\/www.cortecanella.it\/wp-content\/uploads\/2024\/12\/RECIOTO-ViteFa-CorteCanella-2024.jpg","datePublished":"2022-09-13T14:20:13+00:00","dateModified":"2026-03-16T13:59:55+00:00","description":"Discover the Recioto della Valpolicella DOCG. Perfect with biscuits or shortcrust pastry desserts. Excellent pairing with aged cheeses.","breadcrumb":{"@id":"https:\/\/www.cortecanella.it\/recioto-della-valpolicella-docg\/#breadcrumb"},"inLanguage":"en-GB","potentialAction":[{"@type":"ReadAction","target":["https:\/\/www.cortecanella.it\/recioto-della-valpolicella-docg\/"]}]},{"@type":"ImageObject","inLanguage":"en-GB","@id":"https:\/\/www.cortecanella.it\/recioto-della-valpolicella-docg\/#primaryimage","url":"https:\/\/www.cortecanella.it\/wp-content\/uploads\/2024\/12\/RECIOTO-ViteFa-CorteCanella-2024.jpg","contentUrl":"https:\/\/www.cortecanella.it\/wp-content\/uploads\/2024\/12\/RECIOTO-ViteFa-CorteCanella-2024.jpg"},{"@type":"BreadcrumbList","@id":"https:\/\/www.cortecanella.it\/recioto-della-valpolicella-docg\/#breadcrumb","itemListElement":[{"@type":"ListItem","position":1,"name":"Home","item":"https:\/\/www.cortecanella.it\/"},{"@type":"ListItem","position":2,"name":"Recioto Della Valpolicella DOCG VITEF\u00e0\u00a0"}]},{"@type":"WebSite","@id":"https:\/\/www.cortecanella.it\/#website","url":"https:\/\/www.cortecanella.it\/","name":"Canella Court","description":"Cellar in Illasi VR","publisher":{"@id":"https:\/\/www.cortecanella.it\/#organization"},"potentialAction":[{"@type":"SearchAction","target":{"@type":"EntryPoint","urlTemplate":"https:\/\/www.cortecanella.it\/?s={search_term_string}"},"query-input":{"@type":"PropertyValueSpecification","valueRequired":true,"valueName":"search_term_string"}}],"inLanguage":"en-GB"},{"@type":"Organization","@id":"https:\/\/www.cortecanella.it\/#organization","name":"Canella Court","url":"https:\/\/www.cortecanella.it\/","logo":{"@type":"ImageObject","inLanguage":"en-GB","@id":"https:\/\/www.cortecanella.it\/#\/schema\/logo\/image\/","url":"https:\/\/www.cortecanella.it\/wp-content\/uploads\/2022\/10\/cortecan.png","contentUrl":"https:\/\/www.cortecanella.it\/wp-content\/uploads\/2022\/10\/cortecan.png","width":310,"height":310,"caption":"Corte Canella"},"image":{"@id":"https:\/\/www.cortecanella.it\/#\/schema\/logo\/image\/"},"sameAs":["https:\/\/www.facebook.com\/Corte-Canella-107518545980923\/"]}]}},"_links":{"self":[{"href":"https:\/\/www.cortecanella.it\/en\/wp-json\/wp\/v2\/pages\/12815","targetHints":{"allow":["GET"]}}],"collection":[{"href":"https:\/\/www.cortecanella.it\/en\/wp-json\/wp\/v2\/pages"}],"about":[{"href":"https:\/\/www.cortecanella.it\/en\/wp-json\/wp\/v2\/types\/page"}],"author":[{"embeddable":true,"href":"https:\/\/www.cortecanella.it\/en\/wp-json\/wp\/v2\/users\/2"}],"replies":[{"embeddable":true,"href":"https:\/\/www.cortecanella.it\/en\/wp-json\/wp\/v2\/comments?post=12815"}],"version-history":[{"count":106,"href":"https:\/\/www.cortecanella.it\/en\/wp-json\/wp\/v2\/pages\/12815\/revisions"}],"predecessor-version":[{"id":14766,"href":"https:\/\/www.cortecanella.it\/en\/wp-json\/wp\/v2\/pages\/12815\/revisions\/14766"}],"wp:attachment":[{"href":"https:\/\/www.cortecanella.it\/en\/wp-json\/wp\/v2\/media?parent=12815"}],"curies":[{"name":"wp","href":"https:\/\/api.w.org\/{rel}","templated":true}]}}